{"id":4541,"date":"2020-07-15T02:53:51","date_gmt":"2020-07-15T02:53:51","guid":{"rendered":"http:\/\/organisation212.com\/bs-front-end\/"},"modified":"2024-10-29T14:29:55","modified_gmt":"2024-10-29T14:29:55","slug":"homme","status":"publish","type":"page","link":"https:\/\/asdaamaghribia.ma\/fr\/","title":{"rendered":"Page Principale"},"content":{"rendered":"<p>[vc_row][vc_column width=\u00a0\u00bb1\/4&Prime; sticky_sidebar=\u00a0\u00bbtrue\u00a0\u00bb is_sidebar=\u00a0\u00bbtrue\u00a0\u00bb]<div id=\"\" class=\" bs-listing bs-listing-listing-thumbnail-2 bs-listing-single-tab\">\t\t<h3 class=\"section-heading sh-t4 sh-s6 main-term-7\">\n\n\t\t\n\t\t\t\t\t\t\t<a href=\"https:\/\/asdaamaghribia.ma\/fr\/category\/asdae-tv\/\" class=\"main-link\">\n\t\t\t\t\t\t\t<span class=\"h-text main-term-7\">\n\t\t\t\t\t\t\t\t<i class=\"bf-icon bf-custom-icon bf-custom-icon-url\"><img decoding=\"async\" src=\"http:\/\/asdaemaghribia.ma\/wp-content\/uploads\/2022\/10\/Untitled-22.jpg\"><\/i> Asdae TV\t\t\t\t\t\t\t<\/span>\n\t\t\t\t<\/a>\n\t\t\t\n\t\t\n\t\t<\/h3>\n\t\t\t<div class=\"listing listing-thumbnail listing-tb-2 clearfix scolumns-1 bsw-8 \">\n\t<article  class=\"post-12027 type-post format-standard has-post-thumbnail   listing-item listing-item-thumbnail listing-item-tb-2 main-term-17\">\n<div class=\"item-inner clearfix\">\n\t\t\t<div class=\"featured featured-type-featured-image\">\n\t\t\t\t\t\t<a  title=\"Rencontre de fid\u00e9lit\u00e9\u2026 Mustapha Belktibia et Hassan Alaoui Directeur de Maroc Diplomatique, une image qui incarne la m\u00e9moire du journalisme marocain\" data-src=\"https:\/\/asdaamaghribia.ma\/fr\/wp-content\/uploads\/2026\/04\/\u062d\u0633\u0646-\u0627\u0644\u0639\u0644\u0648\u064a-\u0648-\u0627\u0644\u0645\u0635\u0637\u0641\u0649-\u0628\u0644\u0642\u0637\u064a\u0628\u064a\u0629-210x136.jpeg\" data-bs-srcset=\"{&quot;baseurl&quot;:&quot;https:\\\/\\\/asdaamaghribia.ma\\\/fr\\\/wp-content\\\/uploads\\\/2026\\\/04\\\/&quot;,&quot;sizes&quot;:{&quot;86&quot;:&quot;\\u062d\\u0633\\u0646-\\u0627\\u0644\\u0639\\u0644\\u0648\\u064a-\\u0648-\\u0627\\u0644\\u0645\\u0635\\u0637\\u0641\\u0649-\\u0628\\u0644\\u0642\\u0637\\u064a\\u0628\\u064a\\u0629-86x64.jpeg&quot;,&quot;210&quot;:&quot;\\u062d\\u0633\\u0646-\\u0627\\u0644\\u0639\\u0644\\u0648\\u064a-\\u0648-\\u0627\\u0644\\u0645\\u0635\\u0637\\u0641\\u0649-\\u0628\\u0644\\u0642\\u0637\\u064a\\u0628\\u064a\\u0629-210x136.jpeg&quot;,&quot;279&quot;:&quot;\\u062d\\u0633\\u0646-\\u0627\\u0644\\u0639\\u0644\\u0648\\u064a-\\u0648-\\u0627\\u0644\\u0645\\u0635\\u0637\\u0641\\u0649-\\u0628\\u0644\\u0642\\u0637\\u064a\\u0628\\u064a\\u0629-279x220.jpeg&quot;,&quot;357&quot;:&quot;\\u062d\\u0633\\u0646-\\u0627\\u0644\\u0639\\u0644\\u0648\\u064a-\\u0648-\\u0627\\u0644\\u0645\\u0635\\u0637\\u0641\\u0649-\\u0628\\u0644\\u0642\\u0637\\u064a\\u0628\\u064a\\u0629-357x210.jpeg&quot;,&quot;750&quot;:&quot;\\u062d\\u0633\\u0646-\\u0627\\u0644\\u0639\\u0644\\u0648\\u064a-\\u0648-\\u0627\\u0644\\u0645\\u0635\\u0637\\u0641\\u0649-\\u0628\\u0644\\u0642\\u0637\\u064a\\u0628\\u064a\\u0629-750x430.jpeg&quot;,&quot;960&quot;:&quot;\\u062d\\u0633\\u0646-\\u0627\\u0644\\u0639\\u0644\\u0648\\u064a-\\u0648-\\u0627\\u0644\\u0645\\u0635\\u0637\\u0641\\u0649-\\u0628\\u0644\\u0642\\u0637\\u064a\\u0628\\u064a\\u0629.jpeg&quot;}}\"\t\t\t\t\tclass=\"img-holder\" href=\"https:\/\/asdaamaghribia.ma\/fr\/actualites\/12027\/\"><\/a>\n\t\t\t\t\t<\/div>\n\t<h2 class=\"title\">\t<a class=\"post-url\" href=\"https:\/\/asdaamaghribia.ma\/fr\/actualites\/12027\/\" title=\"Rencontre de fid\u00e9lit\u00e9\u2026 Mustapha Belktibia et Hassan Alaoui Directeur de Maroc Diplomatique, une image qui incarne la m\u00e9moire du journalisme marocain\">\n\t\t\t<span class=\"post-title\">\n\t\t\t\tRencontre de fid\u00e9lit\u00e9\u2026 Mustapha Belktibia et&hellip;\t\t\t<\/span>\n\t<\/a>\n\t<\/h2><\/div>\n<\/article >\n<article  class=\"post-12014 type-post format-standard has-post-thumbnail   listing-item listing-item-thumbnail listing-item-tb-2 main-term-17\">\n<div class=\"item-inner clearfix\">\n\t\t\t<div class=\"featured featured-type-featured-image\">\n\t\t\t\t\t\t<a  title=\"La Tour Mohammed VI : \u00c9clat d\u2019ing\u00e9nierie et vision royale\u202f\" data-src=\"https:\/\/asdaamaghribia.ma\/fr\/wp-content\/uploads\/2026\/04\/images-1-194x136.jpeg\" data-bs-srcset=\"{&quot;baseurl&quot;:&quot;https:\\\/\\\/asdaamaghribia.ma\\\/fr\\\/wp-content\\\/uploads\\\/2026\\\/04\\\/&quot;,&quot;sizes&quot;:{&quot;86&quot;:&quot;images-1-86x64.jpeg&quot;,&quot;194&quot;:&quot;images-1.jpeg&quot;}}\"\t\t\t\t\tclass=\"img-holder\" href=\"https:\/\/asdaamaghribia.ma\/fr\/a-vos-marques\/12014\/\"><\/a>\n\t\t\t\t\t<\/div>\n\t<h2 class=\"title\">\t<a class=\"post-url\" href=\"https:\/\/asdaamaghribia.ma\/fr\/a-vos-marques\/12014\/\" title=\"La Tour Mohammed VI : \u00c9clat d\u2019ing\u00e9nierie et vision royale\u202f\">\n\t\t\t<span class=\"post-title\">\n\t\t\t\tLa Tour Mohammed VI : \u00c9clat d\u2019ing\u00e9nierie et vision&hellip;\t\t\t<\/span>\n\t<\/a>\n\t<\/h2><\/div>\n<\/article >\n<article  class=\"post-12005 type-post format-standard has-post-thumbnail   listing-item listing-item-thumbnail listing-item-tb-2 main-term-17\">\n<div class=\"item-inner clearfix\">\n\t\t\t<div class=\"featured featured-type-featured-image\">\n\t\t\t\t\t\t<a  title=\"Al Mada redessine le centre de Casablanca avec des projets culturels et h\u00f4teliers\" data-src=\"https:\/\/asdaamaghribia.ma\/fr\/wp-content\/uploads\/2026\/03\/03_0-210x136.webp\" data-bs-srcset=\"{&quot;baseurl&quot;:&quot;https:\\\/\\\/asdaamaghribia.ma\\\/fr\\\/wp-content\\\/uploads\\\/2026\\\/03\\\/&quot;,&quot;sizes&quot;:{&quot;86&quot;:&quot;03_0-86x64.webp&quot;,&quot;210&quot;:&quot;03_0-210x136.webp&quot;,&quot;279&quot;:&quot;03_0-279x220.webp&quot;,&quot;357&quot;:&quot;03_0-357x210.webp&quot;,&quot;680&quot;:&quot;03_0.webp&quot;}}\"\t\t\t\t\tclass=\"img-holder\" href=\"https:\/\/asdaamaghribia.ma\/fr\/economie\/12005\/\"><\/a>\n\t\t\t\t\t<\/div>\n\t<h2 class=\"title\">\t<a class=\"post-url\" href=\"https:\/\/asdaamaghribia.ma\/fr\/economie\/12005\/\" title=\"Al Mada redessine le centre de Casablanca avec des projets culturels et h\u00f4teliers\">\n\t\t\t<span class=\"post-title\">\n\t\t\t\tAl Mada redessine le centre de Casablanca avec des&hellip;\t\t\t<\/span>\n\t<\/a>\n\t<\/h2><\/div>\n<\/article >\n<article  class=\"post-11978 type-post format-standard has-post-thumbnail   listing-item listing-item-thumbnail listing-item-tb-2 main-term-17\">\n<div class=\"item-inner clearfix\">\n\t\t\t<div class=\"featured featured-type-featured-image\">\n\t\t\t\t\t\t<a  title=\"A\u00efd Al-Fitr: Lundi 23 mars, jour de cong\u00e9 exceptionnel dans les administrations publiques et les collectivit\u00e9s territoriales (Communiqu\u00e9)\" data-src=\"https:\/\/asdaamaghribia.ma\/fr\/wp-content\/uploads\/2026\/03\/Ramada-210x136.webp\" data-bs-srcset=\"{&quot;baseurl&quot;:&quot;https:\\\/\\\/asdaamaghribia.ma\\\/fr\\\/wp-content\\\/uploads\\\/2026\\\/03\\\/&quot;,&quot;sizes&quot;:{&quot;86&quot;:&quot;Ramada-86x64.webp&quot;,&quot;210&quot;:&quot;Ramada-210x136.webp&quot;,&quot;279&quot;:&quot;Ramada-279x220.webp&quot;,&quot;357&quot;:&quot;Ramada-357x210.webp&quot;,&quot;750&quot;:&quot;Ramada-750x430.webp&quot;,&quot;2048&quot;:&quot;Ramada.webp&quot;}}\"\t\t\t\t\tclass=\"img-holder\" href=\"https:\/\/asdaamaghribia.ma\/fr\/actualites\/11978\/\"><\/a>\n\t\t\t\t\t<\/div>\n\t<h2 class=\"title\">\t<a class=\"post-url\" href=\"https:\/\/asdaamaghribia.ma\/fr\/actualites\/11978\/\" title=\"A\u00efd Al-Fitr: Lundi 23 mars, jour de cong\u00e9 exceptionnel dans les administrations publiques et les collectivit\u00e9s territoriales (Communiqu\u00e9)\">\n\t\t\t<span class=\"post-title\">\n\t\t\t\tA\u00efd Al-Fitr: Lundi 23 mars, jour de cong\u00e9&hellip;\t\t\t<\/span>\n\t<\/a>\n\t<\/h2><\/div>\n<\/article >\n<article  class=\"post-11975 type-post format-standard has-post-thumbnail   listing-item listing-item-thumbnail listing-item-tb-2 main-term-17\">\n<div class=\"item-inner clearfix\">\n\t\t\t<div class=\"featured featured-type-featured-image\">\n\t\t\t\t\t\t<a  title=\"Les pays du Golfe expriment leur gratitude \u00e0 Sa Majest\u00e9 le Roi Mohammed VI pour Ses positions de soutien et Sa solidarit\u00e9 claire face \u00e0 l\u2019agression iranienne\" data-src=\"https:\/\/asdaamaghribia.ma\/fr\/wp-content\/uploads\/2026\/03\/GCC-Morocco-01-210x136.png\" data-bs-srcset=\"{&quot;baseurl&quot;:&quot;https:\\\/\\\/asdaamaghribia.ma\\\/fr\\\/wp-content\\\/uploads\\\/2026\\\/03\\\/&quot;,&quot;sizes&quot;:{&quot;86&quot;:&quot;GCC-Morocco-01-86x64.png&quot;,&quot;210&quot;:&quot;GCC-Morocco-01-210x136.png&quot;,&quot;279&quot;:&quot;GCC-Morocco-01-279x220.png&quot;,&quot;357&quot;:&quot;GCC-Morocco-01-357x210.png&quot;,&quot;450&quot;:&quot;GCC-Morocco-01.png&quot;}}\"\t\t\t\t\tclass=\"img-holder\" href=\"https:\/\/asdaamaghribia.ma\/fr\/politique\/11975\/\"><\/a>\n\t\t\t\t\t<\/div>\n\t<h2 class=\"title\">\t<a class=\"post-url\" href=\"https:\/\/asdaamaghribia.ma\/fr\/politique\/11975\/\" title=\"Les pays du Golfe expriment leur gratitude \u00e0 Sa Majest\u00e9 le Roi Mohammed VI pour Ses positions de soutien et Sa solidarit\u00e9 claire face \u00e0 l\u2019agression iranienne\">\n\t\t\t<span class=\"post-title\">\n\t\t\t\tLes pays du Golfe expriment leur gratitude \u00e0 Sa&hellip;\t\t\t<\/span>\n\t<\/a>\n\t<\/h2><\/div>\n<\/article >\n<article  class=\"post-11972 type-post format-standard has-post-thumbnail   listing-item listing-item-thumbnail listing-item-tb-2 main-term-17\">\n<div class=\"item-inner clearfix\">\n\t\t\t<div class=\"featured featured-type-featured-image\">\n\t\t\t\t\t\t<a  title=\"Gen\u00e8ve : Les man\u0153uvres du Polisario face \u00e0 la nouvelle r\u00e9alit\u00e9 diplomatique du Maroc\" data-src=\"https:\/\/asdaamaghribia.ma\/fr\/wp-content\/uploads\/2026\/03\/\u062d\u0646\u064a\u0641-210x136.jpeg\" data-bs-srcset=\"{&quot;baseurl&quot;:&quot;https:\\\/\\\/asdaamaghribia.ma\\\/fr\\\/wp-content\\\/uploads\\\/2026\\\/03\\\/&quot;,&quot;sizes&quot;:{&quot;86&quot;:&quot;\\u062d\\u0646\\u064a\\u0641-86x64.jpeg&quot;,&quot;210&quot;:&quot;\\u062d\\u0646\\u064a\\u0641-210x136.jpeg&quot;,&quot;279&quot;:&quot;\\u062d\\u0646\\u064a\\u0641-279x220.jpeg&quot;,&quot;357&quot;:&quot;\\u062d\\u0646\\u064a\\u0641-357x210.jpeg&quot;,&quot;689&quot;:&quot;\\u062d\\u0646\\u064a\\u0641.jpeg&quot;}}\"\t\t\t\t\tclass=\"img-holder\" href=\"https:\/\/asdaamaghribia.ma\/fr\/politique\/11972\/\"><\/a>\n\t\t\t\t\t<\/div>\n\t<h2 class=\"title\">\t<a class=\"post-url\" href=\"https:\/\/asdaamaghribia.ma\/fr\/politique\/11972\/\" title=\"Gen\u00e8ve : Les man\u0153uvres du Polisario face \u00e0 la nouvelle r\u00e9alit\u00e9 diplomatique du Maroc\">\n\t\t\t<span class=\"post-title\">\n\t\t\t\tGen\u00e8ve : Les man\u0153uvres du Polisario face \u00e0 la&hellip;\t\t\t<\/span>\n\t<\/a>\n\t<\/h2><\/div>\n<\/article >\n\t<\/div>\n\t<\/div>[\/vc_column][vc_column width=\u00a0\u00bb3\/4&Prime;]\t<div id=\"newsticker-1944376219\" class=\"better-newsticker  bscb-19051 vc_custom_1702141657564 bsb-have-heading-color have_bg\"\n\t     data-speed=\"5000\">\n\t\t<p class=\"heading \">En bref<\/p>\n\t\t<ul class=\"news-list\">\n\t\t\t\t\t\t\t\t<li><a class=\"limit-line\" href=\"https:\/\/asdaamaghribia.ma\/fr\/editorial\/12045\/\">Le Sahara marocain, c\u0153ur battant du Royaume<\/a><\/li>\n\t\t\t\t\t\t\t\t\t\t<li><a class=\"limit-line\" href=\"https:\/\/asdaamaghribia.ma\/fr\/politique\/12042\/\">Sahara marocain : La Suisse consid\u00e8re l\u2019initiative d\u2019autonomie sous souverainet\u00e9 marocaine comme base la plus s\u00e9rieuse<\/a><\/li>\n\t\t\t\t\t\t\t\t\t\t<li><a class=\"limit-line\" href=\"https:\/\/asdaamaghribia.ma\/fr\/uncategorized\/12039\/\">SIAM 2026 : l&rsquo;INRA met en avant les derni\u00e8res recherches en mati\u00e8re de gestion de la raret\u00e9 de l&rsquo;eau dans le secteur agricole<\/a><\/li>\n\t\t\t\t\t\t\t\t\t\t<li><a class=\"limit-line\" href=\"https:\/\/asdaamaghribia.ma\/fr\/monde\/12036\/\">Trois tentatives d\u2019assassinat : Trump face \u00e0 l\u2019ombre du chaos<\/a><\/li>\n\t\t\t\t\t\t\t\t\t\t<li><a class=\"limit-line\" href=\"https:\/\/asdaamaghribia.ma\/fr\/monde\/12030\/\">Nuit de panique \u00e0 Washington : le paradoxe d\u2019un loup solitaire<\/a><\/li>\n\t\t\t\t\t\t\t\t\t\t<li><a class=\"limit-line\" href=\"https:\/\/asdaamaghribia.ma\/fr\/actualites\/12027\/\">Rencontre de fid\u00e9lit\u00e9\u2026 Mustapha Belktibia et Hassan Alaoui Directeur de Maroc Diplomatique, une image qui incarne la m\u00e9moire du journalisme marocain<\/a><\/li>\n\t\t\t\t\t\t\t\t\t\t<li><a class=\"limit-line\" href=\"https:\/\/asdaamaghribia.ma\/fr\/actualites\/12021\/\">Un \u00e9crin de culture inaugur\u00e9 \u00e0 Rabat par Leurs Altesses Royales et Mme Brigitte Macron\u202f<\/a><\/li>\n\t\t\t\t\t\t\t\t\t\t<li><a class=\"limit-line\" href=\"https:\/\/asdaamaghribia.ma\/fr\/economie\/12017\/\">SAR le Prince Moulay Rachid inaugure la 18\u1d49 \u00e9dition du SIAM \u00e0 Mekn\u00e8s\u202f<\/a><\/li>\n\t\t\t\t\t\t\t\t\t\t<li><a class=\"limit-line\" href=\"https:\/\/asdaamaghribia.ma\/fr\/a-vos-marques\/12014\/\">La Tour Mohammed VI : \u00c9clat d\u2019ing\u00e9nierie et vision royale\u202f<\/a><\/li>\n\t\t\t\t\t\t\t\t\t\t<li><a class=\"limit-line\" href=\"https:\/\/asdaamaghribia.ma\/fr\/actualites\/12010\/\">Hassan  Alaoui : Une Plume d&rsquo;Or au Service du Journalisme Marocain<\/a><\/li>\n\t\t\t\t\t\t\t\t\t\t<li><a class=\"limit-line\" href=\"https:\/\/asdaamaghribia.ma\/fr\/economie\/12005\/\">Al Mada redessine le centre de Casablanca avec des projets culturels et h\u00f4teliers<\/a><\/li>\n\t\t\t\t\t\t\t\t\t\t<li><a class=\"limit-line\" href=\"https:\/\/asdaamaghribia.ma\/fr\/mre\/11997\/\">Les Nouveaux Visages De La Diaspora Marocaine : Saad Amrani .. L\u2019Excellence de l&rsquo;Expertise au Sommet de la Police F\u00e9d\u00e9rale Belge<\/a><\/li>\n\t\t\t\t\t\t\t\t\t\t<li><a class=\"limit-line\" href=\"https:\/\/asdaamaghribia.ma\/fr\/mre\/11981\/\">Les Nouveaux Visages De La Diaspora Marocaine : Le Parcours Exceptionnel De L\u2019expert International SEM Lahoucine Goghrod<\/a><\/li>\n\t\t\t\t\t\t\t\t\t\t<li><a class=\"limit-line\" href=\"https:\/\/asdaamaghribia.ma\/fr\/actualites\/11978\/\">A\u00efd Al-Fitr: Lundi 23 mars, jour de cong\u00e9 exceptionnel dans les administrations publiques et les collectivit\u00e9s territoriales (Communiqu\u00e9)<\/a><\/li>\n\t\t\t\t\t\t\t\t\t\t<li><a class=\"limit-line\" href=\"https:\/\/asdaamaghribia.ma\/fr\/politique\/11975\/\">Les pays du Golfe expriment leur gratitude \u00e0 Sa Majest\u00e9 le Roi Mohammed VI pour Ses positions de soutien et Sa solidarit\u00e9 claire face \u00e0 l\u2019agression iranienne<\/a><\/li>\n\t\t\t\t\t\t\t<\/ul>\n\t<\/div>\n<div id=\"\" class=\" bs-listing bs-listing-slider-1 bs-listing-single-tab\">\t<div class=\"bs-shortcode bs-slider bs-slider-1 clearfix  l-1\">\n\n\t\t<div class=\"better-slider\" id=\"slider-1710965220\"\n\t\t     data-slideshowSpeed=\"10000\"\n\t\t     data-animation=\"fade\"\n\t\t     data-controlNav=\"1\"\n\t\t     data-animationSpeed=\"900\">\n\t\t\t<ul class=\"slides\">\n\t\t\t\t\t\t\t\t\t<li class=\"slide bs-slider-item bs-slider-1-item main-term-12 has-post-thumbnail\">\n\t\t\t\t\t\t<div class=\"item-content\">\n\n\t\t\t\t\t\t\t<a class=\"img-cont\" href=\"https:\/\/asdaamaghribia.ma\/fr\/politique\/12042\/\"\n\t\t\t\t\t\t\t   style=\"background-image: url('https:\/\/asdaamaghribia.ma\/fr\/wp-content\/uploads\/2026\/04\/map.jpg')\"><\/a>\n\t\t\t\t\t\t\t<div class=\"term-badges floated\"><span class=\"term-badge term-12\"><a href=\"https:\/\/asdaamaghribia.ma\/fr\/category\/la-une\/\">La Une<\/a><\/span><\/div>\t\t\t\t\t\t\t<div class=\"content-container\">\n\t\t\t\t\t\t\t\t<h3 class=\"title\">\t\t\t\t\t\t\t\t<a class=\"post-url post-title\" href=\"https:\/\/asdaamaghribia.ma\/fr\/politique\/12042\/\">\n\t\t\t\t\t\t\t\t\tSahara marocain : La Suisse consid\u00e8re l\u2019initiative d\u2019autonomie sous souverainet\u00e9&hellip;\t\t\t\t\t\t\t\t<\/a>\n\t\t\t\t\t\t\t\t<\/h3>\t\t<div class=\"post-meta\">\n\n\t\t\t\t\t\t\t<a href=\"https:\/\/asdaamaghribia.ma\/fr\/author\/admin\/\"\n\t\t\t\t   title=\"Parcourir les articles Auteur\"\n\t\t\t\t   class=\"post-author-a\">\n\t\t\t\t\t<i class=\"post-author author\">\n\t\t\t\t\t\tadmin\t\t\t\t\t<\/i>\n\t\t\t\t<\/a>\n\t\t\t\t\t\t\t<span class=\"time\"><time class=\"post-published updated\"\n\t\t\t\t                         datetime=\"2026-04-26T18:31:20+00:00\">Avr 26, 2026<\/time><\/span>\n\t\t\t\t<a href=\"https:\/\/asdaamaghribia.ma\/fr\/politique\/12042\/#disqus_thread\" title=\"Laisser un commentaire sur: &quot;Sahara marocain : La Suisse consid\u00e8re l\u2019initiative d\u2019autonomie sous souverainet\u00e9 marocaine comme base la plus s\u00e9rieuse&quot;\" class=\"comments\"><i class=\"fa fa-comments-o\"><\/i> <\/a>\t\t<\/div>\n\t\t\t\t\t\t\t\t\t<\/div>\n\t\t\t\t\t\t<\/div>\n\t\t\t\t\t<\/li>\n\t\t\t\t\t\t\t\t\t\t<li class=\"slide bs-slider-item bs-slider-1-item main-term-11 has-post-thumbnail\">\n\t\t\t\t\t\t<div class=\"item-content\">\n\n\t\t\t\t\t\t\t<a class=\"img-cont\" href=\"https:\/\/asdaamaghribia.ma\/fr\/uncategorized\/12039\/\"\n\t\t\t\t\t\t\t   style=\"background-image: url('https:\/\/asdaamaghribia.ma\/fr\/wp-content\/uploads\/2026\/04\/Nouveau-projet970.jpg')\"><\/a>\n\t\t\t\t\t\t\t<div class=\"term-badges floated\"><span class=\"term-badge term-11\"><a href=\"https:\/\/asdaamaghribia.ma\/fr\/category\/actualites\/\">Actualit\u00e9s<\/a><\/span><\/div>\t\t\t\t\t\t\t<div class=\"content-container\">\n\t\t\t\t\t\t\t\t<h3 class=\"title\">\t\t\t\t\t\t\t\t<a class=\"post-url post-title\" href=\"https:\/\/asdaamaghribia.ma\/fr\/uncategorized\/12039\/\">\n\t\t\t\t\t\t\t\t\tSIAM 2026 : l&rsquo;INRA met en avant les derni\u00e8res recherches en mati\u00e8re de&hellip;\t\t\t\t\t\t\t\t<\/a>\n\t\t\t\t\t\t\t\t<\/h3>\t\t<div class=\"post-meta\">\n\n\t\t\t\t\t\t\t<a href=\"https:\/\/asdaamaghribia.ma\/fr\/author\/admin\/\"\n\t\t\t\t   title=\"Parcourir les articles Auteur\"\n\t\t\t\t   class=\"post-author-a\">\n\t\t\t\t\t<i class=\"post-author author\">\n\t\t\t\t\t\tadmin\t\t\t\t\t<\/i>\n\t\t\t\t<\/a>\n\t\t\t\t\t\t\t<span class=\"time\"><time class=\"post-published updated\"\n\t\t\t\t                         datetime=\"2026-04-26T18:28:23+00:00\">Avr 26, 2026<\/time><\/span>\n\t\t\t\t<a href=\"https:\/\/asdaamaghribia.ma\/fr\/uncategorized\/12039\/#disqus_thread\" title=\"Laisser un commentaire sur: &quot;SIAM 2026 : l&rsquo;INRA met en avant les derni\u00e8res recherches en mati\u00e8re de gestion de la raret\u00e9 de l&rsquo;eau dans le secteur agricole&quot;\" class=\"comments\"><i class=\"fa fa-comments-o\"><\/i> <\/a>\t\t<\/div>\n\t\t\t\t\t\t\t\t\t<\/div>\n\t\t\t\t\t\t<\/div>\n\t\t\t\t\t<\/li>\n\t\t\t\t\t\t\t\t\t\t<li class=\"slide bs-slider-item bs-slider-1-item main-term-11 has-post-thumbnail\">\n\t\t\t\t\t\t<div class=\"item-content\">\n\n\t\t\t\t\t\t\t<a class=\"img-cont\" href=\"https:\/\/asdaamaghribia.ma\/fr\/monde\/12036\/\"\n\t\t\t\t\t\t\t   style=\"background-image: url('https:\/\/asdaamaghribia.ma\/fr\/wp-content\/uploads\/2026\/04\/10-1.webp')\"><\/a>\n\t\t\t\t\t\t\t<div class=\"term-badges floated\"><span class=\"term-badge term-11\"><a href=\"https:\/\/asdaamaghribia.ma\/fr\/category\/actualites\/\">Actualit\u00e9s<\/a><\/span><\/div>\t\t\t\t\t\t\t<div class=\"content-container\">\n\t\t\t\t\t\t\t\t<h3 class=\"title\">\t\t\t\t\t\t\t\t<a class=\"post-url post-title\" href=\"https:\/\/asdaamaghribia.ma\/fr\/monde\/12036\/\">\n\t\t\t\t\t\t\t\t\tTrois tentatives d\u2019assassinat : Trump face \u00e0 l\u2019ombre du chaos\t\t\t\t\t\t\t\t<\/a>\n\t\t\t\t\t\t\t\t<\/h3>\t\t<div class=\"post-meta\">\n\n\t\t\t\t\t\t\t<a href=\"https:\/\/asdaamaghribia.ma\/fr\/author\/admin\/\"\n\t\t\t\t   title=\"Parcourir les articles Auteur\"\n\t\t\t\t   class=\"post-author-a\">\n\t\t\t\t\t<i class=\"post-author author\">\n\t\t\t\t\t\tadmin\t\t\t\t\t<\/i>\n\t\t\t\t<\/a>\n\t\t\t\t\t\t\t<span class=\"time\"><time class=\"post-published updated\"\n\t\t\t\t                         datetime=\"2026-04-26T18:25:27+00:00\">Avr 26, 2026<\/time><\/span>\n\t\t\t\t<a href=\"https:\/\/asdaamaghribia.ma\/fr\/monde\/12036\/#disqus_thread\" title=\"Laisser un commentaire sur: &quot;Trois tentatives d\u2019assassinat : Trump face \u00e0 l\u2019ombre du chaos&quot;\" class=\"comments\"><i class=\"fa fa-comments-o\"><\/i> <\/a>\t\t<\/div>\n\t\t\t\t\t\t\t\t\t<\/div>\n\t\t\t\t\t\t<\/div>\n\t\t\t\t\t<\/li>\n\t\t\t\t\t\t\t\t\t\t<li class=\"slide bs-slider-item bs-slider-1-item main-term-12 has-post-thumbnail\">\n\t\t\t\t\t\t<div class=\"item-content\">\n\n\t\t\t\t\t\t\t<a class=\"img-cont\" href=\"https:\/\/asdaamaghribia.ma\/fr\/monde\/12030\/\"\n\t\t\t\t\t\t\t   style=\"background-image: url('https:\/\/asdaamaghribia.ma\/fr\/wp-content\/uploads\/2026\/04\/collen-1130x580.webp')\"><\/a>\n\t\t\t\t\t\t\t<div class=\"term-badges floated\"><span class=\"term-badge term-12\"><a href=\"https:\/\/asdaamaghribia.ma\/fr\/category\/la-une\/\">La Une<\/a><\/span><\/div>\t\t\t\t\t\t\t<div class=\"content-container\">\n\t\t\t\t\t\t\t\t<h3 class=\"title\">\t\t\t\t\t\t\t\t<a class=\"post-url post-title\" href=\"https:\/\/asdaamaghribia.ma\/fr\/monde\/12030\/\">\n\t\t\t\t\t\t\t\t\tNuit de panique \u00e0 Washington : le paradoxe d\u2019un loup solitaire\t\t\t\t\t\t\t\t<\/a>\n\t\t\t\t\t\t\t\t<\/h3>\t\t<div class=\"post-meta\">\n\n\t\t\t\t\t\t\t<a href=\"https:\/\/asdaamaghribia.ma\/fr\/author\/admin\/\"\n\t\t\t\t   title=\"Parcourir les articles Auteur\"\n\t\t\t\t   class=\"post-author-a\">\n\t\t\t\t\t<i class=\"post-author author\">\n\t\t\t\t\t\tadmin\t\t\t\t\t<\/i>\n\t\t\t\t<\/a>\n\t\t\t\t\t\t\t<span class=\"time\"><time class=\"post-published updated\"\n\t\t\t\t                         datetime=\"2026-04-26T18:12:30+00:00\">Avr 26, 2026<\/time><\/span>\n\t\t\t\t<a href=\"https:\/\/asdaamaghribia.ma\/fr\/monde\/12030\/#disqus_thread\" title=\"Laisser un commentaire sur: &quot;Nuit de panique \u00e0 Washington : le paradoxe d\u2019un loup solitaire&quot;\" class=\"comments\"><i class=\"fa fa-comments-o\"><\/i> <\/a>\t\t<\/div>\n\t\t\t\t\t\t\t\t\t<\/div>\n\t\t\t\t\t\t<\/div>\n\t\t\t\t\t<\/li>\n\t\t\t\t\t\t\t\t\t\t<li class=\"slide bs-slider-item bs-slider-1-item main-term-17 has-post-thumbnail\">\n\t\t\t\t\t\t<div class=\"item-content\">\n\n\t\t\t\t\t\t\t<a class=\"img-cont\" href=\"https:\/\/asdaamaghribia.ma\/fr\/actualites\/12027\/\"\n\t\t\t\t\t\t\t   style=\"background-image: url('https:\/\/asdaamaghribia.ma\/fr\/wp-content\/uploads\/2026\/04\/\u062d\u0633\u0646-\u0627\u0644\u0639\u0644\u0648\u064a-\u0648-\u0627\u0644\u0645\u0635\u0637\u0641\u0649-\u0628\u0644\u0642\u0637\u064a\u0628\u064a\u0629-960x580.jpeg')\"><\/a>\n\t\t\t\t\t\t\t<div class=\"term-badges floated\"><span class=\"term-badge term-17\"><a href=\"https:\/\/asdaamaghribia.ma\/fr\/category\/24-24\/\">24\/24<\/a><\/span><\/div>\t\t\t\t\t\t\t<div class=\"content-container\">\n\t\t\t\t\t\t\t\t<h3 class=\"title\">\t\t\t\t\t\t\t\t<a class=\"post-url post-title\" href=\"https:\/\/asdaamaghribia.ma\/fr\/actualites\/12027\/\">\n\t\t\t\t\t\t\t\t\tRencontre de fid\u00e9lit\u00e9\u2026 Mustapha Belktibia et Hassan Alaoui Directeur de Maroc&hellip;\t\t\t\t\t\t\t\t<\/a>\n\t\t\t\t\t\t\t\t<\/h3>\t\t<div class=\"post-meta\">\n\n\t\t\t\t\t\t\t<a href=\"https:\/\/asdaamaghribia.ma\/fr\/author\/admin\/\"\n\t\t\t\t   title=\"Parcourir les articles Auteur\"\n\t\t\t\t   class=\"post-author-a\">\n\t\t\t\t\t<i class=\"post-author author\">\n\t\t\t\t\t\tadmin\t\t\t\t\t<\/i>\n\t\t\t\t<\/a>\n\t\t\t\t\t\t\t<span class=\"time\"><time class=\"post-published updated\"\n\t\t\t\t                         datetime=\"2026-04-24T22:04:32+00:00\">Avr 24, 2026<\/time><\/span>\n\t\t\t\t<a href=\"https:\/\/asdaamaghribia.ma\/fr\/actualites\/12027\/#disqus_thread\" title=\"Laisser un commentaire sur: &quot;Rencontre de fid\u00e9lit\u00e9\u2026 Mustapha Belktibia et Hassan Alaoui Directeur de Maroc Diplomatique, une image qui incarne la m\u00e9moire du journalisme marocain&quot;\" class=\"comments\"><i class=\"fa fa-comments-o\"><\/i> <\/a>\t\t<\/div>\n\t\t\t\t\t\t\t\t\t<\/div>\n\t\t\t\t\t\t<\/div>\n\t\t\t\t\t<\/li>\n\t\t\t\t\t\t\t\t\t\t<li class=\"slide bs-slider-item bs-slider-1-item main-term-11 has-post-thumbnail\">\n\t\t\t\t\t\t<div class=\"item-content\">\n\n\t\t\t\t\t\t\t<a class=\"img-cont\" href=\"https:\/\/asdaamaghribia.ma\/fr\/actualites\/12021\/\"\n\t\t\t\t\t\t\t   style=\"background-image: url('https:\/\/asdaamaghribia.ma\/fr\/wp-content\/uploads\/2026\/04\/result_2026-04-23-101258-1024x684.jpg-1024x580.webp')\"><\/a>\n\t\t\t\t\t\t\t<div class=\"term-badges floated\"><span class=\"term-badge term-11\"><a href=\"https:\/\/asdaamaghribia.ma\/fr\/category\/actualites\/\">Actualit\u00e9s<\/a><\/span><\/div>\t\t\t\t\t\t\t<div class=\"content-container\">\n\t\t\t\t\t\t\t\t<h3 class=\"title\">\t\t\t\t\t\t\t\t<a class=\"post-url post-title\" href=\"https:\/\/asdaamaghribia.ma\/fr\/actualites\/12021\/\">\n\t\t\t\t\t\t\t\t\tUn \u00e9crin de culture inaugur\u00e9 \u00e0 Rabat par Leurs Altesses Royales et Mme Brigitte&hellip;\t\t\t\t\t\t\t\t<\/a>\n\t\t\t\t\t\t\t\t<\/h3>\t\t<div class=\"post-meta\">\n\n\t\t\t\t\t\t\t<a href=\"https:\/\/asdaamaghribia.ma\/fr\/author\/admin\/\"\n\t\t\t\t   title=\"Parcourir les articles Auteur\"\n\t\t\t\t   class=\"post-author-a\">\n\t\t\t\t\t<i class=\"post-author author\">\n\t\t\t\t\t\tadmin\t\t\t\t\t<\/i>\n\t\t\t\t<\/a>\n\t\t\t\t\t\t\t<span class=\"time\"><time class=\"post-published updated\"\n\t\t\t\t                         datetime=\"2026-04-24T18:12:09+00:00\">Avr 24, 2026<\/time><\/span>\n\t\t\t\t<a href=\"https:\/\/asdaamaghribia.ma\/fr\/actualites\/12021\/#disqus_thread\" title=\"Laisser un commentaire sur: &quot;Un \u00e9crin de culture inaugur\u00e9 \u00e0 Rabat par Leurs Altesses Royales et Mme Brigitte Macron\u202f&quot;\" class=\"comments\"><i class=\"fa fa-comments-o\"><\/i> <\/a>\t\t<\/div>\n\t\t\t\t\t\t\t\t\t<\/div>\n\t\t\t\t\t\t<\/div>\n\t\t\t\t\t<\/li>\n\t\t\t\t\t\t\t\t\t\t<li class=\"slide bs-slider-item bs-slider-1-item main-term-4 has-post-thumbnail\">\n\t\t\t\t\t\t<div class=\"item-content\">\n\n\t\t\t\t\t\t\t<a class=\"img-cont\" href=\"https:\/\/asdaamaghribia.ma\/fr\/economie\/12017\/\"\n\t\t\t\t\t\t\t   style=\"background-image: url('https:\/\/asdaamaghribia.ma\/fr\/wp-content\/uploads\/2026\/04\/\u0645\u0639\u0631\u0636-\u0627\u0644\u0641\u0644\u0627\u062d\u0629-956x580.jpg')\"><\/a>\n\t\t\t\t\t\t\t<div class=\"term-badges floated\"><span class=\"term-badge term-4\"><a href=\"https:\/\/asdaamaghribia.ma\/fr\/category\/economie\/\">Economie<\/a><\/span><\/div>\t\t\t\t\t\t\t<div class=\"content-container\">\n\t\t\t\t\t\t\t\t<h3 class=\"title\">\t\t\t\t\t\t\t\t<a class=\"post-url post-title\" href=\"https:\/\/asdaamaghribia.ma\/fr\/economie\/12017\/\">\n\t\t\t\t\t\t\t\t\tSAR le Prince Moulay Rachid inaugure la 18\u1d49 \u00e9dition du SIAM \u00e0 Mekn\u00e8s\u202f\t\t\t\t\t\t\t\t<\/a>\n\t\t\t\t\t\t\t\t<\/h3>\t\t<div class=\"post-meta\">\n\n\t\t\t\t\t\t\t<a href=\"https:\/\/asdaamaghribia.ma\/fr\/author\/admin\/\"\n\t\t\t\t   title=\"Parcourir les articles Auteur\"\n\t\t\t\t   class=\"post-author-a\">\n\t\t\t\t\t<i class=\"post-author author\">\n\t\t\t\t\t\tadmin\t\t\t\t\t<\/i>\n\t\t\t\t<\/a>\n\t\t\t\t\t\t\t<span class=\"time\"><time class=\"post-published updated\"\n\t\t\t\t                         datetime=\"2026-04-24T18:03:14+00:00\">Avr 24, 2026<\/time><\/span>\n\t\t\t\t<a href=\"https:\/\/asdaamaghribia.ma\/fr\/economie\/12017\/#disqus_thread\" title=\"Laisser un commentaire sur: &quot;SAR le Prince Moulay Rachid inaugure la 18\u1d49 \u00e9dition du SIAM \u00e0 Mekn\u00e8s\u202f&quot;\" class=\"comments\"><i class=\"fa fa-comments-o\"><\/i> <\/a>\t\t<\/div>\n\t\t\t\t\t\t\t\t\t<\/div>\n\t\t\t\t\t\t<\/div>\n\t\t\t\t\t<\/li>\n\t\t\t\t\t\t\t\t\t\t<li class=\"slide bs-slider-item bs-slider-1-item main-term-17 has-post-thumbnail\">\n\t\t\t\t\t\t<div class=\"item-content\">\n\n\t\t\t\t\t\t\t<a class=\"img-cont\" href=\"https:\/\/asdaamaghribia.ma\/fr\/a-vos-marques\/12014\/\"\n\t\t\t\t\t\t\t   style=\"background-image: url('https:\/\/asdaamaghribia.ma\/fr\/wp-content\/uploads\/2026\/04\/images-1.jpeg')\"><\/a>\n\t\t\t\t\t\t\t<div class=\"term-badges floated\"><span class=\"term-badge term-17\"><a href=\"https:\/\/asdaamaghribia.ma\/fr\/category\/24-24\/\">24\/24<\/a><\/span><\/div>\t\t\t\t\t\t\t<div class=\"content-container\">\n\t\t\t\t\t\t\t\t<h3 class=\"title\">\t\t\t\t\t\t\t\t<a class=\"post-url post-title\" href=\"https:\/\/asdaamaghribia.ma\/fr\/a-vos-marques\/12014\/\">\n\t\t\t\t\t\t\t\t\tLa Tour Mohammed VI : \u00c9clat d\u2019ing\u00e9nierie et vision royale\u202f\t\t\t\t\t\t\t\t<\/a>\n\t\t\t\t\t\t\t\t<\/h3>\t\t<div class=\"post-meta\">\n\n\t\t\t\t\t\t\t<a href=\"https:\/\/asdaamaghribia.ma\/fr\/author\/admin\/\"\n\t\t\t\t   title=\"Parcourir les articles Auteur\"\n\t\t\t\t   class=\"post-author-a\">\n\t\t\t\t\t<i class=\"post-author author\">\n\t\t\t\t\t\tadmin\t\t\t\t\t<\/i>\n\t\t\t\t<\/a>\n\t\t\t\t\t\t\t<span class=\"time\"><time class=\"post-published updated\"\n\t\t\t\t                         datetime=\"2026-04-24T17:57:52+00:00\">Avr 24, 2026<\/time><\/span>\n\t\t\t\t<a href=\"https:\/\/asdaamaghribia.ma\/fr\/a-vos-marques\/12014\/#disqus_thread\" title=\"Laisser un commentaire sur: &quot;La Tour Mohammed VI : \u00c9clat d\u2019ing\u00e9nierie et vision royale\u202f&quot;\" class=\"comments\"><i class=\"fa fa-comments-o\"><\/i> <\/a>\t\t<\/div>\n\t\t\t\t\t\t\t\t\t<\/div>\n\t\t\t\t\t\t<\/div>\n\t\t\t\t\t<\/li>\n\t\t\t\t\t\t\t\t\t\t<li class=\"slide bs-slider-item bs-slider-1-item main-term-11 has-post-thumbnail\">\n\t\t\t\t\t\t<div class=\"item-content\">\n\n\t\t\t\t\t\t\t<a class=\"img-cont\" href=\"https:\/\/asdaamaghribia.ma\/fr\/actualites\/12010\/\"\n\t\t\t\t\t\t\t   style=\"background-image: url('https:\/\/asdaamaghribia.ma\/fr\/wp-content\/uploads\/2026\/04\/Hassan-Alaoui-1.jpg')\"><\/a>\n\t\t\t\t\t\t\t<div class=\"term-badges floated\"><span class=\"term-badge term-11\"><a href=\"https:\/\/asdaamaghribia.ma\/fr\/category\/actualites\/\">Actualit\u00e9s<\/a><\/span><\/div>\t\t\t\t\t\t\t<div class=\"content-container\">\n\t\t\t\t\t\t\t\t<h3 class=\"title\">\t\t\t\t\t\t\t\t<a class=\"post-url post-title\" href=\"https:\/\/asdaamaghribia.ma\/fr\/actualites\/12010\/\">\n\t\t\t\t\t\t\t\t\tHassan  Alaoui : Une Plume d&rsquo;Or au Service du Journalisme Marocain\t\t\t\t\t\t\t\t<\/a>\n\t\t\t\t\t\t\t\t<\/h3>\t\t<div class=\"post-meta\">\n\n\t\t\t\t\t\t\t<a href=\"https:\/\/asdaamaghribia.ma\/fr\/author\/admin\/\"\n\t\t\t\t   title=\"Parcourir les articles Auteur\"\n\t\t\t\t   class=\"post-author-a\">\n\t\t\t\t\t<i class=\"post-author author\">\n\t\t\t\t\t\tadmin\t\t\t\t\t<\/i>\n\t\t\t\t<\/a>\n\t\t\t\t\t\t\t<span class=\"time\"><time class=\"post-published updated\"\n\t\t\t\t                         datetime=\"2026-04-24T17:44:30+00:00\">Avr 24, 2026<\/time><\/span>\n\t\t\t\t<a href=\"https:\/\/asdaamaghribia.ma\/fr\/actualites\/12010\/#disqus_thread\" title=\"Laisser un commentaire sur: &quot;Hassan  Alaoui : Une Plume d&rsquo;Or au Service du Journalisme Marocain&quot;\" class=\"comments\"><i class=\"fa fa-comments-o\"><\/i> <\/a>\t\t<\/div>\n\t\t\t\t\t\t\t\t\t<\/div>\n\t\t\t\t\t\t<\/div>\n\t\t\t\t\t<\/li>\n\t\t\t\t\t\t\t\t\t\t<li class=\"slide bs-slider-item bs-slider-1-item main-term-17 has-post-thumbnail\">\n\t\t\t\t\t\t<div class=\"item-content\">\n\n\t\t\t\t\t\t\t<a class=\"img-cont\" href=\"https:\/\/asdaamaghribia.ma\/fr\/economie\/12005\/\"\n\t\t\t\t\t\t\t   style=\"background-image: url('https:\/\/asdaamaghribia.ma\/fr\/wp-content\/uploads\/2026\/03\/03_0.webp')\"><\/a>\n\t\t\t\t\t\t\t<div class=\"term-badges floated\"><span class=\"term-badge term-17\"><a href=\"https:\/\/asdaamaghribia.ma\/fr\/category\/24-24\/\">24\/24<\/a><\/span><\/div>\t\t\t\t\t\t\t<div class=\"content-container\">\n\t\t\t\t\t\t\t\t<h3 class=\"title\">\t\t\t\t\t\t\t\t<a class=\"post-url post-title\" href=\"https:\/\/asdaamaghribia.ma\/fr\/economie\/12005\/\">\n\t\t\t\t\t\t\t\t\tAl Mada redessine le centre de Casablanca avec des projets culturels et&hellip;\t\t\t\t\t\t\t\t<\/a>\n\t\t\t\t\t\t\t\t<\/h3>\t\t<div class=\"post-meta\">\n\n\t\t\t\t\t\t\t<a href=\"https:\/\/asdaamaghribia.ma\/fr\/author\/admin\/\"\n\t\t\t\t   title=\"Parcourir les articles Auteur\"\n\t\t\t\t   class=\"post-author-a\">\n\t\t\t\t\t<i class=\"post-author author\">\n\t\t\t\t\t\tadmin\t\t\t\t\t<\/i>\n\t\t\t\t<\/a>\n\t\t\t\t\t\t\t<span class=\"time\"><time class=\"post-published updated\"\n\t\t\t\t                         datetime=\"2026-03-16T12:12:08+00:00\">Mar 16, 2026<\/time><\/span>\n\t\t\t\t<a href=\"https:\/\/asdaamaghribia.ma\/fr\/economie\/12005\/#disqus_thread\" title=\"Laisser un commentaire sur: &quot;Al Mada redessine le centre de Casablanca avec des projets culturels et h\u00f4teliers&quot;\" class=\"comments\"><i class=\"fa fa-comments-o\"><\/i> <\/a>\t\t<\/div>\n\t\t\t\t\t\t\t\t\t<\/div>\n\t\t\t\t\t\t<\/div>\n\t\t\t\t\t<\/li>\n\t\t\t\t\t\t\t\t<\/ul>\n\t\t<\/div>\n\t<\/div>\n<\/div>[vc_row_inner][vc_column_inner width=\u00a0\u00bb1\/3&Prime;]<div id=\"\" class=\" bs-listing bs-listing-listing-thumbnail-1 bs-listing-single-tab\">\t\t<h3 class=\"section-heading sh-t4 sh-s6 main-term-14\">\n\n\t\t\n\t\t\t\t\t\t\t<a href=\"https:\/\/asdaamaghribia.ma\/fr\/category\/editorial\/\" class=\"main-link\">\n\t\t\t\t\t\t\t<span class=\"h-text main-term-14\">\n\t\t\t\t\t\t\t\t<i class=\"bf-icon bf-custom-icon bf-custom-icon-url\"><img decoding=\"async\" src=\"http:\/\/asdaemaghribia.ma\/wp-content\/uploads\/2022\/10\/aa.jpg\"><\/i> Editorial\t\t\t\t\t\t\t<\/span>\n\t\t\t\t<\/a>\n\t\t\t\n\t\t\n\t\t<\/h3>\n\t\t\t<div class=\"listing listing-thumbnail listing-tb-1 clearfix columns-1\">\n\t\t<article class=\"post-12045 type-post format-standard has-post-thumbnail   listing-item listing-item-thumbnail listing-item-tb-1 main-term-14\">\n\t<div class=\"item-inner clearfix\">\n\t\t\t\t\t<div class=\"featured featured-type-featured-image\">\n\t\t\t\t<a  title=\"Le Sahara marocain, c\u0153ur battant du Royaume\" data-src=\"https:\/\/asdaamaghribia.ma\/fr\/wp-content\/uploads\/2026\/01\/\u0627\u0646\u0627-86x64.jpg\" data-bs-srcset=\"{&quot;baseurl&quot;:&quot;https:\\\/\\\/asdaamaghribia.ma\\\/fr\\\/wp-content\\\/uploads\\\/2026\\\/01\\\/&quot;,&quot;sizes&quot;:{&quot;86&quot;:&quot;\\u0627\\u0646\\u0627-86x64.jpg&quot;,&quot;210&quot;:&quot;\\u0627\\u0646\\u0627-210x136.jpg&quot;,&quot;258&quot;:&quot;\\u0627\\u0646\\u0627.jpg&quot;}}\"\t\t\t\t\t\tclass=\"img-holder\" href=\"https:\/\/asdaamaghribia.ma\/fr\/editorial\/12045\/\"><\/a>\n\t\t\t\t\t\t\t<\/div>\n\t\t<h2 class=\"title\">\t\t<a href=\"https:\/\/asdaamaghribia.ma\/fr\/editorial\/12045\/\" class=\"post-url post-title\">\n\t\t\tLe Sahara marocain, c\u0153ur battant du Royaume\t\t<\/a>\n\t\t<\/h2>\t\t<div class=\"post-meta\">\n\n\t\t\t\t\t\t\t<span class=\"time\"><time class=\"post-published updated\"\n\t\t\t\t                         datetime=\"2026-04-26T18:39:10+00:00\">Avr 26, 2026<\/time><\/span>\n\t\t\t\t\t\t<\/div>\n\t\t\t<\/div>\n\t<\/article >\n\t<\/div>\n\t<\/div><div id=\"\" class=\" bs-listing bs-listing-listing-text-4 bs-listing-single-tab\">\t\t<h3 class=\"section-heading sh-t4 sh-s6 main-term-17\">\n\n\t\t\n\t\t\t\t\t\t\t<a href=\"https:\/\/asdaamaghribia.ma\/fr\/category\/24-24\/\" class=\"main-link\">\n\t\t\t\t\t\t\t<span class=\"h-text main-term-17\">\n\t\t\t\t\t\t\t\t<i class=\"bf-icon bf-custom-icon bf-custom-icon-url\"><img decoding=\"async\" src=\"http:\/\/asdaemaghribia.ma\/wp-content\/uploads\/2022\/10\/zz.jpg\"><\/i> 24\/24\t\t\t\t\t\t\t<\/span>\n\t\t\t\t<\/a>\n\t\t\t\n\t\t\n\t\t<\/h3>\n\t\t\t<div class=\"listing listing-text listing-text-4 clearfix columns-1\">\n\t\t<article class=\"post-12042 type-post format-standard has-post-thumbnail   listing-item listing-item-text listing-item-text-4 main-term-12\">\n\t<div class=\"item-inner\">\n\t\t<div class=\"term-badges text-badges\"><span class=\"term-badge term-12\"><a href=\"https:\/\/asdaamaghribia.ma\/fr\/category\/la-une\/\">La Une<\/a><\/span><\/div><h2 class=\"title\">\t\t<a href=\"https:\/\/asdaamaghribia.ma\/fr\/politique\/12042\/\" class=\"post-title post-url\">\n\t\t\tSahara marocain : La Suisse consid\u00e8re l\u2019initiative d\u2019autonomie sous souverainet\u00e9 marocaine comme base la plus s\u00e9rieuse\t\t<\/a>\n\t\t<\/h2>\t\t<div class=\"post-meta\">\n\n\t\t\t\t\t\t\t<span class=\"time\"><time class=\"post-published updated\"\n\t\t\t\t                         datetime=\"2026-04-26T18:31:20+00:00\">Avr 26, 2026<\/time><\/span>\n\t\t\t\t\t\t<\/div>\n\t\t\t<\/div>\n\t<\/article >\n\t<article class=\"post-12039 type-post format-standard has-post-thumbnail   listing-item listing-item-text listing-item-text-4 main-term-11\">\n\t<div class=\"item-inner\">\n\t\t<div class=\"term-badges text-badges\"><span class=\"term-badge term-11\"><a href=\"https:\/\/asdaamaghribia.ma\/fr\/category\/actualites\/\">Actualit\u00e9s<\/a><\/span><\/div><h2 class=\"title\">\t\t<a href=\"https:\/\/asdaamaghribia.ma\/fr\/uncategorized\/12039\/\" class=\"post-title post-url\">\n\t\t\tSIAM 2026 : l&rsquo;INRA met en avant les derni\u00e8res recherches en mati\u00e8re de gestion de la raret\u00e9 de l&rsquo;eau dans le&hellip;\t\t<\/a>\n\t\t<\/h2>\t\t<div class=\"post-meta\">\n\n\t\t\t\t\t\t\t<span class=\"time\"><time class=\"post-published updated\"\n\t\t\t\t                         datetime=\"2026-04-26T18:28:23+00:00\">Avr 26, 2026<\/time><\/span>\n\t\t\t\t\t\t<\/div>\n\t\t\t<\/div>\n\t<\/article >\n\t<article class=\"post-12027 type-post format-standard has-post-thumbnail   listing-item listing-item-text listing-item-text-4 main-term-17\">\n\t<div class=\"item-inner\">\n\t\t<div class=\"term-badges text-badges\"><span class=\"term-badge term-17\"><a href=\"https:\/\/asdaamaghribia.ma\/fr\/category\/24-24\/\">24\/24<\/a><\/span><\/div><h2 class=\"title\">\t\t<a href=\"https:\/\/asdaamaghribia.ma\/fr\/actualites\/12027\/\" class=\"post-title post-url\">\n\t\t\tRencontre de fid\u00e9lit\u00e9\u2026 Mustapha Belktibia et Hassan Alaoui Directeur de Maroc Diplomatique, une image qui incarne la&hellip;\t\t<\/a>\n\t\t<\/h2>\t\t<div class=\"post-meta\">\n\n\t\t\t\t\t\t\t<span class=\"time\"><time class=\"post-published updated\"\n\t\t\t\t                         datetime=\"2026-04-24T22:04:32+00:00\">Avr 24, 2026<\/time><\/span>\n\t\t\t\t\t\t<\/div>\n\t\t\t<\/div>\n\t<\/article >\n\t<article class=\"post-12014 type-post format-standard has-post-thumbnail   listing-item listing-item-text listing-item-text-4 main-term-17\">\n\t<div class=\"item-inner\">\n\t\t<div class=\"term-badges text-badges\"><span class=\"term-badge term-17\"><a href=\"https:\/\/asdaamaghribia.ma\/fr\/category\/24-24\/\">24\/24<\/a><\/span><\/div><h2 class=\"title\">\t\t<a href=\"https:\/\/asdaamaghribia.ma\/fr\/a-vos-marques\/12014\/\" class=\"post-title post-url\">\n\t\t\tLa Tour Mohammed VI : \u00c9clat d\u2019ing\u00e9nierie et vision royale\u202f\t\t<\/a>\n\t\t<\/h2>\t\t<div class=\"post-meta\">\n\n\t\t\t\t\t\t\t<span class=\"time\"><time class=\"post-published updated\"\n\t\t\t\t                         datetime=\"2026-04-24T17:57:52+00:00\">Avr 24, 2026<\/time><\/span>\n\t\t\t\t\t\t<\/div>\n\t\t\t<\/div>\n\t<\/article >\n\t<article class=\"post-12005 type-post format-standard has-post-thumbnail   listing-item listing-item-text listing-item-text-4 main-term-17\">\n\t<div class=\"item-inner\">\n\t\t<div class=\"term-badges text-badges\"><span class=\"term-badge term-17\"><a href=\"https:\/\/asdaamaghribia.ma\/fr\/category\/24-24\/\">24\/24<\/a><\/span><\/div><h2 class=\"title\">\t\t<a href=\"https:\/\/asdaamaghribia.ma\/fr\/economie\/12005\/\" class=\"post-title post-url\">\n\t\t\tAl Mada redessine le centre de Casablanca avec des projets culturels et h\u00f4teliers\t\t<\/a>\n\t\t<\/h2>\t\t<div class=\"post-meta\">\n\n\t\t\t\t\t\t\t<span class=\"time\"><time class=\"post-published updated\"\n\t\t\t\t                         datetime=\"2026-03-16T12:12:08+00:00\">Mar 16, 2026<\/time><\/span>\n\t\t\t\t\t\t<\/div>\n\t\t\t<\/div>\n\t<\/article >\n\t<\/div>\n\t<\/div>[vc_widget_sidebar sidebar_id=\u00a0\u00bbprimary-sidebar\u00a0\u00bb][\/vc_column_inner][vc_column_inner width=\u00a0\u00bb2\/3&Prime;]<div class=\"tgrc tgrc-clearfix  tgrc-align-center tgrc-column-1 tgrc-float-center\"><div id=\"tgrc-11515-811278345\" class=\"tgrc-container tgrc-type-image \" itemscope=\"\" itemtype=\"https:\/\/schema.org\/WPAdBlock\" data-adid=\"11515\" data-type=\"image\"><a itemprop=\"url\" class=\"tgrc-link\" href=\"https:\/\/asdaamaghribia.ma\/fr\" target=\"_blank\" ><img decoding=\"async\" class=\"tgrc-image\" src=\"http:\/\/asdaamaghribia.ma\/fr\/wp-content\/uploads\/2024\/02\/500.jpg\" alt=\"Sous Headline\" \/><\/a><\/div><\/div><div id=\"\" class=\" bs-listing bs-listing-modern-grid-listing-4 bs-listing-single-tab pagination-animate\">\t\t<h3 class=\"section-heading sh-t4 sh-s6 main-term-24\">\n\n\t\t\n\t\t\t\t\t\t\t<a href=\"https:\/\/asdaamaghribia.ma\/fr\/category\/personnalites-distinguees\/\" class=\"main-link\">\n\t\t\t\t\t\t\t<span class=\"h-text main-term-24\">\n\t\t\t\t\t\t\t\t<i class=\"bf-icon bf-custom-icon bf-custom-icon-url\"><img decoding=\"async\" src=\"http:\/\/asdaemaghribia.ma\/wp-content\/uploads\/2022\/10\/ff.jpg\"><\/i> Personnalit\u00e9s distingu\u00e9es\t\t\t\t\t\t\t<\/span>\n\t\t\t\t<\/a>\n\t\t\t\n\t\t\n\t\t<\/h3>\n\t\t<div class=\"bs-slider-items-container\" data-slider-animation-speed=\"750\" data-slider-autoplay=\"1\" data-slider-control-dots=\"style-1\" data-slider-control-next-prev=\"style-1\" data-autoplaySpeed=\"3000\">\t\t<div class=\"bs-pagination-wrapper main-term-24 slider bs-slider-first-item bs-slider-item bs-items-3\">\n\t\t\t<div class=\"listing listing-modern-grid listing-modern-grid-4 clearfix  slider-overlay-simple-gr columns-3\">\n\t\t<article class=\"post-12010 type-post format-standard has-post-thumbnail  listing-item-1 listing-item listing-mg-item listing-mg-4-item main-term-11 bsw-250\">\n\t<div class=\"item-content\">\n\t\t<a  title=\"Hassan  Alaoui : Une Plume d&rsquo;Or au Service du Journalisme Marocain\" data-src=\"https:\/\/asdaamaghribia.ma\/fr\/wp-content\/uploads\/2026\/04\/Hassan-Alaoui-1-368x392.jpg\" data-bs-srcset=\"{&quot;baseurl&quot;:&quot;https:\\\/\\\/asdaamaghribia.ma\\\/fr\\\/wp-content\\\/uploads\\\/2026\\\/04\\\/&quot;,&quot;sizes&quot;:{&quot;180&quot;:&quot;Hassan-Alaoui-1-180x217.jpg&quot;,&quot;267&quot;:&quot;Hassan-Alaoui-1-267x322.jpg&quot;,&quot;368&quot;:&quot;Hassan-Alaoui-1-368x392.jpg&quot;,&quot;573&quot;:&quot;Hassan-Alaoui-1.jpg&quot;}}\"\t\t\t\tclass=\"img-cont\" href=\"https:\/\/asdaamaghribia.ma\/fr\/actualites\/12010\/\"><\/a>\n\t\t<div class=\"term-badges floated\"><span class=\"term-badge term-11\"><a href=\"https:\/\/asdaamaghribia.ma\/fr\/category\/actualites\/\">Actualit\u00e9s<\/a><\/span><\/div>\t\t<div class=\"content-container\">\n\t\t\t<h2 class=\"title\">\t\t\t<a href=\"https:\/\/asdaamaghribia.ma\/fr\/actualites\/12010\/\" class=\"post-url post-title\">\n\t\t\t\tHassan  Alaoui : Une Plume d&rsquo;Or au Service du Journalisme Marocain\t\t\t<\/a>\n\t\t\t<\/h2>\t\t<div class=\"post-meta\">\n\n\t\t\t\t\t\t\t<a href=\"https:\/\/asdaamaghribia.ma\/fr\/author\/admin\/\"\n\t\t\t\t   title=\"Parcourir les articles Auteur\"\n\t\t\t\t   class=\"post-author-a\">\n\t\t\t\t\t<i class=\"post-author author\">\n\t\t\t\t\t\tadmin\t\t\t\t\t<\/i>\n\t\t\t\t<\/a>\n\t\t\t\t\t\t\t<span class=\"time\"><time class=\"post-published updated\"\n\t\t\t\t                         datetime=\"2026-04-24T17:44:30+00:00\">Avr 24, 2026<\/time><\/span>\n\t\t\t\t<a href=\"https:\/\/asdaamaghribia.ma\/fr\/actualites\/12010\/#disqus_thread\" title=\"Laisser un commentaire sur: &quot;Hassan  Alaoui : Une Plume d&rsquo;Or au Service du Journalisme Marocain&quot;\" class=\"comments\"><i class=\"fa fa-comments-o\"><\/i> <\/a>\t\t<\/div>\n\t\t\t\t<\/div>\n\t<\/div>\n\t<\/article >\n\t<article class=\"post-11997 type-post format-standard has-post-thumbnail  listing-item-2 listing-item listing-mg-item listing-mg-4-item main-term-18 bsw-250\">\n\t<div class=\"item-content\">\n\t\t<a  title=\"Les Nouveaux Visages De La Diaspora Marocaine : Saad Amrani .. L\u2019Excellence de l&rsquo;Expertise au Sommet de la Police F\u00e9d\u00e9rale Belge\" data-src=\"https:\/\/asdaamaghribia.ma\/fr\/wp-content\/uploads\/2026\/03\/Saad_Amrani.webp\" data-bs-srcset=\"{&quot;baseurl&quot;:&quot;https:\\\/\\\/asdaamaghribia.ma\\\/fr\\\/wp-content\\\/uploads\\\/2026\\\/03\\\/&quot;,&quot;sizes&quot;:{&quot;180&quot;:&quot;Saad_Amrani-180x217.webp&quot;,&quot;267&quot;:&quot;Saad_Amrani-267x322.webp&quot;,&quot;350&quot;:&quot;Saad_Amrani.webp&quot;}}\"\t\t\t\tclass=\"img-cont\" href=\"https:\/\/asdaamaghribia.ma\/fr\/mre\/11997\/\"><\/a>\n\t\t<div class=\"term-badges floated\"><span class=\"term-badge term-18\"><a href=\"https:\/\/asdaamaghribia.ma\/fr\/category\/mre\/\">Marocains du monde<\/a><\/span><\/div>\t\t<div class=\"content-container\">\n\t\t\t<h2 class=\"title\">\t\t\t<a href=\"https:\/\/asdaamaghribia.ma\/fr\/mre\/11997\/\" class=\"post-url post-title\">\n\t\t\t\tLes Nouveaux Visages De La Diaspora Marocaine : Saad Amrani .. L\u2019Excellence de&hellip;\t\t\t<\/a>\n\t\t\t<\/h2>\t\t<div class=\"post-meta\">\n\n\t\t\t\t\t\t\t<a href=\"https:\/\/asdaamaghribia.ma\/fr\/author\/admin\/\"\n\t\t\t\t   title=\"Parcourir les articles Auteur\"\n\t\t\t\t   class=\"post-author-a\">\n\t\t\t\t\t<i class=\"post-author author\">\n\t\t\t\t\t\tadmin\t\t\t\t\t<\/i>\n\t\t\t\t<\/a>\n\t\t\t\t\t\t\t<span class=\"time\"><time class=\"post-published updated\"\n\t\t\t\t                         datetime=\"2026-03-16T10:21:36+00:00\">Mar 16, 2026<\/time><\/span>\n\t\t\t\t<a href=\"https:\/\/asdaamaghribia.ma\/fr\/mre\/11997\/#disqus_thread\" title=\"Laisser un commentaire sur: &quot;Les Nouveaux Visages De La Diaspora Marocaine : Saad Amrani .. L\u2019Excellence de l&rsquo;Expertise au Sommet de la Police F\u00e9d\u00e9rale Belge&quot;\" class=\"comments\"><i class=\"fa fa-comments-o\"><\/i> <\/a>\t\t<\/div>\n\t\t\t\t<\/div>\n\t<\/div>\n\t<\/article >\n\t<article class=\"post-11981 type-post format-standard has-post-thumbnail  listing-item-3 listing-item listing-mg-item listing-mg-4-item main-term-18 bsw-250\">\n\t<div class=\"item-content\">\n\t\t<a  title=\"Les Nouveaux Visages De La Diaspora Marocaine : Le Parcours Exceptionnel De L\u2019expert International SEM Lahoucine Goghrod\" data-src=\"https:\/\/asdaamaghribia.ma\/fr\/wp-content\/uploads\/2026\/03\/88-368x445.jpeg\" data-bs-srcset=\"{&quot;baseurl&quot;:&quot;https:\\\/\\\/asdaamaghribia.ma\\\/fr\\\/wp-content\\\/uploads\\\/2026\\\/03\\\/&quot;,&quot;sizes&quot;:{&quot;180&quot;:&quot;88-180x217.jpeg&quot;,&quot;267&quot;:&quot;88-267x322.jpeg&quot;,&quot;368&quot;:&quot;88-368x445.jpeg&quot;,&quot;1179&quot;:&quot;88.jpeg&quot;}}\"\t\t\t\tclass=\"img-cont\" href=\"https:\/\/asdaamaghribia.ma\/fr\/mre\/11981\/\"><\/a>\n\t\t<div class=\"term-badges floated\"><span class=\"term-badge term-18\"><a href=\"https:\/\/asdaamaghribia.ma\/fr\/category\/mre\/\">Marocains du monde<\/a><\/span><\/div>\t\t<div class=\"content-container\">\n\t\t\t<h2 class=\"title\">\t\t\t<a href=\"https:\/\/asdaamaghribia.ma\/fr\/mre\/11981\/\" class=\"post-url post-title\">\n\t\t\t\tLes Nouveaux Visages De La Diaspora Marocaine : Le Parcours Exceptionnel De&hellip;\t\t\t<\/a>\n\t\t\t<\/h2>\t\t<div class=\"post-meta\">\n\n\t\t\t\t\t\t\t<a href=\"https:\/\/asdaamaghribia.ma\/fr\/author\/admin\/\"\n\t\t\t\t   title=\"Parcourir les articles Auteur\"\n\t\t\t\t   class=\"post-author-a\">\n\t\t\t\t\t<i class=\"post-author author\">\n\t\t\t\t\t\tadmin\t\t\t\t\t<\/i>\n\t\t\t\t<\/a>\n\t\t\t\t\t\t\t<span class=\"time\"><time class=\"post-published updated\"\n\t\t\t\t                         datetime=\"2026-03-14T13:50:26+00:00\">Mar 14, 2026<\/time><\/span>\n\t\t\t\t<a href=\"https:\/\/asdaamaghribia.ma\/fr\/mre\/11981\/#disqus_thread\" title=\"Laisser un commentaire sur: &quot;Les Nouveaux Visages De La Diaspora Marocaine : Le Parcours Exceptionnel De L\u2019expert International SEM Lahoucine Goghrod&quot;\" class=\"comments\"><i class=\"fa fa-comments-o\"><\/i> <\/a>\t\t<\/div>\n\t\t\t\t<\/div>\n\t<\/div>\n\t<\/article >\n\t<\/div>\n\t\n\t<\/div>\t\t<div class=\"bs-pagination-wrapper main-term-24 slider  bs-slider-item bs-items-3\">\n\t\t\t<div class=\"listing listing-modern-grid listing-modern-grid-4 clearfix  slider-overlay-simple-gr columns-3\">\n\t\t<article class=\"post-11925 type-post format-standard has-post-thumbnail  listing-item-1 listing-item listing-mg-item listing-mg-4-item main-term-17 bsw-250\">\n\t<div class=\"item-content\">\n\t\t<a  title=\"Mohamed Ghomari, un Marocain engag\u00e9 au service de la solidarit\u00e9 et de la diplomatie parall\u00e8le\" data-src=\"https:\/\/asdaamaghribia.ma\/fr\/wp-content\/uploads\/2026\/01\/ghomari-1-368x445.jpg\" data-bs-srcset=\"{&quot;baseurl&quot;:&quot;https:\\\/\\\/asdaamaghribia.ma\\\/fr\\\/wp-content\\\/uploads\\\/2026\\\/01\\\/&quot;,&quot;sizes&quot;:{&quot;180&quot;:&quot;ghomari-1-180x217.jpg&quot;,&quot;267&quot;:&quot;ghomari-1-267x322.jpg&quot;,&quot;368&quot;:&quot;ghomari-1-368x445.jpg&quot;,&quot;665&quot;:&quot;ghomari-1.jpg&quot;}}\"\t\t\t\tclass=\"img-cont\" href=\"https:\/\/asdaamaghribia.ma\/fr\/uncategorized\/11925\/\"><\/a>\n\t\t<div class=\"term-badges floated\"><span class=\"term-badge term-17\"><a href=\"https:\/\/asdaamaghribia.ma\/fr\/category\/24-24\/\">24\/24<\/a><\/span><\/div>\t\t<div class=\"content-container\">\n\t\t\t<h2 class=\"title\">\t\t\t<a href=\"https:\/\/asdaamaghribia.ma\/fr\/uncategorized\/11925\/\" class=\"post-url post-title\">\n\t\t\t\tMohamed Ghomari, un Marocain engag\u00e9 au service de la solidarit\u00e9 et de la&hellip;\t\t\t<\/a>\n\t\t\t<\/h2>\t\t<div class=\"post-meta\">\n\n\t\t\t\t\t\t\t<a href=\"https:\/\/asdaamaghribia.ma\/fr\/author\/admin\/\"\n\t\t\t\t   title=\"Parcourir les articles Auteur\"\n\t\t\t\t   class=\"post-author-a\">\n\t\t\t\t\t<i class=\"post-author author\">\n\t\t\t\t\t\tadmin\t\t\t\t\t<\/i>\n\t\t\t\t<\/a>\n\t\t\t\t\t\t\t<span class=\"time\"><time class=\"post-published updated\"\n\t\t\t\t                         datetime=\"2026-01-26T21:42:08+00:00\">Jan 26, 2026<\/time><\/span>\n\t\t\t\t<a href=\"https:\/\/asdaamaghribia.ma\/fr\/uncategorized\/11925\/#disqus_thread\" title=\"Laisser un commentaire sur: &quot;Mohamed Ghomari, un Marocain engag\u00e9 au service de la solidarit\u00e9 et de la diplomatie parall\u00e8le&quot;\" class=\"comments\"><i class=\"fa fa-comments-o\"><\/i> <\/a>\t\t<\/div>\n\t\t\t\t<\/div>\n\t<\/div>\n\t<\/article >\n\t<article class=\"post-11909 type-post format-standard has-post-thumbnail  listing-item-2 listing-item listing-mg-item listing-mg-4-item main-term-11 bsw-250\">\n\t<div class=\"item-content\">\n\t\t<a  title=\"\u062e\u062f\u064a\u062c\u0629 \u0627\u0644\u0633\u0642\u0627\u0637 : \u0631\u062d\u0644\u0629 \u0639\u0635\u0627\u0645\u064a\u0629 \u0628\u064a\u0646 \u0627\u0644\u062a\u062c\u0631\u064a\u062f \u0648\u062a\u0648\u0647\u062c \u0627\u0644\u0631\u0648\u062d\" data-src=\"https:\/\/asdaamaghribia.ma\/fr\/wp-content\/uploads\/2026\/01\/\u062e\u062f\u064a\u062c\u0629-368x445.jpg\" data-bs-srcset=\"{&quot;baseurl&quot;:&quot;https:\\\/\\\/asdaamaghribia.ma\\\/fr\\\/wp-content\\\/uploads\\\/2026\\\/01\\\/&quot;,&quot;sizes&quot;:{&quot;180&quot;:&quot;\\u062e\\u062f\\u064a\\u062c\\u0629-180x217.jpg&quot;,&quot;267&quot;:&quot;\\u062e\\u062f\\u064a\\u062c\\u0629-267x322.jpg&quot;,&quot;368&quot;:&quot;\\u062e\\u062f\\u064a\\u062c\\u0629-368x445.jpg&quot;,&quot;1280&quot;:&quot;\\u062e\\u062f\\u064a\\u062c\\u0629.jpg&quot;}}\"\t\t\t\tclass=\"img-cont\" href=\"https:\/\/asdaamaghribia.ma\/fr\/actualites\/11909\/\"><\/a>\n\t\t<div class=\"term-badges floated\"><span class=\"term-badge term-11\"><a href=\"https:\/\/asdaamaghribia.ma\/fr\/category\/actualites\/\">Actualit\u00e9s<\/a><\/span><\/div>\t\t<div class=\"content-container\">\n\t\t\t<h2 class=\"title\">\t\t\t<a href=\"https:\/\/asdaamaghribia.ma\/fr\/actualites\/11909\/\" class=\"post-url post-title\">\n\t\t\t\t\u062e\u062f\u064a\u062c\u0629 \u0627\u0644\u0633\u0642\u0627\u0637 : \u0631\u062d\u0644\u0629 \u0639\u0635\u0627\u0645\u064a\u0629 \u0628\u064a\u0646 \u0627\u0644\u062a\u062c\u0631\u064a\u062f \u0648\u062a\u0648\u0647\u062c \u0627\u0644\u0631\u0648\u062d\t\t\t<\/a>\n\t\t\t<\/h2>\t\t<div class=\"post-meta\">\n\n\t\t\t\t\t\t\t<a href=\"https:\/\/asdaamaghribia.ma\/fr\/author\/admin\/\"\n\t\t\t\t   title=\"Parcourir les articles Auteur\"\n\t\t\t\t   class=\"post-author-a\">\n\t\t\t\t\t<i class=\"post-author author\">\n\t\t\t\t\t\tadmin\t\t\t\t\t<\/i>\n\t\t\t\t<\/a>\n\t\t\t\t\t\t\t<span class=\"time\"><time class=\"post-published updated\"\n\t\t\t\t                         datetime=\"2026-01-03T11:42:40+00:00\">Jan 3, 2026<\/time><\/span>\n\t\t\t\t<a href=\"https:\/\/asdaamaghribia.ma\/fr\/actualites\/11909\/#disqus_thread\" title=\"Laisser un commentaire sur: &quot;\u062e\u062f\u064a\u062c\u0629 \u0627\u0644\u0633\u0642\u0627\u0637 : \u0631\u062d\u0644\u0629 \u0639\u0635\u0627\u0645\u064a\u0629 \u0628\u064a\u0646 \u0627\u0644\u062a\u062c\u0631\u064a\u062f \u0648\u062a\u0648\u0647\u062c \u0627\u0644\u0631\u0648\u062d&quot;\" class=\"comments\"><i class=\"fa fa-comments-o\"><\/i> <\/a>\t\t<\/div>\n\t\t\t\t<\/div>\n\t<\/div>\n\t<\/article >\n\t<article class=\"post-11887 type-post format-standard has-post-thumbnail  listing-item-3 listing-item listing-mg-item listing-mg-4-item main-term-17 bsw-250\">\n\t<div class=\"item-content\">\n\t\t<a  title=\"Trois Marocaines dans le Top 40 des femmes d\u2019affaires les plus influentes du monde arabe\" data-src=\"https:\/\/asdaamaghribia.ma\/fr\/wp-content\/uploads\/2025\/12\/forbes-femmes--368x445.webp\" data-bs-srcset=\"{&quot;baseurl&quot;:&quot;https:\\\/\\\/asdaamaghribia.ma\\\/fr\\\/wp-content\\\/uploads\\\/2025\\\/12\\\/&quot;,&quot;sizes&quot;:{&quot;180&quot;:&quot;forbes-femmes--180x217.webp&quot;,&quot;267&quot;:&quot;forbes-femmes--267x322.webp&quot;,&quot;368&quot;:&quot;forbes-femmes--368x445.webp&quot;,&quot;800&quot;:&quot;forbes-femmes-.webp&quot;}}\"\t\t\t\tclass=\"img-cont\" href=\"https:\/\/asdaamaghribia.ma\/fr\/actualites\/11887\/\"><\/a>\n\t\t<div class=\"term-badges floated\"><span class=\"term-badge term-17\"><a href=\"https:\/\/asdaamaghribia.ma\/fr\/category\/24-24\/\">24\/24<\/a><\/span><\/div>\t\t<div class=\"content-container\">\n\t\t\t<h2 class=\"title\">\t\t\t<a href=\"https:\/\/asdaamaghribia.ma\/fr\/actualites\/11887\/\" class=\"post-url post-title\">\n\t\t\t\tTrois Marocaines dans le Top 40 des femmes d\u2019affaires les plus influentes du&hellip;\t\t\t<\/a>\n\t\t\t<\/h2>\t\t<div class=\"post-meta\">\n\n\t\t\t\t\t\t\t<a href=\"https:\/\/asdaamaghribia.ma\/fr\/author\/admin\/\"\n\t\t\t\t   title=\"Parcourir les articles Auteur\"\n\t\t\t\t   class=\"post-author-a\">\n\t\t\t\t\t<i class=\"post-author author\">\n\t\t\t\t\t\tadmin\t\t\t\t\t<\/i>\n\t\t\t\t<\/a>\n\t\t\t\t\t\t\t<span class=\"time\"><time class=\"post-published updated\"\n\t\t\t\t                         datetime=\"2025-12-28T11:56:13+00:00\">D\u00e9c 28, 2025<\/time><\/span>\n\t\t\t\t<a href=\"https:\/\/asdaamaghribia.ma\/fr\/actualites\/11887\/#disqus_thread\" title=\"Laisser un commentaire sur: &quot;Trois Marocaines dans le Top 40 des femmes d\u2019affaires les plus influentes du monde arabe&quot;\" class=\"comments\"><i class=\"fa fa-comments-o\"><\/i> <\/a>\t\t<\/div>\n\t\t\t\t<\/div>\n\t<\/div>\n\t<\/article >\n\t<\/div>\n\t\n\t<\/div>\t\t<div class=\"bs-pagination-wrapper main-term-24 slider  bs-slider-item bs-items-3\">\n\t\t\t<div class=\"listing listing-modern-grid listing-modern-grid-4 clearfix  slider-overlay-simple-gr columns-3\">\n\t\t<article class=\"post-11882 type-post format-standard has-post-thumbnail  listing-item-1 listing-item listing-mg-item listing-mg-4-item main-term-11 bsw-250\">\n\t<div class=\"item-content\">\n\t\t<a  title=\"Hasnae Taleb, 29 ans, une Marocaine au sommet de la finance mondiale\" data-src=\"https:\/\/asdaamaghribia.ma\/fr\/wp-content\/uploads\/2025\/12\/hasnae-taleb--368x405.webp\" data-bs-srcset=\"{&quot;baseurl&quot;:&quot;https:\\\/\\\/asdaamaghribia.ma\\\/fr\\\/wp-content\\\/uploads\\\/2025\\\/12\\\/&quot;,&quot;sizes&quot;:{&quot;180&quot;:&quot;hasnae-taleb--180x217.webp&quot;,&quot;267&quot;:&quot;hasnae-taleb--267x322.webp&quot;,&quot;368&quot;:&quot;hasnae-taleb--368x405.webp&quot;,&quot;720&quot;:&quot;hasnae-taleb-.webp&quot;}}\"\t\t\t\tclass=\"img-cont\" href=\"https:\/\/asdaamaghribia.ma\/fr\/uncategorized\/11882\/\"><\/a>\n\t\t<div class=\"term-badges floated\"><span class=\"term-badge term-11\"><a href=\"https:\/\/asdaamaghribia.ma\/fr\/category\/actualites\/\">Actualit\u00e9s<\/a><\/span><\/div>\t\t<div class=\"content-container\">\n\t\t\t<h2 class=\"title\">\t\t\t<a href=\"https:\/\/asdaamaghribia.ma\/fr\/uncategorized\/11882\/\" class=\"post-url post-title\">\n\t\t\t\tHasnae Taleb, 29 ans, une Marocaine au sommet de la finance mondiale\t\t\t<\/a>\n\t\t\t<\/h2>\t\t<div class=\"post-meta\">\n\n\t\t\t\t\t\t\t<a href=\"https:\/\/asdaamaghribia.ma\/fr\/author\/admin\/\"\n\t\t\t\t   title=\"Parcourir les articles Auteur\"\n\t\t\t\t   class=\"post-author-a\">\n\t\t\t\t\t<i class=\"post-author author\">\n\t\t\t\t\t\tadmin\t\t\t\t\t<\/i>\n\t\t\t\t<\/a>\n\t\t\t\t\t\t\t<span class=\"time\"><time class=\"post-published updated\"\n\t\t\t\t                         datetime=\"2025-12-28T11:36:15+00:00\">D\u00e9c 28, 2025<\/time><\/span>\n\t\t\t\t<a href=\"https:\/\/asdaamaghribia.ma\/fr\/uncategorized\/11882\/#disqus_thread\" title=\"Laisser un commentaire sur: &quot;Hasnae Taleb, 29 ans, une Marocaine au sommet de la finance mondiale&quot;\" class=\"comments\"><i class=\"fa fa-comments-o\"><\/i> <\/a>\t\t<\/div>\n\t\t\t\t<\/div>\n\t<\/div>\n\t<\/article >\n\t<article class=\"post-11791 type-post format-standard has-post-thumbnail  listing-item-2 listing-item listing-mg-item listing-mg-4-item main-term-17 bsw-250\">\n\t<div class=\"item-content\">\n\t\t<a  title=\"Andr\u00e9 Azoulay, Moroccan by birth&#8230; When the nation is insulted through one of its noblest sons\" data-src=\"https:\/\/asdaamaghribia.ma\/fr\/wp-content\/uploads\/2025\/04\/azoulay_forum_civilisations-368x445.webp\" data-bs-srcset=\"{&quot;baseurl&quot;:&quot;https:\\\/\\\/asdaamaghribia.ma\\\/fr\\\/wp-content\\\/uploads\\\/2025\\\/04\\\/&quot;,&quot;sizes&quot;:{&quot;180&quot;:&quot;azoulay_forum_civilisations-180x217.webp&quot;,&quot;267&quot;:&quot;azoulay_forum_civilisations-267x322.webp&quot;,&quot;368&quot;:&quot;azoulay_forum_civilisations-368x445.webp&quot;,&quot;800&quot;:&quot;azoulay_forum_civilisations.webp&quot;}}\"\t\t\t\tclass=\"img-cont\" href=\"https:\/\/asdaamaghribia.ma\/fr\/politique\/11791\/\"><\/a>\n\t\t<div class=\"term-badges floated\"><span class=\"term-badge term-17\"><a href=\"https:\/\/asdaamaghribia.ma\/fr\/category\/24-24\/\">24\/24<\/a><\/span><\/div>\t\t<div class=\"content-container\">\n\t\t\t<h2 class=\"title\">\t\t\t<a href=\"https:\/\/asdaamaghribia.ma\/fr\/politique\/11791\/\" class=\"post-url post-title\">\n\t\t\t\tAndr\u00e9 Azoulay, Moroccan by birth&#8230; When the nation is insulted through one&hellip;\t\t\t<\/a>\n\t\t\t<\/h2>\t\t<div class=\"post-meta\">\n\n\t\t\t\t\t\t\t<a href=\"https:\/\/asdaamaghribia.ma\/fr\/author\/admin\/\"\n\t\t\t\t   title=\"Parcourir les articles Auteur\"\n\t\t\t\t   class=\"post-author-a\">\n\t\t\t\t\t<i class=\"post-author author\">\n\t\t\t\t\t\tadmin\t\t\t\t\t<\/i>\n\t\t\t\t<\/a>\n\t\t\t\t\t\t\t<span class=\"time\"><time class=\"post-published updated\"\n\t\t\t\t                         datetime=\"2025-04-14T12:07:43+00:00\">Avr 14, 2025<\/time><\/span>\n\t\t\t\t<a href=\"https:\/\/asdaamaghribia.ma\/fr\/politique\/11791\/#disqus_thread\" title=\"Laisser un commentaire sur: &quot;Andr\u00e9 Azoulay, Moroccan by birth&#8230; When the nation is insulted through one of its noblest sons&quot;\" class=\"comments\"><i class=\"fa fa-comments-o\"><\/i> <\/a>\t\t<\/div>\n\t\t\t\t<\/div>\n\t<\/div>\n\t<\/article >\n\t<article class=\"post-11757 type-post format-standard has-post-thumbnail  listing-item-3 listing-item listing-mg-item listing-mg-4-item main-term-17 bsw-250\">\n\t<div class=\"item-content\">\n\t\t<a  title=\"Andr\u00e9 Azoulay\u2026 Quand la patrie est insult\u00e9e \u00e0 travers l\u2019un de ses nobles fils\" data-src=\"https:\/\/asdaamaghribia.ma\/fr\/wp-content\/uploads\/2025\/04\/ANDREY-368x445.jpg\" data-bs-srcset=\"{&quot;baseurl&quot;:&quot;https:\\\/\\\/asdaamaghribia.ma\\\/fr\\\/wp-content\\\/uploads\\\/2025\\\/04\\\/&quot;,&quot;sizes&quot;:{&quot;180&quot;:&quot;ANDREY-180x217.jpg&quot;,&quot;267&quot;:&quot;ANDREY-267x322.jpg&quot;,&quot;368&quot;:&quot;ANDREY-368x445.jpg&quot;,&quot;1200&quot;:&quot;ANDREY.jpg&quot;}}\"\t\t\t\tclass=\"img-cont\" href=\"https:\/\/asdaamaghribia.ma\/fr\/actualites\/11757\/\"><\/a>\n\t\t<div class=\"term-badges floated\"><span class=\"term-badge term-17\"><a href=\"https:\/\/asdaamaghribia.ma\/fr\/category\/24-24\/\">24\/24<\/a><\/span><\/div>\t\t<div class=\"content-container\">\n\t\t\t<h2 class=\"title\">\t\t\t<a href=\"https:\/\/asdaamaghribia.ma\/fr\/actualites\/11757\/\" class=\"post-url post-title\">\n\t\t\t\tAndr\u00e9 Azoulay\u2026 Quand la patrie est insult\u00e9e \u00e0 travers l\u2019un de ses nobles fils\t\t\t<\/a>\n\t\t\t<\/h2>\t\t<div class=\"post-meta\">\n\n\t\t\t\t\t\t\t<a href=\"https:\/\/asdaamaghribia.ma\/fr\/author\/admin\/\"\n\t\t\t\t   title=\"Parcourir les articles Auteur\"\n\t\t\t\t   class=\"post-author-a\">\n\t\t\t\t\t<i class=\"post-author author\">\n\t\t\t\t\t\tadmin\t\t\t\t\t<\/i>\n\t\t\t\t<\/a>\n\t\t\t\t\t\t\t<span class=\"time\"><time class=\"post-published updated\"\n\t\t\t\t                         datetime=\"2025-04-10T21:28:22+00:00\">Avr 10, 2025<\/time><\/span>\n\t\t\t\t<a href=\"https:\/\/asdaamaghribia.ma\/fr\/actualites\/11757\/#disqus_thread\" title=\"Laisser un commentaire sur: &quot;Andr\u00e9 Azoulay\u2026 Quand la patrie est insult\u00e9e \u00e0 travers l\u2019un de ses nobles fils&quot;\" class=\"comments\"><i class=\"fa fa-comments-o\"><\/i> <\/a>\t\t<\/div>\n\t\t\t\t<\/div>\n\t<\/div>\n\t<\/article >\n\t<\/div>\n\t\n\t<\/div><div class=\"bs-slider-controls main-term-24\"><div class=\"bs-control-nav  bs-control-nav-style-1\"><\/div><\/div><\/div><\/div><div id=\"\" class=\"bscb-24789 vc_custom_1702157822335 bsb-have-heading-color have_bg bs-listing bs-listing-listing-mix-1-2 bs-listing-single-tab\">\t\t<h3 class=\"section-heading sh-t4 sh-s6 main-term-10\">\n\n\t\t\n\t\t\t\t\t\t\t<a href=\"https:\/\/asdaamaghribia.ma\/fr\/category\/activites-royales\/\" class=\"main-link\">\n\t\t\t\t\t\t\t<span class=\"h-text main-term-10\">\n\t\t\t\t\t\t\t\t<i class=\"bf-icon bf-custom-icon bf-custom-icon-url\"><img decoding=\"async\" src=\"http:\/\/asdaemaghribia.ma\/wp-content\/uploads\/2023\/11\/almalik.jpg\"><\/i> Activit\u00e9s Royales\t\t\t\t\t\t\t<\/span>\n\t\t\t\t<\/a>\n\t\t\t\n\t\t\n\t\t<\/h3>\n\t\t\t<div class=\"listing listing-mix-1-2 clearfix \">\n\t\t<div class=\"item-inner\">\n\t\t\t<div class=\"column-1\">\n\t\t\t\t\t<article class=\"post-11935 type-post format-standard has-post-thumbnail   listing-item listing-item-grid listing-item-grid-1 main-term-10\">\n\t<div class=\"item-inner\">\n\t\t\t\t\t<div class=\"featured clearfix\">\n\t\t\t\t<div class=\"term-badges floated\"><span class=\"term-badge term-10\"><a href=\"https:\/\/asdaamaghribia.ma\/fr\/category\/activites-royales\/\">Activit\u00e9s Royales<\/a><\/span><\/div>\t\t\t\t<a  title=\"SM le Roi pr\u00e9side la c\u00e9r\u00e9monie de pr\u00e9sentation et de lancement du projet de r\u00e9alisation \u00e0 Nouaceur d\u2019une usine de production des trains d\u2019atterrissage du groupe Safran\" data-src=\"https:\/\/asdaamaghribia.ma\/fr\/wp-content\/uploads\/2026\/02\/1254542312-357x210.jpeg\" data-bs-srcset=\"{&quot;baseurl&quot;:&quot;https:\\\/\\\/asdaamaghribia.ma\\\/fr\\\/wp-content\\\/uploads\\\/2026\\\/02\\\/&quot;,&quot;sizes&quot;:{&quot;210&quot;:&quot;1254542312-210x136.jpeg&quot;,&quot;279&quot;:&quot;1254542312-279x220.jpeg&quot;,&quot;357&quot;:&quot;1254542312-357x210.jpeg&quot;,&quot;508&quot;:&quot;1254542312.jpeg&quot;}}\"\t\t\t\t\t\tclass=\"img-holder\" href=\"https:\/\/asdaamaghribia.ma\/fr\/uncategorized\/11935\/\"><\/a>\n\n\t\t\t\t\t\t\t<\/div>\n\t\t<h2 class=\"title\">\t\t<a href=\"https:\/\/asdaamaghribia.ma\/fr\/uncategorized\/11935\/\" class=\"post-title post-url\">\n\t\t\tSM le Roi pr\u00e9side la c\u00e9r\u00e9monie de pr\u00e9sentation et de lancement du projet de&hellip;\t\t<\/a>\n\t\t<\/h2>\t\t<div class=\"post-meta\">\n\n\t\t\t\t\t\t\t<a href=\"https:\/\/asdaamaghribia.ma\/fr\/author\/admin\/\"\n\t\t\t\t   title=\"Parcourir les articles Auteur\"\n\t\t\t\t   class=\"post-author-a\">\n\t\t\t\t\t<i class=\"post-author author\">\n\t\t\t\t\t\tadmin\t\t\t\t\t<\/i>\n\t\t\t\t<\/a>\n\t\t\t\t\t\t\t<span class=\"time\"><time class=\"post-published updated\"\n\t\t\t\t                         datetime=\"2026-02-19T11:10:51+00:00\">F\u00e9v 19, 2026<\/time><\/span>\n\t\t\t\t<a href=\"https:\/\/asdaamaghribia.ma\/fr\/uncategorized\/11935\/#disqus_thread\" title=\"Laisser un commentaire sur: &quot;SM le Roi pr\u00e9side la c\u00e9r\u00e9monie de pr\u00e9sentation et de lancement du projet de r\u00e9alisation \u00e0 Nouaceur d\u2019une usine de production des trains d\u2019atterrissage du groupe Safran&quot;\" class=\"comments\"><i class=\"fa fa-comments-o\"><\/i> <\/a>\t\t<\/div>\n\t\t\t\t\t<div class=\"post-summary\">\n\t\t\t\t\u00a0Sa Majest\u00e9 le Roi Mohammed VI, que Dieu L\u2019assiste, accompagn\u00e9 de SAR le Prince H\u00e9ritier Moulay El Hassan, a&hellip;\t\t\t<\/div>\n\t\t\t<\/div>\n\t<\/article >\n\t\t\t<\/div>\n\t\t\t<div class=\"column-2\">\n\t\t\t\t\t\t\t\t\t<div class=\"listing listing-thumbnail listing-tb-2 clearfix scolumns-2\">\n\t\t\t\t\t\t<article  class=\"post-11848 type-post format-standard has-post-thumbnail   listing-item listing-item-thumbnail listing-item-tb-2 main-term-17\">\n<div class=\"item-inner clearfix\">\n\t\t\t<div class=\"featured featured-type-featured-image\">\n\t\t\t<div class=\"term-badges floated\"><span class=\"term-badge term-17\"><a href=\"https:\/\/asdaamaghribia.ma\/fr\/category\/24-24\/\">24\/24<\/a><\/span><\/div>\t\t\t<a  title=\"SM le Roi adresse un Discours \u00e0 Son peuple fid\u00e8le\" data-src=\"https:\/\/asdaamaghribia.ma\/fr\/wp-content\/uploads\/2025\/10\/discours-royal-210x136.webp\" data-bs-srcset=\"{&quot;baseurl&quot;:&quot;https:\\\/\\\/asdaamaghribia.ma\\\/fr\\\/wp-content\\\/uploads\\\/2025\\\/10\\\/&quot;,&quot;sizes&quot;:{&quot;86&quot;:&quot;discours-royal-86x64.webp&quot;,&quot;210&quot;:&quot;discours-royal-210x136.webp&quot;,&quot;279&quot;:&quot;discours-royal-279x220.webp&quot;,&quot;357&quot;:&quot;discours-royal-357x210.webp&quot;,&quot;750&quot;:&quot;discours-royal-750x430.webp&quot;,&quot;800&quot;:&quot;discours-royal.webp&quot;}}\"\t\t\t\t\tclass=\"img-holder\" href=\"https:\/\/asdaamaghribia.ma\/fr\/uncategorized\/11848\/\"><\/a>\n\t\t\t\t\t<\/div>\n\t<h2 class=\"title\">\t<a class=\"post-url\" href=\"https:\/\/asdaamaghribia.ma\/fr\/uncategorized\/11848\/\" title=\"SM le Roi adresse un Discours \u00e0 Son peuple fid\u00e8le\">\n\t\t\t<span class=\"post-title\">\n\t\t\t\tSM le Roi adresse un Discours \u00e0 Son peuple fid\u00e8le\t\t\t<\/span>\n\t<\/a>\n\t<\/h2><\/div>\n<\/article >\n<article  class=\"post-11736 type-post format-standard has-post-thumbnail   listing-item listing-item-thumbnail listing-item-tb-2 main-term-17\">\n<div class=\"item-inner clearfix\">\n\t\t\t<div class=\"featured featured-type-featured-image\">\n\t\t\t<div class=\"term-badges floated\"><span class=\"term-badge term-17\"><a href=\"https:\/\/asdaamaghribia.ma\/fr\/category\/24-24\/\">24\/24<\/a><\/span><\/div>\t\t\t<a  title=\"Le Roi Mohammed VI adresse ses f\u00e9licitations \u00e0 Donald J. Trump pour sa r\u00e9\u00e9lection \u00e0 la pr\u00e9sidence des \u00c9tats-Unis\" data-src=\"https:\/\/asdaamaghribia.ma\/fr\/wp-content\/uploads\/2024\/11\/MohammedVI-and-Donal-Trump-210x136.jpg\" data-bs-srcset=\"{&quot;baseurl&quot;:&quot;https:\\\/\\\/asdaamaghribia.ma\\\/fr\\\/wp-content\\\/uploads\\\/2024\\\/11\\\/&quot;,&quot;sizes&quot;:{&quot;86&quot;:&quot;MohammedVI-and-Donal-Trump-86x64.jpg&quot;,&quot;210&quot;:&quot;MohammedVI-and-Donal-Trump-210x136.jpg&quot;,&quot;279&quot;:&quot;MohammedVI-and-Donal-Trump-279x220.jpg&quot;,&quot;357&quot;:&quot;MohammedVI-and-Donal-Trump-357x210.jpg&quot;,&quot;750&quot;:&quot;MohammedVI-and-Donal-Trump-750x430.jpg&quot;,&quot;2048&quot;:&quot;MohammedVI-and-Donal-Trump.jpg&quot;}}\"\t\t\t\t\tclass=\"img-holder\" href=\"https:\/\/asdaamaghribia.ma\/fr\/activites-royales\/11736\/\"><\/a>\n\t\t\t\t\t<\/div>\n\t<h2 class=\"title\">\t<a class=\"post-url\" href=\"https:\/\/asdaamaghribia.ma\/fr\/activites-royales\/11736\/\" title=\"Le Roi Mohammed VI adresse ses f\u00e9licitations \u00e0 Donald J. Trump pour sa r\u00e9\u00e9lection \u00e0 la pr\u00e9sidence des \u00c9tats-Unis\">\n\t\t\t<span class=\"post-title\">\n\t\t\t\tLe Roi Mohammed VI adresse ses f\u00e9licitations \u00e0 Donald J.&hellip;\t\t\t<\/span>\n\t<\/a>\n\t<\/h2><\/div>\n<\/article >\n<article  class=\"post-11712 type-post format-standard has-post-thumbnail   listing-item listing-item-thumbnail listing-item-tb-2 main-term-17\">\n<div class=\"item-inner clearfix\">\n\t\t\t<div class=\"featured featured-type-featured-image\">\n\t\t\t<div class=\"term-badges floated\"><span class=\"term-badge term-17\"><a href=\"https:\/\/asdaamaghribia.ma\/fr\/category\/24-24\/\">24\/24<\/a><\/span><\/div>\t\t\t<a  title=\"SM le Roi Mohammed VI et le Pr\u00e9sident Emmanuel Macron signent \u00e0 Rabat la D\u00e9claration relative au \u00ab\u00a0Partenariat d\u2019exception renforc\u00e9\u00a0\u00bb entre le Maroc et la France\" data-src=\"https:\/\/asdaamaghribia.ma\/fr\/wp-content\/uploads\/2024\/10\/464668980_8296923360434541_3025478475985882174_n-210x136.jpg\" data-bs-srcset=\"{&quot;baseurl&quot;:&quot;https:\\\/\\\/asdaamaghribia.ma\\\/fr\\\/wp-content\\\/uploads\\\/2024\\\/10\\\/&quot;,&quot;sizes&quot;:{&quot;86&quot;:&quot;464668980_8296923360434541_3025478475985882174_n-86x64.jpg&quot;,&quot;210&quot;:&quot;464668980_8296923360434541_3025478475985882174_n-210x136.jpg&quot;,&quot;279&quot;:&quot;464668980_8296923360434541_3025478475985882174_n-279x220.jpg&quot;,&quot;357&quot;:&quot;464668980_8296923360434541_3025478475985882174_n-357x210.jpg&quot;,&quot;750&quot;:&quot;464668980_8296923360434541_3025478475985882174_n-750x430.jpg&quot;,&quot;800&quot;:&quot;464668980_8296923360434541_3025478475985882174_n.jpg&quot;}}\"\t\t\t\t\tclass=\"img-holder\" href=\"https:\/\/asdaamaghribia.ma\/fr\/politique\/11712\/\"><\/a>\n\t\t\t\t\t<\/div>\n\t<h2 class=\"title\">\t<a class=\"post-url\" href=\"https:\/\/asdaamaghribia.ma\/fr\/politique\/11712\/\" title=\"SM le Roi Mohammed VI et le Pr\u00e9sident Emmanuel Macron signent \u00e0 Rabat la D\u00e9claration relative au \u00ab\u00a0Partenariat d\u2019exception renforc\u00e9\u00a0\u00bb entre le Maroc et la France\">\n\t\t\t<span class=\"post-title\">\n\t\t\t\tSM le Roi Mohammed VI et le Pr\u00e9sident Emmanuel Macron&hellip;\t\t\t<\/span>\n\t<\/a>\n\t<\/h2><\/div>\n<\/article >\n<article  class=\"post-11709 type-post format-standard has-post-thumbnail   listing-item listing-item-thumbnail listing-item-tb-2 main-term-17\">\n<div class=\"item-inner clearfix\">\n\t\t\t<div class=\"featured featured-type-featured-image\">\n\t\t\t<div class=\"term-badges floated\"><span class=\"term-badge term-17\"><a href=\"https:\/\/asdaamaghribia.ma\/fr\/category\/24-24\/\">24\/24<\/a><\/span><\/div>\t\t\t<a  title=\"SM le Roi Mohammed VI et le Pr\u00e9sident Emmanuel Macron pr\u00e9sident la c\u00e9r\u00e9monie de signature de plusieurs accords entre le Royaume du Maroc et la R\u00e9publique fran\u00e7aise\" data-src=\"https:\/\/asdaamaghribia.ma\/fr\/wp-content\/uploads\/2024\/10\/SM-le-Roi_2_0-210x136.jpg\" data-bs-srcset=\"{&quot;baseurl&quot;:&quot;https:\\\/\\\/asdaamaghribia.ma\\\/fr\\\/wp-content\\\/uploads\\\/2024\\\/10\\\/&quot;,&quot;sizes&quot;:{&quot;86&quot;:&quot;SM-le-Roi_2_0-86x64.jpg&quot;,&quot;210&quot;:&quot;SM-le-Roi_2_0-210x136.jpg&quot;,&quot;279&quot;:&quot;SM-le-Roi_2_0-279x220.jpg&quot;,&quot;357&quot;:&quot;SM-le-Roi_2_0-357x210.jpg&quot;,&quot;450&quot;:&quot;SM-le-Roi_2_0.jpg&quot;}}\"\t\t\t\t\tclass=\"img-holder\" href=\"https:\/\/asdaamaghribia.ma\/fr\/economie\/11709\/\"><\/a>\n\t\t\t\t\t<\/div>\n\t<h2 class=\"title\">\t<a class=\"post-url\" href=\"https:\/\/asdaamaghribia.ma\/fr\/economie\/11709\/\" title=\"SM le Roi Mohammed VI et le Pr\u00e9sident Emmanuel Macron pr\u00e9sident la c\u00e9r\u00e9monie de signature de plusieurs accords entre le Royaume du Maroc et la R\u00e9publique fran\u00e7aise\">\n\t\t\t<span class=\"post-title\">\n\t\t\t\tSM le Roi Mohammed VI et le Pr\u00e9sident Emmanuel Macron&hellip;\t\t\t<\/span>\n\t<\/a>\n\t<\/h2><\/div>\n<\/article >\n\t\t\t\t\t<\/div>\n\t\t\t\t\t\t\t\t<\/div>\n\t\t<\/div>\n\t<\/div>\n<\/div><div id=\"\" class=\"bscb-76563 bsb-have-heading-color bs-listing bs-listing-listing-blog-1 bs-listing-single-tab\">\t\t<h3 class=\"section-heading sh-t4 sh-s6 main-term-16\">\n\n\t\t\n\t\t\t\t\t\t\t<a href=\"https:\/\/asdaamaghribia.ma\/fr\/category\/a-vos-marques\/\" class=\"main-link\">\n\t\t\t\t\t\t\t<span class=\"h-text main-term-16\">\n\t\t\t\t\t\t\t\t<i class=\"bf-icon bf-custom-icon bf-custom-icon-url\"><img decoding=\"async\" src=\"http:\/\/asdaemaghribia.ma\/wp-content\/uploads\/2023\/11\/driss.jpg\"><\/i> A vos marques\t\t\t\t\t\t\t<\/span>\n\t\t\t\t<\/a>\n\t\t\t\n\t\t\n\t\t<\/h3>\n\t\t\t<div class=\"listing listing-blog listing-blog-5 clearfix columns-2\">\n\t\t<article class=\"post-12014 type-post format-standard has-post-thumbnail   listing-item listing-item-blog  listing-item-blog-5 main-term-17 bsw-4 \">\n\t<div class=\"item-inner clearfix\">\n\n\t\t\t\t\t<div class=\"featured clearfix\">\n\t\t\t\t<div class=\"term-badges floated\"><span class=\"term-badge term-17\"><a href=\"https:\/\/asdaamaghribia.ma\/fr\/category\/24-24\/\">24\/24<\/a><\/span><\/div>\t\t\t\t<a  title=\"La Tour Mohammed VI : \u00c9clat d\u2019ing\u00e9nierie et vision royale\u202f\" data-src=\"https:\/\/asdaamaghribia.ma\/fr\/wp-content\/uploads\/2026\/04\/images-1-194x210.jpeg\" data-bs-srcset=\"{&quot;baseurl&quot;:&quot;https:\\\/\\\/asdaamaghribia.ma\\\/fr\\\/wp-content\\\/uploads\\\/2026\\\/04\\\/&quot;,&quot;sizes&quot;:{&quot;194&quot;:&quot;images-1.jpeg&quot;}}\"\t\t\t\t\t\tclass=\"img-holder\" href=\"https:\/\/asdaamaghribia.ma\/fr\/a-vos-marques\/12014\/\"><\/a>\n\t\t\t\t\t\t\t<\/div>\n\t\t<h2 class=\"title\">\t\t<a href=\"https:\/\/asdaamaghribia.ma\/fr\/a-vos-marques\/12014\/\" class=\"post-title post-url\">\n\t\t\tLa Tour Mohammed VI : \u00c9clat d\u2019ing\u00e9nierie et vision royale\u202f\t\t<\/a>\n\t\t<\/h2>\t\t<div class=\"post-meta\">\n\n\t\t\t\t\t\t\t<a href=\"https:\/\/asdaamaghribia.ma\/fr\/author\/admin\/\"\n\t\t\t\t   title=\"Parcourir les articles Auteur\"\n\t\t\t\t   class=\"post-author-a\">\n\t\t\t\t\t<i class=\"post-author author\">\n\t\t\t\t\t\tadmin\t\t\t\t\t<\/i>\n\t\t\t\t<\/a>\n\t\t\t\t\t\t\t<span class=\"time\"><time class=\"post-published updated\"\n\t\t\t\t                         datetime=\"2026-04-24T17:57:52+00:00\">Avr 24, 2026<\/time><\/span>\n\t\t\t\t<a href=\"https:\/\/asdaamaghribia.ma\/fr\/a-vos-marques\/12014\/#disqus_thread\" title=\"Laisser un commentaire sur: &quot;La Tour Mohammed VI : \u00c9clat d\u2019ing\u00e9nierie et vision royale\u202f&quot;\" class=\"comments\"><i class=\"fa fa-comments-o\"><\/i> <\/a>\t\t<\/div>\n\t\t\t\t\t<div class=\"post-summary\">\n\t\t\t\t \r\nSur ordre de Sa Majest\u00e9 le Roi Mohammed VI, que Dieu L\u2019assiste, Son Altesse Royale le Prince H\u00e9ritier Moulay El&hellip;\t\t\t\t\t<br><a class=\"read-more\"\n\t\t\t\t\t       href=\"https:\/\/asdaamaghribia.ma\/fr\/a-vos-marques\/12014\/\">Lire la suite...<\/a>\n\t\t\t\t\t\t\t<\/div>\n\t\t\t\t<\/div>\n\t<\/article >\n\t<article class=\"post-11904 type-post format-standard has-post-thumbnail   listing-item listing-item-blog  listing-item-blog-5 main-term-17 bsw-4 \">\n\t<div class=\"item-inner clearfix\">\n\n\t\t\t\t\t<div class=\"featured clearfix\">\n\t\t\t\t<div class=\"term-badges floated\"><span class=\"term-badge term-17\"><a href=\"https:\/\/asdaamaghribia.ma\/fr\/category\/24-24\/\">24\/24<\/a><\/span><\/div>\t\t\t\t<a  title=\"\u0641\u0636\u064a\u062d\u0629 \u0633\u0631\u0642\u0629 \u0643\u0631\u0629 \u0627\u0644\u0645\u0628\u0627\u0631\u0627\u0629 \u062a\u0636\u0639 \u0637\u0627\u0642\u0645 \u0627\u0644\u0645\u0646\u062a\u062e\u0628 \u0627\u0644\u062c\u0632\u0627\u0626\u0631\u064a \u062a\u062d\u062a \u0627\u0644\u0645\u062c\u0647\u0631 \u0627\u0644\u0625\u0641\u0631\u064a\u0642\u064a\" data-src=\"https:\/\/asdaamaghribia.ma\/fr\/wp-content\/uploads\/2026\/01\/Tok_5-357x210.jpg\" data-bs-srcset=\"{&quot;baseurl&quot;:&quot;https:\\\/\\\/asdaamaghribia.ma\\\/fr\\\/wp-content\\\/uploads\\\/2026\\\/01\\\/&quot;,&quot;sizes&quot;:{&quot;210&quot;:&quot;Tok_5-210x136.jpg&quot;,&quot;279&quot;:&quot;Tok_5-279x220.jpg&quot;,&quot;357&quot;:&quot;Tok_5-357x210.jpg&quot;,&quot;720&quot;:&quot;Tok_5.jpg&quot;}}\"\t\t\t\t\t\tclass=\"img-holder\" href=\"https:\/\/asdaamaghribia.ma\/fr\/sport\/11904\/\"><\/a>\n\t\t\t\t\t\t\t<\/div>\n\t\t<h2 class=\"title\">\t\t<a href=\"https:\/\/asdaamaghribia.ma\/fr\/sport\/11904\/\" class=\"post-title post-url\">\n\t\t\t\u0641\u0636\u064a\u062d\u0629 \u0633\u0631\u0642\u0629 \u0643\u0631\u0629 \u0627\u0644\u0645\u0628\u0627\u0631\u0627\u0629 \u062a\u0636\u0639 \u0637\u0627\u0642\u0645 \u0627\u0644\u0645\u0646\u062a\u062e\u0628 \u0627\u0644\u062c\u0632\u0627\u0626\u0631\u064a \u062a\u062d\u062a \u0627\u0644\u0645\u062c\u0647\u0631 \u0627\u0644\u0625\u0641\u0631\u064a\u0642\u064a\t\t<\/a>\n\t\t<\/h2>\t\t<div class=\"post-meta\">\n\n\t\t\t\t\t\t\t<a href=\"https:\/\/asdaamaghribia.ma\/fr\/author\/admin\/\"\n\t\t\t\t   title=\"Parcourir les articles Auteur\"\n\t\t\t\t   class=\"post-author-a\">\n\t\t\t\t\t<i class=\"post-author author\">\n\t\t\t\t\t\tadmin\t\t\t\t\t<\/i>\n\t\t\t\t<\/a>\n\t\t\t\t\t\t\t<span class=\"time\"><time class=\"post-published updated\"\n\t\t\t\t                         datetime=\"2026-01-02T20:06:52+00:00\">Jan 2, 2026<\/time><\/span>\n\t\t\t\t<a href=\"https:\/\/asdaamaghribia.ma\/fr\/sport\/11904\/#disqus_thread\" title=\"Laisser un commentaire sur: &quot;\u0641\u0636\u064a\u062d\u0629 \u0633\u0631\u0642\u0629 \u0643\u0631\u0629 \u0627\u0644\u0645\u0628\u0627\u0631\u0627\u0629 \u062a\u0636\u0639 \u0637\u0627\u0642\u0645 \u0627\u0644\u0645\u0646\u062a\u062e\u0628 \u0627\u0644\u062c\u0632\u0627\u0626\u0631\u064a \u062a\u062d\u062a \u0627\u0644\u0645\u062c\u0647\u0631 \u0627\u0644\u0625\u0641\u0631\u064a\u0642\u064a&quot;\" class=\"comments\"><i class=\"fa fa-comments-o\"><\/i> <\/a>\t\t<\/div>\n\t\t\t\t\t<div class=\"post-summary\">\n\t\t\t\t\u0641\u064a \u062d\u0627\u062f\u062b\u0629 \u063a\u064a\u0631 \u0645\u0633\u0628\u0648\u0642\u0629\u060c \u0623\u062b\u0627\u0631\u062a \u0648\u0627\u0642\u0639\u0629 \u062a\u0648\u0631\u0637 \u0637\u0627\u0642\u0645 \u0627\u0644\u0645\u0646\u062a\u062e\u0628 \u0627\u0644\u062c\u0632\u0627\u0626\u0631\u064a \u0641\u064a \u0633\u0631\u0642\u0629 \u0643\u0631\u0629 \u0631\u0633\u0645\u064a\u0629 \u062e\u0644\u0627\u0644 \u0627\u0644\u0645\u0628\u0627\u0631\u0627\u0629 \u0627\u0644\u062a\u064a \u062c\u0645\u0639\u062a \u0627\u0644\u0645\u0646\u062a\u062e\u0628 \u0627\u0644\u062c\u0632\u0627\u0626\u0631\u064a&hellip;\t\t\t\t\t<br><a class=\"read-more\"\n\t\t\t\t\t       href=\"https:\/\/asdaamaghribia.ma\/fr\/sport\/11904\/\">Lire la suite...<\/a>\n\t\t\t\t\t\t\t<\/div>\n\t\t\t\t<\/div>\n\t<\/article >\n\t<article class=\"post-11896 type-post format-standard has-post-thumbnail   listing-item listing-item-blog  listing-item-blog-5 main-term-17 bsw-4 \">\n\t<div class=\"item-inner clearfix\">\n\n\t\t\t\t\t<div class=\"featured clearfix\">\n\t\t\t\t<div class=\"term-badges floated\"><span class=\"term-badge term-17\"><a href=\"https:\/\/asdaamaghribia.ma\/fr\/category\/24-24\/\">24\/24<\/a><\/span><\/div>\t\t\t\t<a  title=\"L&rsquo;Organisation Internationale de la Diplomatie Parall\u00e8le, des M\u00e9dias et de la Tol\u00e9rance : Ind\u00e9pendance dans la vision et parcours vers le rayonnement\" data-src=\"https:\/\/asdaamaghribia.ma\/fr\/wp-content\/uploads\/2025\/12\/taroudant-357x210.jpg\" data-bs-srcset=\"{&quot;baseurl&quot;:&quot;https:\\\/\\\/asdaamaghribia.ma\\\/fr\\\/wp-content\\\/uploads\\\/2025\\\/12\\\/&quot;,&quot;sizes&quot;:{&quot;210&quot;:&quot;taroudant-210x136.jpg&quot;,&quot;279&quot;:&quot;taroudant-279x220.jpg&quot;,&quot;357&quot;:&quot;taroudant-357x210.jpg&quot;,&quot;750&quot;:&quot;taroudant-750x430.jpg&quot;,&quot;1280&quot;:&quot;taroudant.jpg&quot;}}\"\t\t\t\t\t\tclass=\"img-holder\" href=\"https:\/\/asdaamaghribia.ma\/fr\/actualites\/11896\/\"><\/a>\n\t\t\t\t\t\t\t<\/div>\n\t\t<h2 class=\"title\">\t\t<a href=\"https:\/\/asdaamaghribia.ma\/fr\/actualites\/11896\/\" class=\"post-title post-url\">\n\t\t\tL&rsquo;Organisation Internationale de la Diplomatie Parall\u00e8le, des M\u00e9dias et de la Tol\u00e9rance :&hellip;\t\t<\/a>\n\t\t<\/h2>\t\t<div class=\"post-meta\">\n\n\t\t\t\t\t\t\t<a href=\"https:\/\/asdaamaghribia.ma\/fr\/author\/admin\/\"\n\t\t\t\t   title=\"Parcourir les articles Auteur\"\n\t\t\t\t   class=\"post-author-a\">\n\t\t\t\t\t<i class=\"post-author author\">\n\t\t\t\t\t\tadmin\t\t\t\t\t<\/i>\n\t\t\t\t<\/a>\n\t\t\t\t\t\t\t<span class=\"time\"><time class=\"post-published updated\"\n\t\t\t\t                         datetime=\"2025-12-30T17:59:31+00:00\">D\u00e9c 30, 2025<\/time><\/span>\n\t\t\t\t<a href=\"https:\/\/asdaamaghribia.ma\/fr\/actualites\/11896\/#disqus_thread\" title=\"Laisser un commentaire sur: &quot;L&rsquo;Organisation Internationale de la Diplomatie Parall\u00e8le, des M\u00e9dias et de la Tol\u00e9rance : Ind\u00e9pendance dans la vision et parcours vers le rayonnement&quot;\" class=\"comments\"><i class=\"fa fa-comments-o\"><\/i> <\/a>\t\t<\/div>\n\t\t\t\t\t<div class=\"post-summary\">\n\t\t\t\tDepuis l\u2019obtention de son r\u00e9c\u00e9piss\u00e9 d\u00e9finitif en f\u00e9vrier 2019, l\u2019Organisation Internationale de la Diplomatie&hellip;\t\t\t\t\t<br><a class=\"read-more\"\n\t\t\t\t\t       href=\"https:\/\/asdaamaghribia.ma\/fr\/actualites\/11896\/\">Lire la suite...<\/a>\n\t\t\t\t\t\t\t<\/div>\n\t\t\t\t<\/div>\n\t<\/article >\n\t<article class=\"post-11893 type-post format-standard has-post-thumbnail   listing-item listing-item-blog  listing-item-blog-5 main-term-17 bsw-4 \">\n\t<div class=\"item-inner clearfix\">\n\n\t\t\t\t\t<div class=\"featured clearfix\">\n\t\t\t\t<div class=\"term-badges floated\"><span class=\"term-badge term-17\"><a href=\"https:\/\/asdaamaghribia.ma\/fr\/category\/24-24\/\">24\/24<\/a><\/span><\/div>\t\t\t\t<a  title=\"Le Maroc et la CAN 2025 : un levier \u00e9conomique et touristique\" data-src=\"https:\/\/asdaamaghribia.ma\/fr\/wp-content\/uploads\/2025\/12\/Marrakech--357x210.png\" data-bs-srcset=\"{&quot;baseurl&quot;:&quot;https:\\\/\\\/asdaamaghribia.ma\\\/fr\\\/wp-content\\\/uploads\\\/2025\\\/12\\\/&quot;,&quot;sizes&quot;:{&quot;210&quot;:&quot;Marrakech--210x136.png&quot;,&quot;279&quot;:&quot;Marrakech--279x220.png&quot;,&quot;357&quot;:&quot;Marrakech--357x210.png&quot;,&quot;600&quot;:&quot;Marrakech-.png&quot;}}\"\t\t\t\t\t\tclass=\"img-holder\" href=\"https:\/\/asdaamaghribia.ma\/fr\/uncategorized\/11893\/\"><\/a>\n\t\t\t\t\t\t\t<\/div>\n\t\t<h2 class=\"title\">\t\t<a href=\"https:\/\/asdaamaghribia.ma\/fr\/uncategorized\/11893\/\" class=\"post-title post-url\">\n\t\t\tLe Maroc et la CAN 2025 : un levier \u00e9conomique et touristique\t\t<\/a>\n\t\t<\/h2>\t\t<div class=\"post-meta\">\n\n\t\t\t\t\t\t\t<a href=\"https:\/\/asdaamaghribia.ma\/fr\/author\/admin\/\"\n\t\t\t\t   title=\"Parcourir les articles Auteur\"\n\t\t\t\t   class=\"post-author-a\">\n\t\t\t\t\t<i class=\"post-author author\">\n\t\t\t\t\t\tadmin\t\t\t\t\t<\/i>\n\t\t\t\t<\/a>\n\t\t\t\t\t\t\t<span class=\"time\"><time class=\"post-published updated\"\n\t\t\t\t                         datetime=\"2025-12-28T12:14:39+00:00\">D\u00e9c 28, 2025<\/time><\/span>\n\t\t\t\t<a href=\"https:\/\/asdaamaghribia.ma\/fr\/uncategorized\/11893\/#disqus_thread\" title=\"Laisser un commentaire sur: &quot;Le Maroc et la CAN 2025 : un levier \u00e9conomique et touristique&quot;\" class=\"comments\"><i class=\"fa fa-comments-o\"><\/i> <\/a>\t\t<\/div>\n\t\t\t\t\t<div class=\"post-summary\">\n\t\t\t\tL\u2019organisation de la Coupe d\u2019Afrique des Nations 2025 au Maroc d\u00e9passe le cadre sportif. Elle agit comme un moteur&hellip;\t\t\t\t\t<br><a class=\"read-more\"\n\t\t\t\t\t       href=\"https:\/\/asdaamaghribia.ma\/fr\/uncategorized\/11893\/\">Lire la suite...<\/a>\n\t\t\t\t\t\t\t<\/div>\n\t\t\t\t<\/div>\n\t<\/article >\n\t<\/div>\n\t<\/div><div class=\"tgrc tgrc-clearfix  tgrc-align-center tgrc-column-1 tgrc-float-center\"><div id=\"tgrc-8774-901879641\" class=\"tgrc-container tgrc-type-code \" itemscope=\"\" itemtype=\"https:\/\/schema.org\/WPAdBlock\" data-adid=\"8774\" data-type=\"code\"><\/div><\/div>[\/vc_column_inner][\/vc_row_inner][\/vc_column][\/vc_row][vc_row][vc_column width=\u00a0\u00bb1\/3&Prime; sticky_sidebar=\u00a0\u00bbtrue\u00a0\u00bb is_sidebar=\u00a0\u00bbtrue\u00a0\u00bb el_id=\u00a0\u00bballcontent2&Prime;]<div class=\"tgrc tgrc-clearfix  tgrc-align-center tgrc-column-1 tgrc-float-center\"><div id=\"tgrc-45711-1627158611\" class=\"tgrc-container tgrc-type-code \" itemscope=\"\" itemtype=\"https:\/\/schema.org\/WPAdBlock\" data-adid=\"45711\" data-type=\"code\"><\/div><\/div><div id=\"\" class=\" bs-listing bs-listing-listing-thumbnail-3 bs-listing-single-tab\">\t\t<h3 class=\"section-heading sh-t4 sh-s6 main-term-15\">\n\n\t\t\n\t\t\t\t\t\t\t<a href=\"https:\/\/asdaamaghribia.ma\/fr\/category\/a-vos-plumes\/\" class=\"main-link\">\n\t\t\t\t\t\t\t<span class=\"h-text main-term-15\">\n\t\t\t\t\t\t\t\t<i class=\"bf-icon bf-custom-icon bf-custom-icon-url\"><img decoding=\"async\" src=\"http:\/\/asdaemaghribia.ma\/wp-content\/uploads\/2022\/10\/aa-1.jpg\"><\/i> A vos plumes\t\t\t\t\t\t\t<\/span>\n\t\t\t\t<\/a>\n\t\t\t\n\t\t\n\t\t<\/h3>\n\t\t\t<div class=\"listing listing-thumbnail listing-tb-3 clearfix columns-1\">\n\t<article  class=\"post-11851 type-post format-standard has-post-thumbnail   listing-item listing-item-thumbnail listing-item-tb-3 main-term-17\">\n<div class=\"item-inner clearfix\">\n\t\t\t\t<div class=\"featured featured-type-featured-image\">\n\t\t\t<a  title=\"Le Maroc dans l\u2019\u00e8re du r\u00e9alisme souverain : lecture d\u2019un discours royal historique\" data-src=\"https:\/\/asdaamaghribia.ma\/fr\/wp-content\/uploads\/2025\/10\/roi-majeste-4-86x64.webp\" data-bs-srcset=\"{&quot;baseurl&quot;:&quot;https:\\\/\\\/asdaamaghribia.ma\\\/fr\\\/wp-content\\\/uploads\\\/2025\\\/10\\\/&quot;,&quot;sizes&quot;:{&quot;86&quot;:&quot;roi-majeste-4-86x64.webp&quot;,&quot;210&quot;:&quot;roi-majeste-4-210x136.webp&quot;,&quot;800&quot;:&quot;roi-majeste-4.webp&quot;}}\"\t\t\t\t\tclass=\"img-holder\" href=\"https:\/\/asdaamaghribia.ma\/fr\/politique\/11851\/\"><\/a>\n\t\t\t\t\t<\/div>\n\t<h2 class=\"title\">\t<a class=\"post-url\" href=\"https:\/\/asdaamaghribia.ma\/fr\/politique\/11851\/\" title=\"Le Maroc dans l\u2019\u00e8re du r\u00e9alisme souverain : lecture d\u2019un discours royal historique\">\n\t\t<span class=\"post-title\">\n\t\t\tLe Maroc dans l\u2019\u00e8re du r\u00e9alisme souverain : lecture d\u2019un&hellip;\t\t<\/span>\n\t<\/a>\n\t<\/h2>\t\t<div class=\"post-meta\">\n\n\t\t\t\t\t\t\t<span class=\"time\"><time class=\"post-published updated\"\n\t\t\t\t                         datetime=\"2025-10-31T21:53:23+00:00\">Oct 31, 2025<\/time><\/span>\n\t\t\t\t\t\t<\/div>\n\t\t<\/div>\n<\/article >\n<article  class=\"post-11826 type-post format-standard has-post-thumbnail   listing-item listing-item-thumbnail listing-item-tb-3 main-term-17\">\n<div class=\"item-inner clearfix\">\n\t\t\t\t<div class=\"featured featured-type-featured-image\">\n\t\t\t<a  title=\"\u00ab\u00a0De la Ville des R\u00eaves \u00e0 l\u2019Assembl\u00e9e G\u00e9n\u00e9rale des Nations Unies : Une Exp\u00e9rience Unique \u00e0 New York\u00a0\u00bb\" data-src=\"https:\/\/asdaamaghribia.ma\/fr\/wp-content\/uploads\/2025\/04\/262-86x64.jpg\" data-bs-srcset=\"{&quot;baseurl&quot;:&quot;https:\\\/\\\/asdaamaghribia.ma\\\/fr\\\/wp-content\\\/uploads\\\/2025\\\/04\\\/&quot;,&quot;sizes&quot;:{&quot;86&quot;:&quot;262-86x64.jpg&quot;,&quot;210&quot;:&quot;262-210x136.jpg&quot;,&quot;561&quot;:&quot;262.jpg&quot;}}\"\t\t\t\t\tclass=\"img-holder\" href=\"https:\/\/asdaamaghribia.ma\/fr\/politique\/11826\/\"><\/a>\n\t\t\t\t\t<\/div>\n\t<h2 class=\"title\">\t<a class=\"post-url\" href=\"https:\/\/asdaamaghribia.ma\/fr\/politique\/11826\/\" title=\"\u00ab\u00a0De la Ville des R\u00eaves \u00e0 l\u2019Assembl\u00e9e G\u00e9n\u00e9rale des Nations Unies : Une Exp\u00e9rience Unique \u00e0 New York\u00a0\u00bb\">\n\t\t<span class=\"post-title\">\n\t\t\t\u00ab\u00a0De la Ville des R\u00eaves \u00e0 l\u2019Assembl\u00e9e G\u00e9n\u00e9rale des Nations&hellip;\t\t<\/span>\n\t<\/a>\n\t<\/h2>\t\t<div class=\"post-meta\">\n\n\t\t\t\t\t\t\t<span class=\"time\"><time class=\"post-published updated\"\n\t\t\t\t                         datetime=\"2025-04-16T22:00:20+00:00\">Avr 16, 2025<\/time><\/span>\n\t\t\t\t\t\t<\/div>\n\t\t<\/div>\n<\/article >\n<article  class=\"post-11816 type-post format-standard has-post-thumbnail   listing-item listing-item-thumbnail listing-item-tb-3 main-term-17\">\n<div class=\"item-inner clearfix\">\n\t\t\t\t<div class=\"featured featured-type-featured-image\">\n\t\t\t<a  title=\"A Dream Come True: My Journey to the United Nations in New York City\" data-src=\"https:\/\/asdaamaghribia.ma\/fr\/wp-content\/uploads\/2025\/04\/001-86x64.jpg\" data-bs-srcset=\"{&quot;baseurl&quot;:&quot;https:\\\/\\\/asdaamaghribia.ma\\\/fr\\\/wp-content\\\/uploads\\\/2025\\\/04\\\/&quot;,&quot;sizes&quot;:{&quot;86&quot;:&quot;001-86x64.jpg&quot;,&quot;210&quot;:&quot;001-210x136.jpg&quot;,&quot;1440&quot;:&quot;001.jpg&quot;}}\"\t\t\t\t\tclass=\"img-holder\" href=\"https:\/\/asdaamaghribia.ma\/fr\/politique\/11816\/\"><\/a>\n\t\t\t\t\t<\/div>\n\t<h2 class=\"title\">\t<a class=\"post-url\" href=\"https:\/\/asdaamaghribia.ma\/fr\/politique\/11816\/\" title=\"A Dream Come True: My Journey to the United Nations in New York City\">\n\t\t<span class=\"post-title\">\n\t\t\tA Dream Come True: My Journey to the United Nations in New&hellip;\t\t<\/span>\n\t<\/a>\n\t<\/h2>\t\t<div class=\"post-meta\">\n\n\t\t\t\t\t\t\t<span class=\"time\"><time class=\"post-published updated\"\n\t\t\t\t                         datetime=\"2025-04-16T20:23:57+00:00\">Avr 16, 2025<\/time><\/span>\n\t\t\t\t\t\t<\/div>\n\t\t<\/div>\n<\/article >\n<article  class=\"post-11795 type-post format-standard has-post-thumbnail   listing-item listing-item-thumbnail listing-item-tb-3 main-term-17\">\n<div class=\"item-inner clearfix\">\n\t\t\t\t<div class=\"featured featured-type-featured-image\">\n\t\t\t<a  title=\"MY FWWMUN NEW YORK CITY EXPERIENCE\" data-src=\"https:\/\/asdaamaghribia.ma\/fr\/wp-content\/uploads\/2025\/04\/27-86x64.jpg\" data-bs-srcset=\"{&quot;baseurl&quot;:&quot;https:\\\/\\\/asdaamaghribia.ma\\\/fr\\\/wp-content\\\/uploads\\\/2025\\\/04\\\/&quot;,&quot;sizes&quot;:{&quot;86&quot;:&quot;27-86x64.jpg&quot;,&quot;210&quot;:&quot;27-210x136.jpg&quot;,&quot;921&quot;:&quot;27.jpg&quot;}}\"\t\t\t\t\tclass=\"img-holder\" href=\"https:\/\/asdaamaghribia.ma\/fr\/politique\/11795\/\"><\/a>\n\t\t\t\t\t<\/div>\n\t<h2 class=\"title\">\t<a class=\"post-url\" href=\"https:\/\/asdaamaghribia.ma\/fr\/politique\/11795\/\" title=\"MY FWWMUN NEW YORK CITY EXPERIENCE\">\n\t\t<span class=\"post-title\">\n\t\t\tMY FWWMUN NEW YORK CITY EXPERIENCE\t\t<\/span>\n\t<\/a>\n\t<\/h2>\t\t<div class=\"post-meta\">\n\n\t\t\t\t\t\t\t<span class=\"time\"><time class=\"post-published updated\"\n\t\t\t\t                         datetime=\"2025-04-14T12:40:31+00:00\">Avr 14, 2025<\/time><\/span>\n\t\t\t\t\t\t<\/div>\n\t\t<\/div>\n<\/article >\n<article  class=\"post-11791 type-post format-standard has-post-thumbnail   listing-item listing-item-thumbnail listing-item-tb-3 main-term-17\">\n<div class=\"item-inner clearfix\">\n\t\t\t\t<div class=\"featured featured-type-featured-image\">\n\t\t\t<a  title=\"Andr\u00e9 Azoulay, Moroccan by birth&#8230; When the nation is insulted through one of its noblest sons\" data-src=\"https:\/\/asdaamaghribia.ma\/fr\/wp-content\/uploads\/2025\/04\/azoulay_forum_civilisations-86x64.webp\" data-bs-srcset=\"{&quot;baseurl&quot;:&quot;https:\\\/\\\/asdaamaghribia.ma\\\/fr\\\/wp-content\\\/uploads\\\/2025\\\/04\\\/&quot;,&quot;sizes&quot;:{&quot;86&quot;:&quot;azoulay_forum_civilisations-86x64.webp&quot;,&quot;210&quot;:&quot;azoulay_forum_civilisations-210x136.webp&quot;,&quot;800&quot;:&quot;azoulay_forum_civilisations.webp&quot;}}\"\t\t\t\t\tclass=\"img-holder\" href=\"https:\/\/asdaamaghribia.ma\/fr\/politique\/11791\/\"><\/a>\n\t\t\t\t\t<\/div>\n\t<h2 class=\"title\">\t<a class=\"post-url\" href=\"https:\/\/asdaamaghribia.ma\/fr\/politique\/11791\/\" title=\"Andr\u00e9 Azoulay, Moroccan by birth&#8230; When the nation is insulted through one of its noblest sons\">\n\t\t<span class=\"post-title\">\n\t\t\tAndr\u00e9 Azoulay, Moroccan by birth&#8230; When the nation is&hellip;\t\t<\/span>\n\t<\/a>\n\t<\/h2>\t\t<div class=\"post-meta\">\n\n\t\t\t\t\t\t\t<span class=\"time\"><time class=\"post-published updated\"\n\t\t\t\t                         datetime=\"2025-04-14T12:07:43+00:00\">Avr 14, 2025<\/time><\/span>\n\t\t\t\t\t\t<\/div>\n\t\t<\/div>\n<\/article >\n<article  class=\"post-11776 type-post format-standard has-post-thumbnail   listing-item listing-item-thumbnail listing-item-tb-3 main-term-17\">\n<div class=\"item-inner clearfix\">\n\t\t\t\t<div class=\"featured featured-type-featured-image\">\n\t\t\t<a  title=\"New York : Une Exp\u00e9rience Diplomatique et Culturelle Inoubliable\" data-src=\"https:\/\/asdaamaghribia.ma\/fr\/wp-content\/uploads\/2025\/04\/17-1-86x64.jpg\" data-bs-srcset=\"{&quot;baseurl&quot;:&quot;https:\\\/\\\/asdaamaghribia.ma\\\/fr\\\/wp-content\\\/uploads\\\/2025\\\/04\\\/&quot;,&quot;sizes&quot;:{&quot;86&quot;:&quot;17-1-86x64.jpg&quot;,&quot;210&quot;:&quot;17-1-210x136.jpg&quot;,&quot;1026&quot;:&quot;17-1.jpg&quot;}}\"\t\t\t\t\tclass=\"img-holder\" href=\"https:\/\/asdaamaghribia.ma\/fr\/politique\/11776\/\"><\/a>\n\t\t\t\t\t<\/div>\n\t<h2 class=\"title\">\t<a class=\"post-url\" href=\"https:\/\/asdaamaghribia.ma\/fr\/politique\/11776\/\" title=\"New York : Une Exp\u00e9rience Diplomatique et Culturelle Inoubliable\">\n\t\t<span class=\"post-title\">\n\t\t\tNew York : Une Exp\u00e9rience Diplomatique et Culturelle&hellip;\t\t<\/span>\n\t<\/a>\n\t<\/h2>\t\t<div class=\"post-meta\">\n\n\t\t\t\t\t\t\t<span class=\"time\"><time class=\"post-published updated\"\n\t\t\t\t                         datetime=\"2025-04-14T11:25:25+00:00\">Avr 14, 2025<\/time><\/span>\n\t\t\t\t\t\t<\/div>\n\t\t<\/div>\n<\/article >\n<article  class=\"post-11733 type-post format-standard has-post-thumbnail   listing-item listing-item-thumbnail listing-item-tb-3 main-term-17\">\n<div class=\"item-inner clearfix\">\n\t\t\t\t<div class=\"featured featured-type-featured-image\">\n\t\t\t<a  title=\"Marche verte : L\u2019initiative Royale permettra de motiver les MRE \u00e0 participer dans le processus de d\u00e9veloppement du Royaume\" data-src=\"https:\/\/asdaamaghribia.ma\/fr\/wp-content\/uploads\/2024\/11\/Radouane-86x64.png\" data-bs-srcset=\"{&quot;baseurl&quot;:&quot;https:\\\/\\\/asdaamaghribia.ma\\\/fr\\\/wp-content\\\/uploads\\\/2024\\\/11\\\/&quot;,&quot;sizes&quot;:{&quot;86&quot;:&quot;Radouane-86x64.png&quot;,&quot;210&quot;:&quot;Radouane-210x136.png&quot;,&quot;607&quot;:&quot;Radouane.png&quot;}}\"\t\t\t\t\tclass=\"img-holder\" href=\"https:\/\/asdaamaghribia.ma\/fr\/a-vos-plumes\/11733\/\"><\/a>\n\t\t\t\t\t<\/div>\n\t<h2 class=\"title\">\t<a class=\"post-url\" href=\"https:\/\/asdaamaghribia.ma\/fr\/a-vos-plumes\/11733\/\" title=\"Marche verte : L\u2019initiative Royale permettra de motiver les MRE \u00e0 participer dans le processus de d\u00e9veloppement du Royaume\">\n\t\t<span class=\"post-title\">\n\t\t\tMarche verte : L\u2019initiative Royale permettra de motiver les&hellip;\t\t<\/span>\n\t<\/a>\n\t<\/h2>\t\t<div class=\"post-meta\">\n\n\t\t\t\t\t\t\t<span class=\"time\"><time class=\"post-published updated\"\n\t\t\t\t                         datetime=\"2024-11-10T22:11:31+00:00\">Nov 10, 2024<\/time><\/span>\n\t\t\t\t\t\t<\/div>\n\t\t<\/div>\n<\/article >\n<article  class=\"post-11712 type-post format-standard has-post-thumbnail   listing-item listing-item-thumbnail listing-item-tb-3 main-term-17\">\n<div class=\"item-inner clearfix\">\n\t\t\t\t<div class=\"featured featured-type-featured-image\">\n\t\t\t<a  title=\"SM le Roi Mohammed VI et le Pr\u00e9sident Emmanuel Macron signent \u00e0 Rabat la D\u00e9claration relative au \u00ab\u00a0Partenariat d\u2019exception renforc\u00e9\u00a0\u00bb entre le Maroc et la France\" data-src=\"https:\/\/asdaamaghribia.ma\/fr\/wp-content\/uploads\/2024\/10\/464668980_8296923360434541_3025478475985882174_n-86x64.jpg\" data-bs-srcset=\"{&quot;baseurl&quot;:&quot;https:\\\/\\\/asdaamaghribia.ma\\\/fr\\\/wp-content\\\/uploads\\\/2024\\\/10\\\/&quot;,&quot;sizes&quot;:{&quot;86&quot;:&quot;464668980_8296923360434541_3025478475985882174_n-86x64.jpg&quot;,&quot;210&quot;:&quot;464668980_8296923360434541_3025478475985882174_n-210x136.jpg&quot;,&quot;800&quot;:&quot;464668980_8296923360434541_3025478475985882174_n.jpg&quot;}}\"\t\t\t\t\tclass=\"img-holder\" href=\"https:\/\/asdaamaghribia.ma\/fr\/politique\/11712\/\"><\/a>\n\t\t\t\t\t<\/div>\n\t<h2 class=\"title\">\t<a class=\"post-url\" href=\"https:\/\/asdaamaghribia.ma\/fr\/politique\/11712\/\" title=\"SM le Roi Mohammed VI et le Pr\u00e9sident Emmanuel Macron signent \u00e0 Rabat la D\u00e9claration relative au \u00ab\u00a0Partenariat d\u2019exception renforc\u00e9\u00a0\u00bb entre le Maroc et la France\">\n\t\t<span class=\"post-title\">\n\t\t\tSM le Roi Mohammed VI et le Pr\u00e9sident Emmanuel Macron&hellip;\t\t<\/span>\n\t<\/a>\n\t<\/h2>\t\t<div class=\"post-meta\">\n\n\t\t\t\t\t\t\t<span class=\"time\"><time class=\"post-published updated\"\n\t\t\t\t                         datetime=\"2024-10-29T11:04:58+00:00\">Oct 29, 2024<\/time><\/span>\n\t\t\t\t\t\t<\/div>\n\t\t<\/div>\n<\/article >\n<article  class=\"post-11680 type-post format-standard has-post-thumbnail   listing-item listing-item-thumbnail listing-item-tb-3 main-term-17\">\n<div class=\"item-inner clearfix\">\n\t\t\t\t<div class=\"featured featured-type-featured-image\">\n\t\t\t<a  title=\"Renforcement  de la reconnaissance internationale du plan d\u2019autonomie au Sahara\" data-src=\"https:\/\/asdaamaghribia.ma\/fr\/wp-content\/uploads\/2024\/09\/M2-86x64.jpg\" data-bs-srcset=\"{&quot;baseurl&quot;:&quot;https:\\\/\\\/asdaamaghribia.ma\\\/fr\\\/wp-content\\\/uploads\\\/2024\\\/09\\\/&quot;,&quot;sizes&quot;:{&quot;86&quot;:&quot;M2-86x64.jpg&quot;,&quot;210&quot;:&quot;M2-210x136.jpg&quot;,&quot;1258&quot;:&quot;M2.jpg&quot;}}\"\t\t\t\t\tclass=\"img-holder\" href=\"https:\/\/asdaamaghribia.ma\/fr\/politique\/11680\/\"><\/a>\n\t\t\t\t\t<\/div>\n\t<h2 class=\"title\">\t<a class=\"post-url\" href=\"https:\/\/asdaamaghribia.ma\/fr\/politique\/11680\/\" title=\"Renforcement  de la reconnaissance internationale du plan d\u2019autonomie au Sahara\">\n\t\t<span class=\"post-title\">\n\t\t\tRenforcement  de la reconnaissance internationale du plan&hellip;\t\t<\/span>\n\t<\/a>\n\t<\/h2>\t\t<div class=\"post-meta\">\n\n\t\t\t\t\t\t\t<span class=\"time\"><time class=\"post-published updated\"\n\t\t\t\t                         datetime=\"2024-09-29T11:34:04+00:00\">Sep 29, 2024<\/time><\/span>\n\t\t\t\t\t\t<\/div>\n\t\t<\/div>\n<\/article >\n<article  class=\"post-11677 type-post format-standard has-post-thumbnail   listing-item listing-item-thumbnail listing-item-tb-3 main-term-17\">\n<div class=\"item-inner clearfix\">\n\t\t\t\t<div class=\"featured featured-type-featured-image\">\n\t\t\t<a  title=\"C\u00e9l\u00e9bration de l\u2019anniversaire de S.A.R. la Princesse Lalla Asmaa\" data-src=\"https:\/\/asdaamaghribia.ma\/fr\/wp-content\/uploads\/2024\/09\/lalla-asmaa-86x64.webp\" data-bs-srcset=\"{&quot;baseurl&quot;:&quot;https:\\\/\\\/asdaamaghribia.ma\\\/fr\\\/wp-content\\\/uploads\\\/2024\\\/09\\\/&quot;,&quot;sizes&quot;:{&quot;86&quot;:&quot;lalla-asmaa-86x64.webp&quot;,&quot;210&quot;:&quot;lalla-asmaa-210x136.webp&quot;,&quot;800&quot;:&quot;lalla-asmaa.webp&quot;}}\"\t\t\t\t\tclass=\"img-holder\" href=\"https:\/\/asdaamaghribia.ma\/fr\/uncategorized\/11677\/\"><\/a>\n\t\t\t\t\t<\/div>\n\t<h2 class=\"title\">\t<a class=\"post-url\" href=\"https:\/\/asdaamaghribia.ma\/fr\/uncategorized\/11677\/\" title=\"C\u00e9l\u00e9bration de l\u2019anniversaire de S.A.R. la Princesse Lalla Asmaa\">\n\t\t<span class=\"post-title\">\n\t\t\tC\u00e9l\u00e9bration de l\u2019anniversaire de S.A.R. la Princesse Lalla&hellip;\t\t<\/span>\n\t<\/a>\n\t<\/h2>\t\t<div class=\"post-meta\">\n\n\t\t\t\t\t\t\t<span class=\"time\"><time class=\"post-published updated\"\n\t\t\t\t                         datetime=\"2024-09-29T11:16:01+00:00\">Sep 29, 2024<\/time><\/span>\n\t\t\t\t\t\t<\/div>\n\t\t<\/div>\n<\/article >\n\t<\/div>\n\t<\/div>[\/vc_column][vc_column width=\u00a0\u00bb2\/3&Prime;]<div id=\"\" class=\"bscb-55313  vc_custom_1702157899643 have_bg bs-listing bs-listing-listing-mix-1-2 bs-listing-single-tab\">\t\t<h3 class=\"section-heading sh-t4 sh-s6 main-term-5\">\n\n\t\t\n\t\t\t\t\t\t\t<a href=\"https:\/\/asdaamaghribia.ma\/fr\/category\/sport\/\" class=\"main-link\">\n\t\t\t\t\t\t\t<span class=\"h-text main-term-5\">\n\t\t\t\t\t\t\t\t<i class=\"bf-icon bf-custom-icon bf-custom-icon-url\"><img decoding=\"async\" src=\"http:\/\/asdaemaghribia.ma\/wp-content\/uploads\/2022\/10\/ss.jpg\"><\/i> Asdae Sports\t\t\t\t\t\t\t<\/span>\n\t\t\t\t<\/a>\n\t\t\t\n\t\t\n\t\t<\/h3>\n\t\t\t<div class=\"listing listing-mix-1-2 clearfix \">\n\t\t<div class=\"item-inner\">\n\t\t\t<div class=\"column-1\">\n\t\t\t\t\t<article class=\"post-11969 type-post format-standard has-post-thumbnail   listing-item listing-item-grid listing-item-grid-1 main-term-5\">\n\t<div class=\"item-inner\">\n\t\t\t\t\t<div class=\"featured clearfix\">\n\t\t\t\t<div class=\"term-badges floated\"><span class=\"term-badge term-5\"><a href=\"https:\/\/asdaamaghribia.ma\/fr\/category\/sport\/\">Sport<\/a><\/span><\/div>\t\t\t\t<a  title=\"CAF : Un nouveau tournant juridique dans l&rsquo;affaire Maroc-S\u00e9n\u00e9gal\" data-src=\"https:\/\/asdaamaghribia.ma\/fr\/wp-content\/uploads\/2026\/03\/\u0633\u0646\u063a\u0627\u0644-1280x720-1-357x210.webp\" data-bs-srcset=\"{&quot;baseurl&quot;:&quot;https:\\\/\\\/asdaamaghribia.ma\\\/fr\\\/wp-content\\\/uploads\\\/2026\\\/03\\\/&quot;,&quot;sizes&quot;:{&quot;210&quot;:&quot;\\u0633\\u0646\\u063a\\u0627\\u0644-1280x720-1-210x136.webp&quot;,&quot;279&quot;:&quot;\\u0633\\u0646\\u063a\\u0627\\u0644-1280x720-1-279x220.webp&quot;,&quot;357&quot;:&quot;\\u0633\\u0646\\u063a\\u0627\\u0644-1280x720-1-357x210.webp&quot;,&quot;750&quot;:&quot;\\u0633\\u0646\\u063a\\u0627\\u0644-1280x720-1-750x430.webp&quot;,&quot;1280&quot;:&quot;\\u0633\\u0646\\u063a\\u0627\\u0644-1280x720-1.webp&quot;}}\"\t\t\t\t\t\tclass=\"img-holder\" href=\"https:\/\/asdaamaghribia.ma\/fr\/sport\/11969\/\"><\/a>\n\n\t\t\t\t\t\t\t<\/div>\n\t\t<h2 class=\"title\">\t\t<a href=\"https:\/\/asdaamaghribia.ma\/fr\/sport\/11969\/\" class=\"post-title post-url\">\n\t\t\tCAF : Un nouveau tournant juridique dans l&rsquo;affaire Maroc-S\u00e9n\u00e9gal\t\t<\/a>\n\t\t<\/h2>\t\t<div class=\"post-meta\">\n\n\t\t\t\t\t\t\t<a href=\"https:\/\/asdaamaghribia.ma\/fr\/author\/admin\/\"\n\t\t\t\t   title=\"Parcourir les articles Auteur\"\n\t\t\t\t   class=\"post-author-a\">\n\t\t\t\t\t<i class=\"post-author author\">\n\t\t\t\t\t\tadmin\t\t\t\t\t<\/i>\n\t\t\t\t<\/a>\n\t\t\t\t\t\t\t<span class=\"time\"><time class=\"post-published updated\"\n\t\t\t\t                         datetime=\"2026-03-14T12:29:12+00:00\">Mar 14, 2026<\/time><\/span>\n\t\t\t\t<a href=\"https:\/\/asdaamaghribia.ma\/fr\/sport\/11969\/#disqus_thread\" title=\"Laisser un commentaire sur: &quot;CAF : Un nouveau tournant juridique dans l&rsquo;affaire Maroc-S\u00e9n\u00e9gal&quot;\" class=\"comments\"><i class=\"fa fa-comments-o\"><\/i> <\/a>\t\t<\/div>\n\t\t\t\t\t<div class=\"post-summary\">\n\t\t\t\tLa r\u00e9cente d\u00e9cision de la CAF d'annuler les conclusions de la commission de discipline et de r\u00e9examiner les&hellip;\t\t\t<\/div>\n\t\t\t<\/div>\n\t<\/article >\n\t\t\t<\/div>\n\t\t\t<div class=\"column-2\">\n\t\t\t\t\t\t\t\t\t<div class=\"listing listing-thumbnail listing-tb-2 clearfix scolumns-2\">\n\t\t\t\t\t\t<article  class=\"post-11963 type-post format-standard has-post-thumbnail   listing-item listing-item-thumbnail listing-item-tb-2 main-term-5\">\n<div class=\"item-inner clearfix\">\n\t\t\t<div class=\"featured featured-type-featured-image\">\n\t\t\t<div class=\"term-badges floated\"><span class=\"term-badge term-5\"><a href=\"https:\/\/asdaamaghribia.ma\/fr\/category\/sport\/\">Sport<\/a><\/span><\/div>\t\t\t<a  title=\"La FRM du Sport pour Tous tient son AGO 2024-2025\" data-src=\"https:\/\/asdaamaghribia.ma\/fr\/wp-content\/uploads\/2026\/03\/Nezha-Bidouane_0-210x136.webp\" data-bs-srcset=\"{&quot;baseurl&quot;:&quot;https:\\\/\\\/asdaamaghribia.ma\\\/fr\\\/wp-content\\\/uploads\\\/2026\\\/03\\\/&quot;,&quot;sizes&quot;:{&quot;86&quot;:&quot;Nezha-Bidouane_0-86x64.webp&quot;,&quot;210&quot;:&quot;Nezha-Bidouane_0-210x136.webp&quot;,&quot;279&quot;:&quot;Nezha-Bidouane_0-279x220.webp&quot;,&quot;357&quot;:&quot;Nezha-Bidouane_0-357x210.webp&quot;,&quot;450&quot;:&quot;Nezha-Bidouane_0.webp&quot;}}\"\t\t\t\t\tclass=\"img-holder\" href=\"https:\/\/asdaamaghribia.ma\/fr\/sport\/11963\/\"><\/a>\n\t\t\t\t\t<\/div>\n\t<h2 class=\"title\">\t<a class=\"post-url\" href=\"https:\/\/asdaamaghribia.ma\/fr\/sport\/11963\/\" title=\"La FRM du Sport pour Tous tient son AGO 2024-2025\">\n\t\t\t<span class=\"post-title\">\n\t\t\t\tLa FRM du Sport pour Tous tient son AGO 2024-2025\t\t\t<\/span>\n\t<\/a>\n\t<\/h2><\/div>\n<\/article >\n<article  class=\"post-11904 type-post format-standard has-post-thumbnail   listing-item listing-item-thumbnail listing-item-tb-2 main-term-17\">\n<div class=\"item-inner clearfix\">\n\t\t\t<div class=\"featured featured-type-featured-image\">\n\t\t\t<div class=\"term-badges floated\"><span class=\"term-badge term-17\"><a href=\"https:\/\/asdaamaghribia.ma\/fr\/category\/24-24\/\">24\/24<\/a><\/span><\/div>\t\t\t<a  title=\"\u0641\u0636\u064a\u062d\u0629 \u0633\u0631\u0642\u0629 \u0643\u0631\u0629 \u0627\u0644\u0645\u0628\u0627\u0631\u0627\u0629 \u062a\u0636\u0639 \u0637\u0627\u0642\u0645 \u0627\u0644\u0645\u0646\u062a\u062e\u0628 \u0627\u0644\u062c\u0632\u0627\u0626\u0631\u064a \u062a\u062d\u062a \u0627\u0644\u0645\u062c\u0647\u0631 \u0627\u0644\u0625\u0641\u0631\u064a\u0642\u064a\" data-src=\"https:\/\/asdaamaghribia.ma\/fr\/wp-content\/uploads\/2026\/01\/Tok_5-210x136.jpg\" data-bs-srcset=\"{&quot;baseurl&quot;:&quot;https:\\\/\\\/asdaamaghribia.ma\\\/fr\\\/wp-content\\\/uploads\\\/2026\\\/01\\\/&quot;,&quot;sizes&quot;:{&quot;86&quot;:&quot;Tok_5-86x64.jpg&quot;,&quot;210&quot;:&quot;Tok_5-210x136.jpg&quot;,&quot;279&quot;:&quot;Tok_5-279x220.jpg&quot;,&quot;357&quot;:&quot;Tok_5-357x210.jpg&quot;,&quot;720&quot;:&quot;Tok_5.jpg&quot;}}\"\t\t\t\t\tclass=\"img-holder\" href=\"https:\/\/asdaamaghribia.ma\/fr\/sport\/11904\/\"><\/a>\n\t\t\t\t\t<\/div>\n\t<h2 class=\"title\">\t<a class=\"post-url\" href=\"https:\/\/asdaamaghribia.ma\/fr\/sport\/11904\/\" title=\"\u0641\u0636\u064a\u062d\u0629 \u0633\u0631\u0642\u0629 \u0643\u0631\u0629 \u0627\u0644\u0645\u0628\u0627\u0631\u0627\u0629 \u062a\u0636\u0639 \u0637\u0627\u0642\u0645 \u0627\u0644\u0645\u0646\u062a\u062e\u0628 \u0627\u0644\u062c\u0632\u0627\u0626\u0631\u064a \u062a\u062d\u062a \u0627\u0644\u0645\u062c\u0647\u0631 \u0627\u0644\u0625\u0641\u0631\u064a\u0642\u064a\">\n\t\t\t<span class=\"post-title\">\n\t\t\t\t\u0641\u0636\u064a\u062d\u0629 \u0633\u0631\u0642\u0629 \u0643\u0631\u0629 \u0627\u0644\u0645\u0628\u0627\u0631\u0627\u0629 \u062a\u0636\u0639 \u0637\u0627\u0642\u0645 \u0627\u0644\u0645\u0646\u062a\u062e\u0628 \u0627\u0644\u062c\u0632\u0627\u0626\u0631\u064a \u062a\u062d\u062a \u0627\u0644\u0645\u062c\u0647\u0631&hellip;\t\t\t<\/span>\n\t<\/a>\n\t<\/h2><\/div>\n<\/article >\n<article  class=\"post-11890 type-post format-standard has-post-thumbnail   listing-item listing-item-thumbnail listing-item-tb-2 main-term-17\">\n<div class=\"item-inner clearfix\">\n\t\t\t<div class=\"featured featured-type-featured-image\">\n\t\t\t<div class=\"term-badges floated\"><span class=\"term-badge term-17\"><a href=\"https:\/\/asdaamaghribia.ma\/fr\/category\/24-24\/\">24\/24<\/a><\/span><\/div>\t\t\t<a  title=\"Le Maroc et la CAN 2025 : un succ\u00e8s pour toute l\u2019Afrique\" data-src=\"https:\/\/asdaamaghribia.ma\/fr\/wp-content\/uploads\/2025\/12\/vis_1215202513180256-210x136.jpg\" data-bs-srcset=\"{&quot;baseurl&quot;:&quot;https:\\\/\\\/asdaamaghribia.ma\\\/fr\\\/wp-content\\\/uploads\\\/2025\\\/12\\\/&quot;,&quot;sizes&quot;:{&quot;86&quot;:&quot;vis_1215202513180256-86x64.jpg&quot;,&quot;210&quot;:&quot;vis_1215202513180256-210x136.jpg&quot;,&quot;279&quot;:&quot;vis_1215202513180256-279x220.jpg&quot;,&quot;357&quot;:&quot;vis_1215202513180256-357x210.jpg&quot;,&quot;750&quot;:&quot;vis_1215202513180256-750x430.jpg&quot;,&quot;826&quot;:&quot;vis_1215202513180256.jpg&quot;}}\"\t\t\t\t\tclass=\"img-holder\" href=\"https:\/\/asdaamaghribia.ma\/fr\/uncategorized\/11890\/\"><\/a>\n\t\t\t\t\t<\/div>\n\t<h2 class=\"title\">\t<a class=\"post-url\" href=\"https:\/\/asdaamaghribia.ma\/fr\/uncategorized\/11890\/\" title=\"Le Maroc et la CAN 2025 : un succ\u00e8s pour toute l\u2019Afrique\">\n\t\t\t<span class=\"post-title\">\n\t\t\t\tLe Maroc et la CAN 2025 : un succ\u00e8s pour toute l\u2019Afrique\t\t\t<\/span>\n\t<\/a>\n\t<\/h2><\/div>\n<\/article >\n<article  class=\"post-11697 type-post format-standard has-post-thumbnail   listing-item listing-item-thumbnail listing-item-tb-2 main-term-11\">\n<div class=\"item-inner clearfix\">\n\t\t\t<div class=\"featured featured-type-featured-image\">\n\t\t\t<div class=\"term-badges floated\"><span class=\"term-badge term-11\"><a href=\"https:\/\/asdaamaghribia.ma\/fr\/category\/actualites\/\">Actualit\u00e9s<\/a><\/span><\/div>\t\t\t<a  title=\"R\u00e9union de La Conf\u00e9d\u00e9ration africaine de handball \u00e0 La\u00e2youne, en marge du 45\u00e8 Championnat d&rsquo;Afrique des clubs champions de Handbal\" data-src=\"https:\/\/asdaamaghribia.ma\/fr\/wp-content\/uploads\/2024\/10\/laayoune-210x136.webp\" data-bs-srcset=\"{&quot;baseurl&quot;:&quot;https:\\\/\\\/asdaamaghribia.ma\\\/fr\\\/wp-content\\\/uploads\\\/2024\\\/10\\\/&quot;,&quot;sizes&quot;:{&quot;86&quot;:&quot;laayoune-86x64.webp&quot;,&quot;210&quot;:&quot;laayoune-210x136.webp&quot;,&quot;279&quot;:&quot;laayoune-279x220.webp&quot;,&quot;357&quot;:&quot;laayoune-357x210.webp&quot;,&quot;750&quot;:&quot;laayoune-750x430.webp&quot;,&quot;920&quot;:&quot;laayoune.webp&quot;}}\"\t\t\t\t\tclass=\"img-holder\" href=\"https:\/\/asdaamaghribia.ma\/fr\/sport\/11697\/\"><\/a>\n\t\t\t\t\t<\/div>\n\t<h2 class=\"title\">\t<a class=\"post-url\" href=\"https:\/\/asdaamaghribia.ma\/fr\/sport\/11697\/\" title=\"R\u00e9union de La Conf\u00e9d\u00e9ration africaine de handball \u00e0 La\u00e2youne, en marge du 45\u00e8 Championnat d&rsquo;Afrique des clubs champions de Handbal\">\n\t\t\t<span class=\"post-title\">\n\t\t\t\tR\u00e9union de La Conf\u00e9d\u00e9ration africaine de handball \u00e0&hellip;\t\t\t<\/span>\n\t<\/a>\n\t<\/h2><\/div>\n<\/article >\n\t\t\t\t\t<\/div>\n\t\t\t\t\t\t\t\t<\/div>\n\t\t<\/div>\n\t<\/div>\n<\/div><div id=\"\" class=\"bscb-18376 bsb-have-heading-color bs-listing bs-listing-listing-blog-1 bs-listing-single-tab\">\t\t<h3 class=\"section-heading sh-t4 sh-s6 main-term-11\">\n\n\t\t\n\t\t\t\t\t\t\t<a href=\"https:\/\/asdaamaghribia.ma\/fr\/category\/actualites\/\" class=\"main-link\">\n\t\t\t\t\t\t\t<span class=\"h-text main-term-11\">\n\t\t\t\t\t\t\t\t<i class=\"bf-icon bf-custom-icon bf-custom-icon-url\"><img decoding=\"async\" src=\"http:\/\/asdaemaghribia.ma\/wp-content\/uploads\/2022\/10\/rr.jpg\"><\/i> Asdae Nation\t\t\t\t\t\t\t<\/span>\n\t\t\t\t<\/a>\n\t\t\t\n\t\t\n\t\t<\/h3>\n\t\t\t<div class=\"listing listing-blog listing-blog-5 clearfix columns-2\">\n\t\t<article class=\"post-12042 type-post format-standard has-post-thumbnail   listing-item listing-item-blog  listing-item-blog-5 main-term-12 bsw-4 \">\n\t<div class=\"item-inner clearfix\">\n\n\t\t\t\t\t<div class=\"featured clearfix\">\n\t\t\t\t<div class=\"term-badges floated\"><span class=\"term-badge term-12\"><a href=\"https:\/\/asdaamaghribia.ma\/fr\/category\/la-une\/\">La Une<\/a><\/span><\/div>\t\t\t\t<a  title=\"Sahara marocain : La Suisse consid\u00e8re l\u2019initiative d\u2019autonomie sous souverainet\u00e9 marocaine comme base la plus s\u00e9rieuse\" data-src=\"https:\/\/asdaamaghribia.ma\/fr\/wp-content\/uploads\/2026\/04\/map-357x210.jpg\" data-bs-srcset=\"{&quot;baseurl&quot;:&quot;https:\\\/\\\/asdaamaghribia.ma\\\/fr\\\/wp-content\\\/uploads\\\/2026\\\/04\\\/&quot;,&quot;sizes&quot;:{&quot;210&quot;:&quot;map-210x136.jpg&quot;,&quot;279&quot;:&quot;map-279x220.jpg&quot;,&quot;357&quot;:&quot;map-357x210.jpg&quot;,&quot;450&quot;:&quot;map.jpg&quot;}}\"\t\t\t\t\t\tclass=\"img-holder\" href=\"https:\/\/asdaamaghribia.ma\/fr\/politique\/12042\/\"><\/a>\n\t\t\t\t\t\t\t<\/div>\n\t\t<h2 class=\"title\">\t\t<a href=\"https:\/\/asdaamaghribia.ma\/fr\/politique\/12042\/\" class=\"post-title post-url\">\n\t\t\tSahara marocain : La Suisse consid\u00e8re l\u2019initiative d\u2019autonomie sous souverainet\u00e9 marocaine comme&hellip;\t\t<\/a>\n\t\t<\/h2>\t\t<div class=\"post-meta\">\n\n\t\t\t\t\t\t\t<a href=\"https:\/\/asdaamaghribia.ma\/fr\/author\/admin\/\"\n\t\t\t\t   title=\"Parcourir les articles Auteur\"\n\t\t\t\t   class=\"post-author-a\">\n\t\t\t\t\t<i class=\"post-author author\">\n\t\t\t\t\t\tadmin\t\t\t\t\t<\/i>\n\t\t\t\t<\/a>\n\t\t\t\t\t\t\t<span class=\"time\"><time class=\"post-published updated\"\n\t\t\t\t                         datetime=\"2026-04-26T18:31:20+00:00\">Avr 26, 2026<\/time><\/span>\n\t\t\t\t<a href=\"https:\/\/asdaamaghribia.ma\/fr\/politique\/12042\/#disqus_thread\" title=\"Laisser un commentaire sur: &quot;Sahara marocain : La Suisse consid\u00e8re l\u2019initiative d\u2019autonomie sous souverainet\u00e9 marocaine comme base la plus s\u00e9rieuse&quot;\" class=\"comments\"><i class=\"fa fa-comments-o\"><\/i> <\/a>\t\t<\/div>\n\t\t\t\t\t<div class=\"post-summary\">\n\t\t\t\tLa Suisse a affirm\u00e9, vendredi, qu\u2019elle \"consid\u00e8re l\u2019initiative d\u2019autonomie\" pr\u00e9sent\u00e9e par le Maroc \"comme base la plus&hellip;\t\t\t\t\t<br><a class=\"read-more\"\n\t\t\t\t\t       href=\"https:\/\/asdaamaghribia.ma\/fr\/politique\/12042\/\">Lire la suite...<\/a>\n\t\t\t\t\t\t\t<\/div>\n\t\t\t\t<\/div>\n\t<\/article >\n\t<article class=\"post-12039 type-post format-standard has-post-thumbnail   listing-item listing-item-blog  listing-item-blog-5 main-term-11 bsw-4 \">\n\t<div class=\"item-inner clearfix\">\n\n\t\t\t\t\t<div class=\"featured clearfix\">\n\t\t\t\t<div class=\"term-badges floated\"><span class=\"term-badge term-11\"><a href=\"https:\/\/asdaamaghribia.ma\/fr\/category\/actualites\/\">Actualit\u00e9s<\/a><\/span><\/div>\t\t\t\t<a  title=\"SIAM 2026 : l&rsquo;INRA met en avant les derni\u00e8res recherches en mati\u00e8re de gestion de la raret\u00e9 de l&rsquo;eau dans le secteur agricole\" data-src=\"https:\/\/asdaamaghribia.ma\/fr\/wp-content\/uploads\/2026\/04\/Nouveau-projet970-357x210.jpg\" data-bs-srcset=\"{&quot;baseurl&quot;:&quot;https:\\\/\\\/asdaamaghribia.ma\\\/fr\\\/wp-content\\\/uploads\\\/2026\\\/04\\\/&quot;,&quot;sizes&quot;:{&quot;210&quot;:&quot;Nouveau-projet970-210x136.jpg&quot;,&quot;279&quot;:&quot;Nouveau-projet970-279x220.jpg&quot;,&quot;357&quot;:&quot;Nouveau-projet970-357x210.jpg&quot;,&quot;450&quot;:&quot;Nouveau-projet970.jpg&quot;}}\"\t\t\t\t\t\tclass=\"img-holder\" href=\"https:\/\/asdaamaghribia.ma\/fr\/uncategorized\/12039\/\"><\/a>\n\t\t\t\t\t\t\t<\/div>\n\t\t<h2 class=\"title\">\t\t<a href=\"https:\/\/asdaamaghribia.ma\/fr\/uncategorized\/12039\/\" class=\"post-title post-url\">\n\t\t\tSIAM 2026 : l&rsquo;INRA met en avant les derni\u00e8res recherches en mati\u00e8re de gestion de la raret\u00e9 de&hellip;\t\t<\/a>\n\t\t<\/h2>\t\t<div class=\"post-meta\">\n\n\t\t\t\t\t\t\t<a href=\"https:\/\/asdaamaghribia.ma\/fr\/author\/admin\/\"\n\t\t\t\t   title=\"Parcourir les articles Auteur\"\n\t\t\t\t   class=\"post-author-a\">\n\t\t\t\t\t<i class=\"post-author author\">\n\t\t\t\t\t\tadmin\t\t\t\t\t<\/i>\n\t\t\t\t<\/a>\n\t\t\t\t\t\t\t<span class=\"time\"><time class=\"post-published updated\"\n\t\t\t\t                         datetime=\"2026-04-26T18:28:23+00:00\">Avr 26, 2026<\/time><\/span>\n\t\t\t\t<a href=\"https:\/\/asdaamaghribia.ma\/fr\/uncategorized\/12039\/#disqus_thread\" title=\"Laisser un commentaire sur: &quot;SIAM 2026 : l&rsquo;INRA met en avant les derni\u00e8res recherches en mati\u00e8re de gestion de la raret\u00e9 de l&rsquo;eau dans le secteur agricole&quot;\" class=\"comments\"><i class=\"fa fa-comments-o\"><\/i> <\/a>\t\t<\/div>\n\t\t\t\t\t<div class=\"post-summary\">\n\t\t\t\t- L'Institut national de la recherche agronomique (INRA) a pr\u00e9sent\u00e9, vendredi \u00e0 Mekn\u00e8s, lors d'un panel tenu en marge du&hellip;\t\t\t\t\t<br><a class=\"read-more\"\n\t\t\t\t\t       href=\"https:\/\/asdaamaghribia.ma\/fr\/uncategorized\/12039\/\">Lire la suite...<\/a>\n\t\t\t\t\t\t\t<\/div>\n\t\t\t\t<\/div>\n\t<\/article >\n\t<article class=\"post-12036 type-post format-standard has-post-thumbnail   listing-item listing-item-blog  listing-item-blog-5 main-term-11 bsw-4 \">\n\t<div class=\"item-inner clearfix\">\n\n\t\t\t\t\t<div class=\"featured clearfix\">\n\t\t\t\t<div class=\"term-badges floated\"><span class=\"term-badge term-11\"><a href=\"https:\/\/asdaamaghribia.ma\/fr\/category\/actualites\/\">Actualit\u00e9s<\/a><\/span><\/div>\t\t\t\t<a  title=\"Trois tentatives d\u2019assassinat : Trump face \u00e0 l\u2019ombre du chaos\" data-src=\"https:\/\/asdaamaghribia.ma\/fr\/wp-content\/uploads\/2026\/04\/10-1-357x210.webp\" data-bs-srcset=\"{&quot;baseurl&quot;:&quot;https:\\\/\\\/asdaamaghribia.ma\\\/fr\\\/wp-content\\\/uploads\\\/2026\\\/04\\\/&quot;,&quot;sizes&quot;:{&quot;210&quot;:&quot;10-1-210x136.webp&quot;,&quot;279&quot;:&quot;10-1-279x220.webp&quot;,&quot;357&quot;:&quot;10-1-357x210.webp&quot;,&quot;640&quot;:&quot;10-1.webp&quot;}}\"\t\t\t\t\t\tclass=\"img-holder\" href=\"https:\/\/asdaamaghribia.ma\/fr\/monde\/12036\/\"><\/a>\n\t\t\t\t\t\t\t<\/div>\n\t\t<h2 class=\"title\">\t\t<a href=\"https:\/\/asdaamaghribia.ma\/fr\/monde\/12036\/\" class=\"post-title post-url\">\n\t\t\tTrois tentatives d\u2019assassinat : Trump face \u00e0 l\u2019ombre du chaos\t\t<\/a>\n\t\t<\/h2>\t\t<div class=\"post-meta\">\n\n\t\t\t\t\t\t\t<a href=\"https:\/\/asdaamaghribia.ma\/fr\/author\/admin\/\"\n\t\t\t\t   title=\"Parcourir les articles Auteur\"\n\t\t\t\t   class=\"post-author-a\">\n\t\t\t\t\t<i class=\"post-author author\">\n\t\t\t\t\t\tadmin\t\t\t\t\t<\/i>\n\t\t\t\t<\/a>\n\t\t\t\t\t\t\t<span class=\"time\"><time class=\"post-published updated\"\n\t\t\t\t                         datetime=\"2026-04-26T18:25:27+00:00\">Avr 26, 2026<\/time><\/span>\n\t\t\t\t<a href=\"https:\/\/asdaamaghribia.ma\/fr\/monde\/12036\/#disqus_thread\" title=\"Laisser un commentaire sur: &quot;Trois tentatives d\u2019assassinat : Trump face \u00e0 l\u2019ombre du chaos&quot;\" class=\"comments\"><i class=\"fa fa-comments-o\"><\/i> <\/a>\t\t<\/div>\n\t\t\t\t\t<div class=\"post-summary\">\n\t\t\t\tWashington \u2013 De notre envoy\u00e9 sp\u00e9cial\r\nLa question qui circule aujourd\u2019hui dans les couloirs de la capitale am\u00e9ricaine&hellip;\t\t\t\t\t<br><a class=\"read-more\"\n\t\t\t\t\t       href=\"https:\/\/asdaamaghribia.ma\/fr\/monde\/12036\/\">Lire la suite...<\/a>\n\t\t\t\t\t\t\t<\/div>\n\t\t\t\t<\/div>\n\t<\/article >\n\t<article class=\"post-12027 type-post format-standard has-post-thumbnail   listing-item listing-item-blog  listing-item-blog-5 main-term-17 bsw-4 \">\n\t<div class=\"item-inner clearfix\">\n\n\t\t\t\t\t<div class=\"featured clearfix\">\n\t\t\t\t<div class=\"term-badges floated\"><span class=\"term-badge term-17\"><a href=\"https:\/\/asdaamaghribia.ma\/fr\/category\/24-24\/\">24\/24<\/a><\/span><\/div>\t\t\t\t<a  title=\"Rencontre de fid\u00e9lit\u00e9\u2026 Mustapha Belktibia et Hassan Alaoui Directeur de Maroc Diplomatique, une image qui incarne la m\u00e9moire du journalisme marocain\" data-src=\"https:\/\/asdaamaghribia.ma\/fr\/wp-content\/uploads\/2026\/04\/\u062d\u0633\u0646-\u0627\u0644\u0639\u0644\u0648\u064a-\u0648-\u0627\u0644\u0645\u0635\u0637\u0641\u0649-\u0628\u0644\u0642\u0637\u064a\u0628\u064a\u0629-357x210.jpeg\" data-bs-srcset=\"{&quot;baseurl&quot;:&quot;https:\\\/\\\/asdaamaghribia.ma\\\/fr\\\/wp-content\\\/uploads\\\/2026\\\/04\\\/&quot;,&quot;sizes&quot;:{&quot;210&quot;:&quot;\\u062d\\u0633\\u0646-\\u0627\\u0644\\u0639\\u0644\\u0648\\u064a-\\u0648-\\u0627\\u0644\\u0645\\u0635\\u0637\\u0641\\u0649-\\u0628\\u0644\\u0642\\u0637\\u064a\\u0628\\u064a\\u0629-210x136.jpeg&quot;,&quot;279&quot;:&quot;\\u062d\\u0633\\u0646-\\u0627\\u0644\\u0639\\u0644\\u0648\\u064a-\\u0648-\\u0627\\u0644\\u0645\\u0635\\u0637\\u0641\\u0649-\\u0628\\u0644\\u0642\\u0637\\u064a\\u0628\\u064a\\u0629-279x220.jpeg&quot;,&quot;357&quot;:&quot;\\u062d\\u0633\\u0646-\\u0627\\u0644\\u0639\\u0644\\u0648\\u064a-\\u0648-\\u0627\\u0644\\u0645\\u0635\\u0637\\u0641\\u0649-\\u0628\\u0644\\u0642\\u0637\\u064a\\u0628\\u064a\\u0629-357x210.jpeg&quot;,&quot;750&quot;:&quot;\\u062d\\u0633\\u0646-\\u0627\\u0644\\u0639\\u0644\\u0648\\u064a-\\u0648-\\u0627\\u0644\\u0645\\u0635\\u0637\\u0641\\u0649-\\u0628\\u0644\\u0642\\u0637\\u064a\\u0628\\u064a\\u0629-750x430.jpeg&quot;,&quot;960&quot;:&quot;\\u062d\\u0633\\u0646-\\u0627\\u0644\\u0639\\u0644\\u0648\\u064a-\\u0648-\\u0627\\u0644\\u0645\\u0635\\u0637\\u0641\\u0649-\\u0628\\u0644\\u0642\\u0637\\u064a\\u0628\\u064a\\u0629.jpeg&quot;}}\"\t\t\t\t\t\tclass=\"img-holder\" href=\"https:\/\/asdaamaghribia.ma\/fr\/actualites\/12027\/\"><\/a>\n\t\t\t\t\t\t\t<\/div>\n\t\t<h2 class=\"title\">\t\t<a href=\"https:\/\/asdaamaghribia.ma\/fr\/actualites\/12027\/\" class=\"post-title post-url\">\n\t\t\tRencontre de fid\u00e9lit\u00e9\u2026 Mustapha Belktibia et Hassan Alaoui Directeur de Maroc Diplomatique, une&hellip;\t\t<\/a>\n\t\t<\/h2>\t\t<div class=\"post-meta\">\n\n\t\t\t\t\t\t\t<a href=\"https:\/\/asdaamaghribia.ma\/fr\/author\/admin\/\"\n\t\t\t\t   title=\"Parcourir les articles Auteur\"\n\t\t\t\t   class=\"post-author-a\">\n\t\t\t\t\t<i class=\"post-author author\">\n\t\t\t\t\t\tadmin\t\t\t\t\t<\/i>\n\t\t\t\t<\/a>\n\t\t\t\t\t\t\t<span class=\"time\"><time class=\"post-published updated\"\n\t\t\t\t                         datetime=\"2026-04-24T22:04:32+00:00\">Avr 24, 2026<\/time><\/span>\n\t\t\t\t<a href=\"https:\/\/asdaamaghribia.ma\/fr\/actualites\/12027\/#disqus_thread\" title=\"Laisser un commentaire sur: &quot;Rencontre de fid\u00e9lit\u00e9\u2026 Mustapha Belktibia et Hassan Alaoui Directeur de Maroc Diplomatique, une image qui incarne la m\u00e9moire du journalisme marocain&quot;\" class=\"comments\"><i class=\"fa fa-comments-o\"><\/i> <\/a>\t\t<\/div>\n\t\t\t\t\t<div class=\"post-summary\">\n\t\t\t\t \r\nDans une sc\u00e8ne empreinte de symbolisme et de profondeur, Mustapha Belktibia, Directeur de la revue Asda\u00e2&hellip;\t\t\t\t\t<br><a class=\"read-more\"\n\t\t\t\t\t       href=\"https:\/\/asdaamaghribia.ma\/fr\/actualites\/12027\/\">Lire la suite...<\/a>\n\t\t\t\t\t\t\t<\/div>\n\t\t\t\t<\/div>\n\t<\/article >\n\t<\/div>\n\t<\/div><div id=\"\" class=\"bscb-18737  vc_custom_1702158041650 have_bg bs-listing bs-listing-listing-mix-1-2 bs-listing-single-tab\">\t\t<h3 class=\"section-heading sh-t4 sh-s6 main-term-18\">\n\n\t\t\n\t\t\t\t\t\t\t<a href=\"https:\/\/asdaamaghribia.ma\/fr\/category\/mre\/\" class=\"main-link\">\n\t\t\t\t\t\t\t<span class=\"h-text main-term-18\">\n\t\t\t\t\t\t\t\t<i class=\"bf-icon bf-custom-icon bf-custom-icon-url\"><img decoding=\"async\" src=\"http:\/\/asdaemaghribia.ma\/wp-content\/uploads\/2022\/10\/tt.jpg\"><\/i> Asdae MRE\t\t\t\t\t\t\t<\/span>\n\t\t\t\t<\/a>\n\t\t\t\n\t\t\n\t\t<\/h3>\n\t\t\t<div class=\"listing listing-mix-1-2 clearfix \">\n\t\t<div class=\"item-inner\">\n\t\t\t<div class=\"column-1\">\n\t\t\t\t\t<article class=\"post-11997 type-post format-standard has-post-thumbnail   listing-item listing-item-grid listing-item-grid-1 main-term-18\">\n\t<div class=\"item-inner\">\n\t\t\t\t\t<div class=\"featured clearfix\">\n\t\t\t\t<div class=\"term-badges floated\"><span class=\"term-badge term-18\"><a href=\"https:\/\/asdaamaghribia.ma\/fr\/category\/mre\/\">Marocains du monde<\/a><\/span><\/div>\t\t\t\t<a  title=\"Les Nouveaux Visages De La Diaspora Marocaine : Saad Amrani .. L\u2019Excellence de l&rsquo;Expertise au Sommet de la Police F\u00e9d\u00e9rale Belge\" data-src=\"https:\/\/asdaamaghribia.ma\/fr\/wp-content\/uploads\/2026\/03\/Saad_Amrani-350x210.webp\" data-bs-srcset=\"{&quot;baseurl&quot;:&quot;https:\\\/\\\/asdaamaghribia.ma\\\/fr\\\/wp-content\\\/uploads\\\/2026\\\/03\\\/&quot;,&quot;sizes&quot;:{&quot;210&quot;:&quot;Saad_Amrani-210x136.webp&quot;,&quot;279&quot;:&quot;Saad_Amrani-279x220.webp&quot;,&quot;350&quot;:&quot;Saad_Amrani.webp&quot;}}\"\t\t\t\t\t\tclass=\"img-holder\" href=\"https:\/\/asdaamaghribia.ma\/fr\/mre\/11997\/\"><\/a>\n\n\t\t\t\t\t\t\t<\/div>\n\t\t<h2 class=\"title\">\t\t<a href=\"https:\/\/asdaamaghribia.ma\/fr\/mre\/11997\/\" class=\"post-title post-url\">\n\t\t\tLes Nouveaux Visages De La Diaspora Marocaine : Saad Amrani .. L\u2019Excellence de&hellip;\t\t<\/a>\n\t\t<\/h2>\t\t<div class=\"post-meta\">\n\n\t\t\t\t\t\t\t<a href=\"https:\/\/asdaamaghribia.ma\/fr\/author\/admin\/\"\n\t\t\t\t   title=\"Parcourir les articles Auteur\"\n\t\t\t\t   class=\"post-author-a\">\n\t\t\t\t\t<i class=\"post-author author\">\n\t\t\t\t\t\tadmin\t\t\t\t\t<\/i>\n\t\t\t\t<\/a>\n\t\t\t\t\t\t\t<span class=\"time\"><time class=\"post-published updated\"\n\t\t\t\t                         datetime=\"2026-03-16T10:21:36+00:00\">Mar 16, 2026<\/time><\/span>\n\t\t\t\t<a href=\"https:\/\/asdaamaghribia.ma\/fr\/mre\/11997\/#disqus_thread\" title=\"Laisser un commentaire sur: &quot;Les Nouveaux Visages De La Diaspora Marocaine : Saad Amrani .. L\u2019Excellence de l&rsquo;Expertise au Sommet de la Police F\u00e9d\u00e9rale Belge&quot;\" class=\"comments\"><i class=\"fa fa-comments-o\"><\/i> <\/a>\t\t<\/div>\n\t\t\t\t\t<div class=\"post-summary\">\n\t\t\t\tL\u2019accession de Saad Amrani au poste de Commissaire G\u00e9n\u00e9ral de la Police F\u00e9d\u00e9rale belge marque un tournant&hellip;\t\t\t<\/div>\n\t\t\t<\/div>\n\t<\/article >\n\t\t\t<\/div>\n\t\t\t<div class=\"column-2\">\n\t\t\t\t\t\t\t\t\t<div class=\"listing listing-thumbnail listing-tb-2 clearfix scolumns-2\">\n\t\t\t\t\t\t<article  class=\"post-11981 type-post format-standard has-post-thumbnail   listing-item listing-item-thumbnail listing-item-tb-2 main-term-18\">\n<div class=\"item-inner clearfix\">\n\t\t\t<div class=\"featured featured-type-featured-image\">\n\t\t\t<div class=\"term-badges floated\"><span class=\"term-badge term-18\"><a href=\"https:\/\/asdaamaghribia.ma\/fr\/category\/mre\/\">Marocains du monde<\/a><\/span><\/div>\t\t\t<a  title=\"Les Nouveaux Visages De La Diaspora Marocaine : Le Parcours Exceptionnel De L\u2019expert International SEM Lahoucine Goghrod\" data-src=\"https:\/\/asdaamaghribia.ma\/fr\/wp-content\/uploads\/2026\/03\/88-210x136.jpeg\" data-bs-srcset=\"{&quot;baseurl&quot;:&quot;https:\\\/\\\/asdaamaghribia.ma\\\/fr\\\/wp-content\\\/uploads\\\/2026\\\/03\\\/&quot;,&quot;sizes&quot;:{&quot;86&quot;:&quot;88-86x64.jpeg&quot;,&quot;210&quot;:&quot;88-210x136.jpeg&quot;,&quot;279&quot;:&quot;88-279x220.jpeg&quot;,&quot;357&quot;:&quot;88-357x210.jpeg&quot;,&quot;750&quot;:&quot;88-750x430.jpeg&quot;,&quot;1179&quot;:&quot;88.jpeg&quot;}}\"\t\t\t\t\tclass=\"img-holder\" href=\"https:\/\/asdaamaghribia.ma\/fr\/mre\/11981\/\"><\/a>\n\t\t\t\t\t<\/div>\n\t<h2 class=\"title\">\t<a class=\"post-url\" href=\"https:\/\/asdaamaghribia.ma\/fr\/mre\/11981\/\" title=\"Les Nouveaux Visages De La Diaspora Marocaine : Le Parcours Exceptionnel De L\u2019expert International SEM Lahoucine Goghrod\">\n\t\t\t<span class=\"post-title\">\n\t\t\t\tLes Nouveaux Visages De La Diaspora Marocaine : Le Parcours&hellip;\t\t\t<\/span>\n\t<\/a>\n\t<\/h2><\/div>\n<\/article >\n<article  class=\"post-11925 type-post format-standard has-post-thumbnail   listing-item listing-item-thumbnail listing-item-tb-2 main-term-17\">\n<div class=\"item-inner clearfix\">\n\t\t\t<div class=\"featured featured-type-featured-image\">\n\t\t\t<div class=\"term-badges floated\"><span class=\"term-badge term-17\"><a href=\"https:\/\/asdaamaghribia.ma\/fr\/category\/24-24\/\">24\/24<\/a><\/span><\/div>\t\t\t<a  title=\"Mohamed Ghomari, un Marocain engag\u00e9 au service de la solidarit\u00e9 et de la diplomatie parall\u00e8le\" data-src=\"https:\/\/asdaamaghribia.ma\/fr\/wp-content\/uploads\/2026\/01\/ghomari-1-210x136.jpg\" data-bs-srcset=\"{&quot;baseurl&quot;:&quot;https:\\\/\\\/asdaamaghribia.ma\\\/fr\\\/wp-content\\\/uploads\\\/2026\\\/01\\\/&quot;,&quot;sizes&quot;:{&quot;86&quot;:&quot;ghomari-1-86x64.jpg&quot;,&quot;210&quot;:&quot;ghomari-1-210x136.jpg&quot;,&quot;279&quot;:&quot;ghomari-1-279x220.jpg&quot;,&quot;357&quot;:&quot;ghomari-1-357x210.jpg&quot;,&quot;665&quot;:&quot;ghomari-1.jpg&quot;}}\"\t\t\t\t\tclass=\"img-holder\" href=\"https:\/\/asdaamaghribia.ma\/fr\/uncategorized\/11925\/\"><\/a>\n\t\t\t\t\t<\/div>\n\t<h2 class=\"title\">\t<a class=\"post-url\" href=\"https:\/\/asdaamaghribia.ma\/fr\/uncategorized\/11925\/\" title=\"Mohamed Ghomari, un Marocain engag\u00e9 au service de la solidarit\u00e9 et de la diplomatie parall\u00e8le\">\n\t\t\t<span class=\"post-title\">\n\t\t\t\tMohamed Ghomari, un Marocain engag\u00e9 au service de la&hellip;\t\t\t<\/span>\n\t<\/a>\n\t<\/h2><\/div>\n<\/article >\n<article  class=\"post-11873 type-post format-standard has-post-thumbnail   listing-item listing-item-thumbnail listing-item-tb-2 main-term-17\">\n<div class=\"item-inner clearfix\">\n\t\t\t<div class=\"featured featured-type-featured-image\">\n\t\t\t<div class=\"term-badges floated\"><span class=\"term-badge term-17\"><a href=\"https:\/\/asdaamaghribia.ma\/fr\/category\/24-24\/\">24\/24<\/a><\/span><\/div>\t\t\t<a  title=\"Une Alliance Strat\u00e9gique pour une Diplomatie Parall\u00e8le : Maroc et Belgique unis \u00e0 la Maison des Jeunes Moulay Rachid\" data-src=\"https:\/\/asdaamaghribia.ma\/fr\/wp-content\/uploads\/2025\/12\/5-210x136.jpeg\" data-bs-srcset=\"{&quot;baseurl&quot;:&quot;https:\\\/\\\/asdaamaghribia.ma\\\/fr\\\/wp-content\\\/uploads\\\/2025\\\/12\\\/&quot;,&quot;sizes&quot;:{&quot;86&quot;:&quot;5-86x64.jpeg&quot;,&quot;210&quot;:&quot;5-210x136.jpeg&quot;,&quot;279&quot;:&quot;5-279x220.jpeg&quot;,&quot;357&quot;:&quot;5-357x210.jpeg&quot;,&quot;750&quot;:&quot;5-750x430.jpeg&quot;,&quot;1600&quot;:&quot;5.jpeg&quot;}}\"\t\t\t\t\tclass=\"img-holder\" href=\"https:\/\/asdaamaghribia.ma\/fr\/actualites\/11873\/\"><\/a>\n\t\t\t\t\t<\/div>\n\t<h2 class=\"title\">\t<a class=\"post-url\" href=\"https:\/\/asdaamaghribia.ma\/fr\/actualites\/11873\/\" title=\"Une Alliance Strat\u00e9gique pour une Diplomatie Parall\u00e8le : Maroc et Belgique unis \u00e0 la Maison des Jeunes Moulay Rachid\">\n\t\t\t<span class=\"post-title\">\n\t\t\t\tUne Alliance Strat\u00e9gique pour une Diplomatie Parall\u00e8le :&hellip;\t\t\t<\/span>\n\t<\/a>\n\t<\/h2><\/div>\n<\/article >\n<article  class=\"post-11857 type-post format-standard has-post-thumbnail   listing-item listing-item-thumbnail listing-item-tb-2 main-term-17\">\n<div class=\"item-inner clearfix\">\n\t\t\t<div class=\"featured featured-type-featured-image\">\n\t\t\t<div class=\"term-badges floated\"><span class=\"term-badge term-17\"><a href=\"https:\/\/asdaamaghribia.ma\/fr\/category\/24-24\/\">24\/24<\/a><\/span><\/div>\t\t\t<a  title=\"Colloque national \u00e0 La\u00e2youne sous le th\u00e8me \u00ab\u00a0Le Royaume du Maroc, phare du continent africain \u00ab\u00a0\" data-src=\"https:\/\/asdaamaghribia.ma\/fr\/wp-content\/uploads\/2025\/11\/800-210x136.jpg\" data-bs-srcset=\"{&quot;baseurl&quot;:&quot;https:\\\/\\\/asdaamaghribia.ma\\\/fr\\\/wp-content\\\/uploads\\\/2025\\\/11\\\/&quot;,&quot;sizes&quot;:{&quot;86&quot;:&quot;800-86x64.jpg&quot;,&quot;210&quot;:&quot;800-210x136.jpg&quot;,&quot;279&quot;:&quot;800-279x220.jpg&quot;,&quot;357&quot;:&quot;800-357x210.jpg&quot;,&quot;750&quot;:&quot;800-750x430.jpg&quot;,&quot;1599&quot;:&quot;800.jpg&quot;}}\"\t\t\t\t\tclass=\"img-holder\" href=\"https:\/\/asdaamaghribia.ma\/fr\/politique\/11857\/\"><\/a>\n\t\t\t\t\t<\/div>\n\t<h2 class=\"title\">\t<a class=\"post-url\" href=\"https:\/\/asdaamaghribia.ma\/fr\/politique\/11857\/\" title=\"Colloque national \u00e0 La\u00e2youne sous le th\u00e8me \u00ab\u00a0Le Royaume du Maroc, phare du continent africain \u00ab\u00a0\">\n\t\t\t<span class=\"post-title\">\n\t\t\t\tColloque national \u00e0 La\u00e2youne sous le th\u00e8me \u00ab\u00a0Le Royaume du&hellip;\t\t\t<\/span>\n\t<\/a>\n\t<\/h2><\/div>\n<\/article >\n\t\t\t\t\t<\/div>\n\t\t\t\t\t\t\t\t<\/div>\n\t\t<\/div>\n\t<\/div>\n<\/div><div class=\"tgrc tgrc-clearfix  tgrc-align-center tgrc-column-1 tgrc-float-center\"><div id=\"tgrc-8775-1020420442\" class=\"tgrc-container tgrc-type-code \" itemscope=\"\" itemtype=\"https:\/\/schema.org\/WPAdBlock\" data-adid=\"8775\" data-type=\"code\"><\/div><\/div>[\/vc_column][\/vc_row][vc_row full_width=\u00a0\u00bbstretch_row\u00a0\u00bb css=\u00a0\u00bb.vc_custom_1593617027618{background-image: url(\/\/akhbarona.aljalia.ma\/wp-content\/uploads\/2020\/07\/481052.jpg?id=45742) !important;background-position: center !important;background-repeat: no-repeat !important;background-size: cover !important;}\u00a0\u00bb][vc_column width=\u00a0\u00bb1\/3&Prime;]<div id=\"\" class=\"bscb-65644 bsb-have-heading-color bs-listing bs-listing-listing-thumbnail-1 bs-listing-single-tab\">\t\t<h3 class=\"section-heading sh-t3 sh-s4 main-term-7\">\n\n\t\t\n\t\t\t\t\t\t\t<a href=\"https:\/\/asdaamaghribia.ma\/fr\/category\/asdae-tv\/\" class=\"main-link\">\n\t\t\t\t\t\t\t<span class=\"h-text main-term-7\">\n\t\t\t\t\t\t\t\t<i class=\"bf-icon  fa fa-video-camera\"><\/i> Asdae Reportage\t\t\t\t\t\t\t<\/span>\n\t\t\t\t<\/a>\n\t\t\t\n\t\t\n\t\t<\/h3>\n\t\t\t<div class=\"listing listing-thumbnail listing-tb-1 clearfix columns-2\">\n\t\t<article class=\"post-11509 type-post format-standard has-post-thumbnail   listing-item listing-item-thumbnail listing-item-tb-1 main-term-7\">\n\t<div class=\"item-inner clearfix\">\n\t\t\t\t\t<div class=\"featured featured-type-featured-image\">\n\t\t\t\t<a  title=\"Marrakech, ses lieux touristiques, son art de vivre et sa gastronomie\" data-src=\"https:\/\/asdaamaghribia.ma\/fr\/wp-content\/uploads\/2023\/12\/2021-11-14-86x64.jpg\" data-bs-srcset=\"{&quot;baseurl&quot;:&quot;https:\\\/\\\/asdaamaghribia.ma\\\/fr\\\/wp-content\\\/uploads\\\/2023\\\/12\\\/&quot;,&quot;sizes&quot;:{&quot;86&quot;:&quot;2021-11-14-86x64.jpg&quot;,&quot;210&quot;:&quot;2021-11-14-210x136.jpg&quot;,&quot;540&quot;:&quot;2021-11-14.jpg&quot;}}\"\t\t\t\t\t\tclass=\"img-holder\" href=\"https:\/\/asdaamaghribia.ma\/fr\/asdae-tv\/11509\/\"><\/a>\n\t\t\t\t\t\t\t<\/div>\n\t\t<h2 class=\"title\">\t\t<a href=\"https:\/\/asdaamaghribia.ma\/fr\/asdae-tv\/11509\/\" class=\"post-url post-title\">\n\t\t\tMarrakech, ses lieux touristiques, son art de vivre et sa&hellip;\t\t<\/a>\n\t\t<\/h2>\t\t<div class=\"post-meta\">\n\n\t\t\t\t\t\t\t<span class=\"time\"><time class=\"post-published updated\"\n\t\t\t\t                         datetime=\"2023-12-11T09:04:33+00:00\">D\u00e9c 11, 2023<\/time><\/span>\n\t\t\t\t\t\t<\/div>\n\t\t\t<\/div>\n\t<\/article >\n\t<article class=\"post-11506 type-post format-standard has-post-thumbnail   listing-item listing-item-thumbnail listing-item-tb-1 main-term-7\">\n\t<div class=\"item-inner clearfix\">\n\t\t\t\t\t<div class=\"featured featured-type-featured-image\">\n\t\t\t\t<a  title=\"Tout ce que vous devez voir lors d&rsquo;un voyage magique \u00e0 Akchour, au Maroc\" data-src=\"https:\/\/asdaamaghribia.ma\/fr\/wp-content\/uploads\/2023\/12\/Sans-titre-1-86x64.jpeg\" data-bs-srcset=\"{&quot;baseurl&quot;:&quot;https:\\\/\\\/asdaamaghribia.ma\\\/fr\\\/wp-content\\\/uploads\\\/2023\\\/12\\\/&quot;,&quot;sizes&quot;:{&quot;86&quot;:&quot;Sans-titre-1-86x64.jpeg&quot;,&quot;210&quot;:&quot;Sans-titre-1-210x136.jpeg&quot;,&quot;540&quot;:&quot;Sans-titre-1.jpeg&quot;}}\"\t\t\t\t\t\tclass=\"img-holder\" href=\"https:\/\/asdaamaghribia.ma\/fr\/asdae-tv\/11506\/\"><\/a>\n\t\t\t\t\t\t\t<\/div>\n\t\t<h2 class=\"title\">\t\t<a href=\"https:\/\/asdaamaghribia.ma\/fr\/asdae-tv\/11506\/\" class=\"post-url post-title\">\n\t\t\tTout ce que vous devez voir lors d&rsquo;un voyage magique \u00e0&hellip;\t\t<\/a>\n\t\t<\/h2>\t\t<div class=\"post-meta\">\n\n\t\t\t\t\t\t\t<span class=\"time\"><time class=\"post-published updated\"\n\t\t\t\t                         datetime=\"2023-12-11T08:51:59+00:00\">D\u00e9c 11, 2023<\/time><\/span>\n\t\t\t\t\t\t<\/div>\n\t\t\t<\/div>\n\t<\/article >\n\t<article class=\"post-11458 type-post format-standard has-post-thumbnail   listing-item listing-item-thumbnail listing-item-tb-1 main-term-7\">\n\t<div class=\"item-inner clearfix\">\n\t\t\t\t\t<div class=\"featured featured-type-featured-image\">\n\t\t\t\t<a  title=\"Merzouga, le meilleur voyage \u00e0 faire entre amis &#8211; chameaux, camping et plus encore !\" data-src=\"https:\/\/asdaamaghribia.ma\/fr\/wp-content\/uploads\/2023\/12\/seance-bain-86x64.jpg\" data-bs-srcset=\"{&quot;baseurl&quot;:&quot;https:\\\/\\\/asdaamaghribia.ma\\\/fr\\\/wp-content\\\/uploads\\\/2023\\\/12\\\/&quot;,&quot;sizes&quot;:{&quot;86&quot;:&quot;seance-bain-86x64.jpg&quot;,&quot;210&quot;:&quot;seance-bain-210x136.jpg&quot;,&quot;922&quot;:&quot;seance-bain.jpg&quot;}}\"\t\t\t\t\t\tclass=\"img-holder\" href=\"https:\/\/asdaamaghribia.ma\/fr\/asdae-tv\/11458\/\"><\/a>\n\t\t\t\t\t\t\t<\/div>\n\t\t<h2 class=\"title\">\t\t<a href=\"https:\/\/asdaamaghribia.ma\/fr\/asdae-tv\/11458\/\" class=\"post-url post-title\">\n\t\t\tMerzouga, le meilleur voyage \u00e0 faire entre amis &#8211;&hellip;\t\t<\/a>\n\t\t<\/h2>\t\t<div class=\"post-meta\">\n\n\t\t\t\t\t\t\t<span class=\"time\"><time class=\"post-published updated\"\n\t\t\t\t                         datetime=\"2023-12-09T22:24:22+00:00\">D\u00e9c 9, 2023<\/time><\/span>\n\t\t\t\t\t\t<\/div>\n\t\t\t<\/div>\n\t<\/article >\n\t<\/div>\n\t<\/div>[\/vc_column][vc_column width=\u00a0\u00bb2\/3&Prime;]<div id=\"\" class=\"bscb-65938 bsb-have-heading-color bs-listing bs-listing-modern-grid-listing-1 bs-listing-single-tab\">\t\t<h3 class=\"section-heading sh-t4 sh-s2 main-term-8\">\n\n\t\t\n\t\t\t\t\t\t\t<a href=\"https:\/\/asdaamaghribia.ma\/fr\/category\/cultures\/\" class=\"main-link\">\n\t\t\t\t\t\t\t<span class=\"h-text main-term-8\">\n\t\t\t\t\t\t\t\t<i class=\"bf-icon  fa fa-handshake-o\"><\/i> Asdae Festivals\t\t\t\t\t\t\t<\/span>\n\t\t\t\t<\/a>\n\t\t\t\n\t\t\n\t\t<\/h3>\n\t\t\t<div class=\"listing listing-modern-grid listing-modern-grid-1 clearfix slider-overlay-colored l-2\">\n\t\t<div class=\"mg-col mg-col-1\">\n\t\t\t\t<article class=\"post-11739 type-post format-standard has-post-thumbnail  listing-item-1 listing-item listing-mg-item listing-mg-type-1 listing-mg-1-item main-term-11\">\n\t<div class=\"item-content\">\n\t\t<a  title=\"Festival du Tapis Ouaouzguit, septi\u00e8me \u00e9dition : C\u00e9l\u00e9bration du patrimoine culturel et encouragement de l\u2019artisanat.\" data-src=\"https:\/\/asdaamaghribia.ma\/fr\/wp-content\/uploads\/2024\/11\/afiche-tapis-ouaouzguite-750x430.jpeg\" data-bs-srcset=\"{&quot;baseurl&quot;:&quot;https:\\\/\\\/asdaamaghribia.ma\\\/fr\\\/wp-content\\\/uploads\\\/2024\\\/11\\\/&quot;,&quot;sizes&quot;:{&quot;210&quot;:&quot;afiche-tapis-ouaouzguite-210x136.jpeg&quot;,&quot;279&quot;:&quot;afiche-tapis-ouaouzguite-279x220.jpeg&quot;,&quot;357&quot;:&quot;afiche-tapis-ouaouzguite-357x210.jpeg&quot;,&quot;750&quot;:&quot;afiche-tapis-ouaouzguite-750x430.jpeg&quot;,&quot;905&quot;:&quot;afiche-tapis-ouaouzguite.jpeg&quot;}}\"\t\t\t\tclass=\"img-cont\" href=\"https:\/\/asdaamaghribia.ma\/fr\/cultures\/11739\/\"><\/a>\n\t\t<div class=\"term-badges floated\"><span class=\"term-badge term-11\"><a href=\"https:\/\/asdaamaghribia.ma\/fr\/category\/actualites\/\">Actualit\u00e9s<\/a><\/span><\/div>\t\t<div class=\"content-container\">\n\t\t\t<h2 class=\"title\">\t\t\t<a href=\"https:\/\/asdaamaghribia.ma\/fr\/cultures\/11739\/\" class=\"post-url post-title\">\n\t\t\t\tFestival du Tapis Ouaouzguit, septi\u00e8me \u00e9dition : C\u00e9l\u00e9bration du patrimoine culturel et encouragement de l\u2019artisanat.\t\t\t<\/a>\n\t\t\t<\/h2>\t\t<div class=\"post-meta\">\n\n\t\t\t\t\t\t\t<a href=\"https:\/\/asdaamaghribia.ma\/fr\/author\/admin\/\"\n\t\t\t\t   title=\"Parcourir les articles Auteur\"\n\t\t\t\t   class=\"post-author-a\">\n\t\t\t\t\t<i class=\"post-author author\">\n\t\t\t\t\t\tadmin\t\t\t\t\t<\/i>\n\t\t\t\t<\/a>\n\t\t\t\t\t\t\t<span class=\"time\"><time class=\"post-published updated\"\n\t\t\t\t                         datetime=\"2024-11-11T21:31:06+00:00\">Nov 11, 2024<\/time><\/span>\n\t\t\t\t<a href=\"https:\/\/asdaamaghribia.ma\/fr\/cultures\/11739\/#disqus_thread\" title=\"Laisser un commentaire sur: &quot;Festival du Tapis Ouaouzguit, septi\u00e8me \u00e9dition : C\u00e9l\u00e9bration du patrimoine culturel et encouragement de l\u2019artisanat.&quot;\" class=\"comments\"><i class=\"fa fa-comments-o\"><\/i> <\/a>\t\t<\/div>\n\t\t\t\t<\/div>\n\t<\/div>\n\t<\/article >\n\t\t<\/div>\n\t\t<div class=\"mg-col mg-col-2\">\n\t\t\t<div class=\"mg-row mg-row-1\">\n\t\t\t\t\t<article class=\"post-11481 type-post format-standard has-post-thumbnail  listing-item-2 listing-item listing-mg-item listing-mg-type-1 listing-mg-1-item main-term-22\">\n\t<div class=\"item-content\">\n\t\t<a  title=\"Ouarzazate accueille le premier forum r\u00e9gional du tourisme et du cin\u00e9ma dans la r\u00e9gion Draa-Tafilalet\" data-src=\"https:\/\/asdaamaghribia.ma\/fr\/wp-content\/uploads\/2023\/12\/admin-ajax.jpeg\" data-bs-srcset=\"{&quot;baseurl&quot;:&quot;https:\\\/\\\/asdaamaghribia.ma\\\/fr\\\/wp-content\\\/uploads\\\/2023\\\/12\\\/&quot;,&quot;sizes&quot;:{&quot;210&quot;:&quot;admin-ajax-210x136.jpeg&quot;,&quot;279&quot;:&quot;admin-ajax-279x220.jpeg&quot;,&quot;284&quot;:&quot;admin-ajax.jpeg&quot;}}\"\t\t\t\tclass=\"img-cont\" href=\"https:\/\/asdaamaghribia.ma\/fr\/cultures\/11481\/\"><\/a>\n\t\t<div class=\"term-badges floated\"><span class=\"term-badge term-22\"><a href=\"https:\/\/asdaamaghribia.ma\/fr\/category\/art\/\">Artistique<\/a><\/span><\/div>\t\t<div class=\"content-container\">\n\t\t\t<h2 class=\"title\">\t\t\t<a href=\"https:\/\/asdaamaghribia.ma\/fr\/cultures\/11481\/\" class=\"post-url post-title\">\n\t\t\t\tOuarzazate accueille le premier forum r\u00e9gional du tourisme et du cin\u00e9ma dans la r\u00e9gion&hellip;\t\t\t<\/a>\n\t\t\t<\/h2>\t\t<div class=\"post-meta\">\n\n\t\t\t\t\t\t\t<a href=\"https:\/\/asdaamaghribia.ma\/fr\/author\/admin\/\"\n\t\t\t\t   title=\"Parcourir les articles Auteur\"\n\t\t\t\t   class=\"post-author-a\">\n\t\t\t\t\t<i class=\"post-author author\">\n\t\t\t\t\t\tadmin\t\t\t\t\t<\/i>\n\t\t\t\t<\/a>\n\t\t\t\t\t\t\t<span class=\"time\"><time class=\"post-published updated\"\n\t\t\t\t                         datetime=\"2023-12-10T12:22:05+00:00\">D\u00e9c 10, 2023<\/time><\/span>\n\t\t\t\t<a href=\"https:\/\/asdaamaghribia.ma\/fr\/cultures\/11481\/#disqus_thread\" title=\"Laisser un commentaire sur: &quot;Ouarzazate accueille le premier forum r\u00e9gional du tourisme et du cin\u00e9ma dans la r\u00e9gion Draa-Tafilalet&quot;\" class=\"comments\"><i class=\"fa fa-comments-o\"><\/i> <\/a>\t\t<\/div>\n\t\t\t\t<\/div>\n\t<\/div>\n\t<\/article >\n\t\t\t<\/div>\n\t\t\t<div class=\"mg-row mg-row-2\">\n\t\t\t\t<div class=\"item-3-cont\">\n\t\t\t\t\t\t\t\t\t<\/div>\n\t\t\t\t<div class=\"item-4-cont\">\n\t\t\t\t\t\t\t\t\t<\/div>\n\t\t\t<\/div>\n\t\t<\/div>\n\t<\/div>\n<\/div>[\/vc_column][\/vc_row][vc_row][vc_column width=\u00a0\u00bb1\/3&Prime;]<div id=\"\" class=\" bs-listing bs-listing-listing-thumbnail-3 bs-listing-single-tab\">\t\t<h3 class=\"section-heading sh-t4 sh-s6 main-term-27\">\n\n\t\t\n\t\t\t\t\t\t\t<a href=\"https:\/\/asdaamaghribia.ma\/fr\/category\/journalisme-citoyen\/\" class=\"main-link\">\n\t\t\t\t\t\t\t<span class=\"h-text main-term-27\">\n\t\t\t\t\t\t\t\tJournalisme citoyen\t\t\t\t\t\t\t<\/span>\n\t\t\t\t<\/a>\n\t\t\t\n\t\t\n\t\t<\/h3>\n\t\t\t<div class=\"listing listing-thumbnail listing-tb-3 clearfix columns-2\">\n\t<article  class=\"post-12027 type-post format-standard has-post-thumbnail   listing-item listing-item-thumbnail listing-item-tb-3 main-term-17\">\n<div class=\"item-inner clearfix\">\n\t\t\t\t<div class=\"featured featured-type-featured-image\">\n\t\t\t<a  title=\"Rencontre de fid\u00e9lit\u00e9\u2026 Mustapha Belktibia et Hassan Alaoui Directeur de Maroc Diplomatique, une image qui incarne la m\u00e9moire du journalisme marocain\" data-src=\"https:\/\/asdaamaghribia.ma\/fr\/wp-content\/uploads\/2026\/04\/\u062d\u0633\u0646-\u0627\u0644\u0639\u0644\u0648\u064a-\u0648-\u0627\u0644\u0645\u0635\u0637\u0641\u0649-\u0628\u0644\u0642\u0637\u064a\u0628\u064a\u0629-86x64.jpeg\" data-bs-srcset=\"{&quot;baseurl&quot;:&quot;https:\\\/\\\/asdaamaghribia.ma\\\/fr\\\/wp-content\\\/uploads\\\/2026\\\/04\\\/&quot;,&quot;sizes&quot;:{&quot;86&quot;:&quot;\\u062d\\u0633\\u0646-\\u0627\\u0644\\u0639\\u0644\\u0648\\u064a-\\u0648-\\u0627\\u0644\\u0645\\u0635\\u0637\\u0641\\u0649-\\u0628\\u0644\\u0642\\u0637\\u064a\\u0628\\u064a\\u0629-86x64.jpeg&quot;,&quot;210&quot;:&quot;\\u062d\\u0633\\u0646-\\u0627\\u0644\\u0639\\u0644\\u0648\\u064a-\\u0648-\\u0627\\u0644\\u0645\\u0635\\u0637\\u0641\\u0649-\\u0628\\u0644\\u0642\\u0637\\u064a\\u0628\\u064a\\u0629-210x136.jpeg&quot;,&quot;960&quot;:&quot;\\u062d\\u0633\\u0646-\\u0627\\u0644\\u0639\\u0644\\u0648\\u064a-\\u0648-\\u0627\\u0644\\u0645\\u0635\\u0637\\u0641\\u0649-\\u0628\\u0644\\u0642\\u0637\\u064a\\u0628\\u064a\\u0629.jpeg&quot;}}\"\t\t\t\t\tclass=\"img-holder\" href=\"https:\/\/asdaamaghribia.ma\/fr\/actualites\/12027\/\"><\/a>\n\t\t\t\t\t<\/div>\n\t<h2 class=\"title\">\t<a class=\"post-url\" href=\"https:\/\/asdaamaghribia.ma\/fr\/actualites\/12027\/\" title=\"Rencontre de fid\u00e9lit\u00e9\u2026 Mustapha Belktibia et Hassan Alaoui Directeur de Maroc Diplomatique, une image qui incarne la m\u00e9moire du journalisme marocain\">\n\t\t<span class=\"post-title\">\n\t\t\tRencontre de fid\u00e9lit\u00e9\u2026 Mustapha Belktibia et Hassan Alaoui&hellip;\t\t<\/span>\n\t<\/a>\n\t<\/h2>\t\t<div class=\"post-meta\">\n\n\t\t\t\t\t\t\t<span class=\"time\"><time class=\"post-published updated\"\n\t\t\t\t                         datetime=\"2026-04-24T22:04:32+00:00\">Avr 24, 2026<\/time><\/span>\n\t\t\t\t\t\t<\/div>\n\t\t<\/div>\n<\/article >\n<article  class=\"post-11947 type-post format-standard has-post-thumbnail   listing-item listing-item-thumbnail listing-item-tb-3 main-term-17\">\n<div class=\"item-inner clearfix\">\n\t\t\t\t<div class=\"featured featured-type-featured-image\">\n\t\t\t<a  title=\"Un tournant institutionnel pour la presse marocaine : retrait du projet de d\u00e9cret sur la commission sp\u00e9ciale\" data-src=\"https:\/\/asdaamaghribia.ma\/fr\/wp-content\/uploads\/2026\/02\/images-1-86x64.jpeg\" data-bs-srcset=\"{&quot;baseurl&quot;:&quot;https:\\\/\\\/asdaamaghribia.ma\\\/fr\\\/wp-content\\\/uploads\\\/2026\\\/02\\\/&quot;,&quot;sizes&quot;:{&quot;86&quot;:&quot;images-1-86x64.jpeg&quot;,&quot;210&quot;:&quot;images-1-210x136.jpeg&quot;,&quot;318&quot;:&quot;images-1.jpeg&quot;}}\"\t\t\t\t\tclass=\"img-holder\" href=\"https:\/\/asdaamaghribia.ma\/fr\/actualites\/11947\/\"><\/a>\n\t\t\t\t\t<\/div>\n\t<h2 class=\"title\">\t<a class=\"post-url\" href=\"https:\/\/asdaamaghribia.ma\/fr\/actualites\/11947\/\" title=\"Un tournant institutionnel pour la presse marocaine : retrait du projet de d\u00e9cret sur la commission sp\u00e9ciale\">\n\t\t<span class=\"post-title\">\n\t\t\tUn tournant institutionnel pour la presse marocaine :&hellip;\t\t<\/span>\n\t<\/a>\n\t<\/h2>\t\t<div class=\"post-meta\">\n\n\t\t\t\t\t\t\t<span class=\"time\"><time class=\"post-published updated\"\n\t\t\t\t                         datetime=\"2026-02-19T14:47:34+00:00\">F\u00e9v 19, 2026<\/time><\/span>\n\t\t\t\t\t\t<\/div>\n\t\t<\/div>\n<\/article >\n<article  class=\"post-11826 type-post format-standard has-post-thumbnail   listing-item listing-item-thumbnail listing-item-tb-3 main-term-17\">\n<div class=\"item-inner clearfix\">\n\t\t\t\t<div class=\"featured featured-type-featured-image\">\n\t\t\t<a  title=\"\u00ab\u00a0De la Ville des R\u00eaves \u00e0 l\u2019Assembl\u00e9e G\u00e9n\u00e9rale des Nations Unies : Une Exp\u00e9rience Unique \u00e0 New York\u00a0\u00bb\" data-src=\"https:\/\/asdaamaghribia.ma\/fr\/wp-content\/uploads\/2025\/04\/262-86x64.jpg\" data-bs-srcset=\"{&quot;baseurl&quot;:&quot;https:\\\/\\\/asdaamaghribia.ma\\\/fr\\\/wp-content\\\/uploads\\\/2025\\\/04\\\/&quot;,&quot;sizes&quot;:{&quot;86&quot;:&quot;262-86x64.jpg&quot;,&quot;210&quot;:&quot;262-210x136.jpg&quot;,&quot;561&quot;:&quot;262.jpg&quot;}}\"\t\t\t\t\tclass=\"img-holder\" href=\"https:\/\/asdaamaghribia.ma\/fr\/politique\/11826\/\"><\/a>\n\t\t\t\t\t<\/div>\n\t<h2 class=\"title\">\t<a class=\"post-url\" href=\"https:\/\/asdaamaghribia.ma\/fr\/politique\/11826\/\" title=\"\u00ab\u00a0De la Ville des R\u00eaves \u00e0 l\u2019Assembl\u00e9e G\u00e9n\u00e9rale des Nations Unies : Une Exp\u00e9rience Unique \u00e0 New York\u00a0\u00bb\">\n\t\t<span class=\"post-title\">\n\t\t\t\u00ab\u00a0De la Ville des R\u00eaves \u00e0 l\u2019Assembl\u00e9e G\u00e9n\u00e9rale des Nations&hellip;\t\t<\/span>\n\t<\/a>\n\t<\/h2>\t\t<div class=\"post-meta\">\n\n\t\t\t\t\t\t\t<span class=\"time\"><time class=\"post-published updated\"\n\t\t\t\t                         datetime=\"2025-04-16T22:00:20+00:00\">Avr 16, 2025<\/time><\/span>\n\t\t\t\t\t\t<\/div>\n\t\t<\/div>\n<\/article >\n<article  class=\"post-11816 type-post format-standard has-post-thumbnail   listing-item listing-item-thumbnail listing-item-tb-3 main-term-17\">\n<div class=\"item-inner clearfix\">\n\t\t\t\t<div class=\"featured featured-type-featured-image\">\n\t\t\t<a  title=\"A Dream Come True: My Journey to the United Nations in New York City\" data-src=\"https:\/\/asdaamaghribia.ma\/fr\/wp-content\/uploads\/2025\/04\/001-86x64.jpg\" data-bs-srcset=\"{&quot;baseurl&quot;:&quot;https:\\\/\\\/asdaamaghribia.ma\\\/fr\\\/wp-content\\\/uploads\\\/2025\\\/04\\\/&quot;,&quot;sizes&quot;:{&quot;86&quot;:&quot;001-86x64.jpg&quot;,&quot;210&quot;:&quot;001-210x136.jpg&quot;,&quot;1440&quot;:&quot;001.jpg&quot;}}\"\t\t\t\t\tclass=\"img-holder\" href=\"https:\/\/asdaamaghribia.ma\/fr\/politique\/11816\/\"><\/a>\n\t\t\t\t\t<\/div>\n\t<h2 class=\"title\">\t<a class=\"post-url\" href=\"https:\/\/asdaamaghribia.ma\/fr\/politique\/11816\/\" title=\"A Dream Come True: My Journey to the United Nations in New York City\">\n\t\t<span class=\"post-title\">\n\t\t\tA Dream Come True: My Journey to the United Nations in New&hellip;\t\t<\/span>\n\t<\/a>\n\t<\/h2>\t\t<div class=\"post-meta\">\n\n\t\t\t\t\t\t\t<span class=\"time\"><time class=\"post-published updated\"\n\t\t\t\t                         datetime=\"2025-04-16T20:23:57+00:00\">Avr 16, 2025<\/time><\/span>\n\t\t\t\t\t\t<\/div>\n\t\t<\/div>\n<\/article >\n<article  class=\"post-11813 type-post format-standard has-post-thumbnail   listing-item listing-item-thumbnail listing-item-tb-3 main-term-17\">\n<div class=\"item-inner clearfix\">\n\t\t\t\t<div class=\"featured featured-type-featured-image\">\n\t\t\t<a  title=\"La Croatie consid\u00e8re le plan d\u2019autonomie comme \u201cune bonne base\u201d\" data-src=\"https:\/\/asdaamaghribia.ma\/fr\/wp-content\/uploads\/2025\/04\/SM-president-CROITE-508x300-1-86x64.jpg\" data-bs-srcset=\"{&quot;baseurl&quot;:&quot;https:\\\/\\\/asdaamaghribia.ma\\\/fr\\\/wp-content\\\/uploads\\\/2025\\\/04\\\/&quot;,&quot;sizes&quot;:{&quot;86&quot;:&quot;SM-president-CROITE-508x300-1-86x64.jpg&quot;,&quot;210&quot;:&quot;SM-president-CROITE-508x300-1-210x136.jpg&quot;,&quot;508&quot;:&quot;SM-president-CROITE-508x300-1.jpg&quot;}}\"\t\t\t\t\tclass=\"img-holder\" href=\"https:\/\/asdaamaghribia.ma\/fr\/politique\/11813\/\"><\/a>\n\t\t\t\t\t<\/div>\n\t<h2 class=\"title\">\t<a class=\"post-url\" href=\"https:\/\/asdaamaghribia.ma\/fr\/politique\/11813\/\" title=\"La Croatie consid\u00e8re le plan d\u2019autonomie comme \u201cune bonne base\u201d\">\n\t\t<span class=\"post-title\">\n\t\t\tLa Croatie consid\u00e8re le plan d\u2019autonomie comme \u201cune bonne&hellip;\t\t<\/span>\n\t<\/a>\n\t<\/h2>\t\t<div class=\"post-meta\">\n\n\t\t\t\t\t\t\t<span class=\"time\"><time class=\"post-published updated\"\n\t\t\t\t                         datetime=\"2025-04-16T18:53:33+00:00\">Avr 16, 2025<\/time><\/span>\n\t\t\t\t\t\t<\/div>\n\t\t<\/div>\n<\/article >\n<article  class=\"post-11795 type-post format-standard has-post-thumbnail   listing-item listing-item-thumbnail listing-item-tb-3 main-term-17\">\n<div class=\"item-inner clearfix\">\n\t\t\t\t<div class=\"featured featured-type-featured-image\">\n\t\t\t<a  title=\"MY FWWMUN NEW YORK CITY EXPERIENCE\" data-src=\"https:\/\/asdaamaghribia.ma\/fr\/wp-content\/uploads\/2025\/04\/27-86x64.jpg\" data-bs-srcset=\"{&quot;baseurl&quot;:&quot;https:\\\/\\\/asdaamaghribia.ma\\\/fr\\\/wp-content\\\/uploads\\\/2025\\\/04\\\/&quot;,&quot;sizes&quot;:{&quot;86&quot;:&quot;27-86x64.jpg&quot;,&quot;210&quot;:&quot;27-210x136.jpg&quot;,&quot;921&quot;:&quot;27.jpg&quot;}}\"\t\t\t\t\tclass=\"img-holder\" href=\"https:\/\/asdaamaghribia.ma\/fr\/politique\/11795\/\"><\/a>\n\t\t\t\t\t<\/div>\n\t<h2 class=\"title\">\t<a class=\"post-url\" href=\"https:\/\/asdaamaghribia.ma\/fr\/politique\/11795\/\" title=\"MY FWWMUN NEW YORK CITY EXPERIENCE\">\n\t\t<span class=\"post-title\">\n\t\t\tMY FWWMUN NEW YORK CITY EXPERIENCE\t\t<\/span>\n\t<\/a>\n\t<\/h2>\t\t<div class=\"post-meta\">\n\n\t\t\t\t\t\t\t<span class=\"time\"><time class=\"post-published updated\"\n\t\t\t\t                         datetime=\"2025-04-14T12:40:31+00:00\">Avr 14, 2025<\/time><\/span>\n\t\t\t\t\t\t<\/div>\n\t\t<\/div>\n<\/article >\n<article  class=\"post-11791 type-post format-standard has-post-thumbnail   listing-item listing-item-thumbnail listing-item-tb-3 main-term-17\">\n<div class=\"item-inner clearfix\">\n\t\t\t\t<div class=\"featured featured-type-featured-image\">\n\t\t\t<a  title=\"Andr\u00e9 Azoulay, Moroccan by birth&#8230; When the nation is insulted through one of its noblest sons\" data-src=\"https:\/\/asdaamaghribia.ma\/fr\/wp-content\/uploads\/2025\/04\/azoulay_forum_civilisations-86x64.webp\" data-bs-srcset=\"{&quot;baseurl&quot;:&quot;https:\\\/\\\/asdaamaghribia.ma\\\/fr\\\/wp-content\\\/uploads\\\/2025\\\/04\\\/&quot;,&quot;sizes&quot;:{&quot;86&quot;:&quot;azoulay_forum_civilisations-86x64.webp&quot;,&quot;210&quot;:&quot;azoulay_forum_civilisations-210x136.webp&quot;,&quot;800&quot;:&quot;azoulay_forum_civilisations.webp&quot;}}\"\t\t\t\t\tclass=\"img-holder\" href=\"https:\/\/asdaamaghribia.ma\/fr\/politique\/11791\/\"><\/a>\n\t\t\t\t\t<\/div>\n\t<h2 class=\"title\">\t<a class=\"post-url\" href=\"https:\/\/asdaamaghribia.ma\/fr\/politique\/11791\/\" title=\"Andr\u00e9 Azoulay, Moroccan by birth&#8230; When the nation is insulted through one of its noblest sons\">\n\t\t<span class=\"post-title\">\n\t\t\tAndr\u00e9 Azoulay, Moroccan by birth&#8230; When the nation is&hellip;\t\t<\/span>\n\t<\/a>\n\t<\/h2>\t\t<div class=\"post-meta\">\n\n\t\t\t\t\t\t\t<span class=\"time\"><time class=\"post-published updated\"\n\t\t\t\t                         datetime=\"2025-04-14T12:07:43+00:00\">Avr 14, 2025<\/time><\/span>\n\t\t\t\t\t\t<\/div>\n\t\t<\/div>\n<\/article >\n<article  class=\"post-11776 type-post format-standard has-post-thumbnail   listing-item listing-item-thumbnail listing-item-tb-3 main-term-17\">\n<div class=\"item-inner clearfix\">\n\t\t\t\t<div class=\"featured featured-type-featured-image\">\n\t\t\t<a  title=\"New York : Une Exp\u00e9rience Diplomatique et Culturelle Inoubliable\" data-src=\"https:\/\/asdaamaghribia.ma\/fr\/wp-content\/uploads\/2025\/04\/17-1-86x64.jpg\" data-bs-srcset=\"{&quot;baseurl&quot;:&quot;https:\\\/\\\/asdaamaghribia.ma\\\/fr\\\/wp-content\\\/uploads\\\/2025\\\/04\\\/&quot;,&quot;sizes&quot;:{&quot;86&quot;:&quot;17-1-86x64.jpg&quot;,&quot;210&quot;:&quot;17-1-210x136.jpg&quot;,&quot;1026&quot;:&quot;17-1.jpg&quot;}}\"\t\t\t\t\tclass=\"img-holder\" href=\"https:\/\/asdaamaghribia.ma\/fr\/politique\/11776\/\"><\/a>\n\t\t\t\t\t<\/div>\n\t<h2 class=\"title\">\t<a class=\"post-url\" href=\"https:\/\/asdaamaghribia.ma\/fr\/politique\/11776\/\" title=\"New York : Une Exp\u00e9rience Diplomatique et Culturelle Inoubliable\">\n\t\t<span class=\"post-title\">\n\t\t\tNew York : Une Exp\u00e9rience Diplomatique et Culturelle&hellip;\t\t<\/span>\n\t<\/a>\n\t<\/h2>\t\t<div class=\"post-meta\">\n\n\t\t\t\t\t\t\t<span class=\"time\"><time class=\"post-published updated\"\n\t\t\t\t                         datetime=\"2025-04-14T11:25:25+00:00\">Avr 14, 2025<\/time><\/span>\n\t\t\t\t\t\t<\/div>\n\t\t<\/div>\n<\/article >\n<article  class=\"post-11762 type-post format-standard has-post-thumbnail   listing-item listing-item-thumbnail listing-item-tb-3 main-term-17\">\n<div class=\"item-inner clearfix\">\n\t\t\t\t<div class=\"featured featured-type-featured-image\">\n\t\t\t<a  title=\"\u00a0S\u00e9jour \u00e0 New York : Plong\u00e9e dans l\u2019Exp\u00e9rience MUN\" data-src=\"https:\/\/asdaamaghribia.ma\/fr\/wp-content\/uploads\/2025\/04\/00006-86x64.jpg\" data-bs-srcset=\"{&quot;baseurl&quot;:&quot;https:\\\/\\\/asdaamaghribia.ma\\\/fr\\\/wp-content\\\/uploads\\\/2025\\\/04\\\/&quot;,&quot;sizes&quot;:{&quot;86&quot;:&quot;00006-86x64.jpg&quot;,&quot;210&quot;:&quot;00006-210x136.jpg&quot;,&quot;1440&quot;:&quot;00006.jpg&quot;}}\"\t\t\t\t\tclass=\"img-holder\" href=\"https:\/\/asdaamaghribia.ma\/fr\/actualites\/11762\/\"><\/a>\n\t\t\t\t\t<\/div>\n\t<h2 class=\"title\">\t<a class=\"post-url\" href=\"https:\/\/asdaamaghribia.ma\/fr\/actualites\/11762\/\" title=\"\u00a0S\u00e9jour \u00e0 New York : Plong\u00e9e dans l\u2019Exp\u00e9rience MUN\">\n\t\t<span class=\"post-title\">\n\t\t\t\u00a0S\u00e9jour \u00e0 New York : Plong\u00e9e dans l\u2019Exp\u00e9rience MUN\t\t<\/span>\n\t<\/a>\n\t<\/h2>\t\t<div class=\"post-meta\">\n\n\t\t\t\t\t\t\t<span class=\"time\"><time class=\"post-published updated\"\n\t\t\t\t                         datetime=\"2025-04-12T12:11:19+00:00\">Avr 12, 2025<\/time><\/span>\n\t\t\t\t\t\t<\/div>\n\t\t<\/div>\n<\/article >\n<article  class=\"post-11716 type-post format-standard has-post-thumbnail   listing-item listing-item-thumbnail listing-item-tb-3 main-term-27\">\n<div class=\"item-inner clearfix\">\n\t\t\t\t<div class=\"featured featured-type-featured-image\">\n\t\t\t<a  title=\"Le Pr\u00e9sident fran\u00e7ais Emmanuel Macron re\u00e7oit M. Akhannouch\" data-src=\"https:\/\/asdaamaghribia.ma\/fr\/wp-content\/uploads\/2024\/10\/Akhannouch_Macron-86x64.jpg\" data-bs-srcset=\"{&quot;baseurl&quot;:&quot;https:\\\/\\\/asdaamaghribia.ma\\\/fr\\\/wp-content\\\/uploads\\\/2024\\\/10\\\/&quot;,&quot;sizes&quot;:{&quot;86&quot;:&quot;Akhannouch_Macron-86x64.jpg&quot;,&quot;210&quot;:&quot;Akhannouch_Macron-210x136.jpg&quot;,&quot;450&quot;:&quot;Akhannouch_Macron.jpg&quot;}}\"\t\t\t\t\tclass=\"img-holder\" href=\"https:\/\/asdaamaghribia.ma\/fr\/personnalites-distinguees\/11716\/\"><\/a>\n\t\t\t\t\t<\/div>\n\t<h2 class=\"title\">\t<a class=\"post-url\" href=\"https:\/\/asdaamaghribia.ma\/fr\/personnalites-distinguees\/11716\/\" title=\"Le Pr\u00e9sident fran\u00e7ais Emmanuel Macron re\u00e7oit M. Akhannouch\">\n\t\t<span class=\"post-title\">\n\t\t\tLe Pr\u00e9sident fran\u00e7ais Emmanuel Macron re\u00e7oit M. Akhannouch\t\t<\/span>\n\t<\/a>\n\t<\/h2>\t\t<div class=\"post-meta\">\n\n\t\t\t\t\t\t\t<span class=\"time\"><time class=\"post-published updated\"\n\t\t\t\t                         datetime=\"2024-10-29T11:53:33+00:00\">Oct 29, 2024<\/time><\/span>\n\t\t\t\t\t\t<\/div>\n\t\t<\/div>\n<\/article >\n<article  class=\"post-11712 type-post format-standard has-post-thumbnail   listing-item listing-item-thumbnail listing-item-tb-3 main-term-17\">\n<div class=\"item-inner clearfix\">\n\t\t\t\t<div class=\"featured featured-type-featured-image\">\n\t\t\t<a  title=\"SM le Roi Mohammed VI et le Pr\u00e9sident Emmanuel Macron signent \u00e0 Rabat la D\u00e9claration relative au \u00ab\u00a0Partenariat d\u2019exception renforc\u00e9\u00a0\u00bb entre le Maroc et la France\" data-src=\"https:\/\/asdaamaghribia.ma\/fr\/wp-content\/uploads\/2024\/10\/464668980_8296923360434541_3025478475985882174_n-86x64.jpg\" data-bs-srcset=\"{&quot;baseurl&quot;:&quot;https:\\\/\\\/asdaamaghribia.ma\\\/fr\\\/wp-content\\\/uploads\\\/2024\\\/10\\\/&quot;,&quot;sizes&quot;:{&quot;86&quot;:&quot;464668980_8296923360434541_3025478475985882174_n-86x64.jpg&quot;,&quot;210&quot;:&quot;464668980_8296923360434541_3025478475985882174_n-210x136.jpg&quot;,&quot;800&quot;:&quot;464668980_8296923360434541_3025478475985882174_n.jpg&quot;}}\"\t\t\t\t\tclass=\"img-holder\" href=\"https:\/\/asdaamaghribia.ma\/fr\/politique\/11712\/\"><\/a>\n\t\t\t\t\t<\/div>\n\t<h2 class=\"title\">\t<a class=\"post-url\" href=\"https:\/\/asdaamaghribia.ma\/fr\/politique\/11712\/\" title=\"SM le Roi Mohammed VI et le Pr\u00e9sident Emmanuel Macron signent \u00e0 Rabat la D\u00e9claration relative au \u00ab\u00a0Partenariat d\u2019exception renforc\u00e9\u00a0\u00bb entre le Maroc et la France\">\n\t\t<span class=\"post-title\">\n\t\t\tSM le Roi Mohammed VI et le Pr\u00e9sident Emmanuel Macron&hellip;\t\t<\/span>\n\t<\/a>\n\t<\/h2>\t\t<div class=\"post-meta\">\n\n\t\t\t\t\t\t\t<span class=\"time\"><time class=\"post-published updated\"\n\t\t\t\t                         datetime=\"2024-10-29T11:04:58+00:00\">Oct 29, 2024<\/time><\/span>\n\t\t\t\t\t\t<\/div>\n\t\t<\/div>\n<\/article >\n<article  class=\"post-11709 type-post format-standard has-post-thumbnail   listing-item listing-item-thumbnail listing-item-tb-3 main-term-17\">\n<div class=\"item-inner clearfix\">\n\t\t\t\t<div class=\"featured featured-type-featured-image\">\n\t\t\t<a  title=\"SM le Roi Mohammed VI et le Pr\u00e9sident Emmanuel Macron pr\u00e9sident la c\u00e9r\u00e9monie de signature de plusieurs accords entre le Royaume du Maroc et la R\u00e9publique fran\u00e7aise\" data-src=\"https:\/\/asdaamaghribia.ma\/fr\/wp-content\/uploads\/2024\/10\/SM-le-Roi_2_0-86x64.jpg\" data-bs-srcset=\"{&quot;baseurl&quot;:&quot;https:\\\/\\\/asdaamaghribia.ma\\\/fr\\\/wp-content\\\/uploads\\\/2024\\\/10\\\/&quot;,&quot;sizes&quot;:{&quot;86&quot;:&quot;SM-le-Roi_2_0-86x64.jpg&quot;,&quot;210&quot;:&quot;SM-le-Roi_2_0-210x136.jpg&quot;,&quot;450&quot;:&quot;SM-le-Roi_2_0.jpg&quot;}}\"\t\t\t\t\tclass=\"img-holder\" href=\"https:\/\/asdaamaghribia.ma\/fr\/economie\/11709\/\"><\/a>\n\t\t\t\t\t<\/div>\n\t<h2 class=\"title\">\t<a class=\"post-url\" href=\"https:\/\/asdaamaghribia.ma\/fr\/economie\/11709\/\" title=\"SM le Roi Mohammed VI et le Pr\u00e9sident Emmanuel Macron pr\u00e9sident la c\u00e9r\u00e9monie de signature de plusieurs accords entre le Royaume du Maroc et la R\u00e9publique fran\u00e7aise\">\n\t\t<span class=\"post-title\">\n\t\t\tSM le Roi Mohammed VI et le Pr\u00e9sident Emmanuel Macron&hellip;\t\t<\/span>\n\t<\/a>\n\t<\/h2>\t\t<div class=\"post-meta\">\n\n\t\t\t\t\t\t\t<span class=\"time\"><time class=\"post-published updated\"\n\t\t\t\t                         datetime=\"2024-10-29T11:00:07+00:00\">Oct 29, 2024<\/time><\/span>\n\t\t\t\t\t\t<\/div>\n\t\t<\/div>\n<\/article >\n\t<\/div>\n\t<\/div><div class=\"tgrc tgrc-clearfix  tgrc-align-center tgrc-column-1 tgrc-float-center\"><div id=\"tgrc-45789-1170010536\" class=\"tgrc-container tgrc-type-code \" itemscope=\"\" itemtype=\"https:\/\/schema.org\/WPAdBlock\" data-adid=\"45789\" data-type=\"code\"><\/div><\/div>[\/vc_column][vc_column width=\u00a0\u00bb2\/3&Prime;]<div id=\"\" class=\"bscb-49536  vc_custom_1702137597847 have_bg bs-listing bs-listing-listing-mix-1-2 bs-listing-single-tab\">\t\t<h3 class=\"section-heading sh-t4 sh-s6 main-term-19\">\n\n\t\t\n\t\t\t\t\t\t\t<a href=\"https:\/\/asdaamaghribia.ma\/fr\/category\/m-a\/\" class=\"main-link\">\n\t\t\t\t\t\t\t<span class=\"h-text main-term-19\">\n\t\t\t\t\t\t\t\tAsdae R\u00e9gions\t\t\t\t\t\t\t<\/span>\n\t\t\t\t<\/a>\n\t\t\t\n\t\t\n\t\t<\/h3>\n\t\t\t<div class=\"listing listing-mix-1-2 clearfix \">\n\t\t<div class=\"item-inner\">\n\t\t\t<div class=\"column-1\">\n\t\t\t\t\t<article class=\"post-11956 type-post format-standard has-post-thumbnail   listing-item listing-item-grid listing-item-grid-1 main-term-17\">\n\t<div class=\"item-inner\">\n\t\t\t\t\t<div class=\"featured clearfix\">\n\t\t\t\t<div class=\"term-badges floated\"><span class=\"term-badge term-17\"><a href=\"https:\/\/asdaamaghribia.ma\/fr\/category\/24-24\/\">24\/24<\/a><\/span><\/div>\t\t\t\t<a  title=\"Les relations maroco-soudanaises.. un h\u00e9ritage historique et des perspectives \u00e9conomiques prometteuses\" data-src=\"https:\/\/asdaamaghribia.ma\/fr\/wp-content\/uploads\/2026\/02\/200-357x210.webp\" data-bs-srcset=\"{&quot;baseurl&quot;:&quot;https:\\\/\\\/asdaamaghribia.ma\\\/fr\\\/wp-content\\\/uploads\\\/2026\\\/02\\\/&quot;,&quot;sizes&quot;:{&quot;210&quot;:&quot;200-210x136.webp&quot;,&quot;279&quot;:&quot;200-279x220.webp&quot;,&quot;357&quot;:&quot;200-357x210.webp&quot;,&quot;750&quot;:&quot;200-750x430.webp&quot;,&quot;780&quot;:&quot;200.webp&quot;}}\"\t\t\t\t\t\tclass=\"img-holder\" href=\"https:\/\/asdaamaghribia.ma\/fr\/actualites\/11956\/\"><\/a>\n\n\t\t\t\t\t\t\t<\/div>\n\t\t<h2 class=\"title\">\t\t<a href=\"https:\/\/asdaamaghribia.ma\/fr\/actualites\/11956\/\" class=\"post-title post-url\">\n\t\t\tLes relations maroco-soudanaises.. un h\u00e9ritage historique et des perspectives&hellip;\t\t<\/a>\n\t\t<\/h2>\t\t<div class=\"post-meta\">\n\n\t\t\t\t\t\t\t<a href=\"https:\/\/asdaamaghribia.ma\/fr\/author\/admin\/\"\n\t\t\t\t   title=\"Parcourir les articles Auteur\"\n\t\t\t\t   class=\"post-author-a\">\n\t\t\t\t\t<i class=\"post-author author\">\n\t\t\t\t\t\tadmin\t\t\t\t\t<\/i>\n\t\t\t\t<\/a>\n\t\t\t\t\t\t\t<span class=\"time\"><time class=\"post-published updated\"\n\t\t\t\t                         datetime=\"2026-02-19T17:35:41+00:00\">F\u00e9v 19, 2026<\/time><\/span>\n\t\t\t\t<a href=\"https:\/\/asdaamaghribia.ma\/fr\/actualites\/11956\/#disqus_thread\" title=\"Laisser un commentaire sur: &quot;Les relations maroco-soudanaises.. un h\u00e9ritage historique et des perspectives \u00e9conomiques prometteuses&quot;\" class=\"comments\"><i class=\"fa fa-comments-o\"><\/i> <\/a>\t\t<\/div>\n\t\t\t\t\t<div class=\"post-summary\">\n\t\t\t\tLes liens entre le Maroc et le Soudan ne sont pas le fruit d\u2019une conjoncture r\u00e9cente, mais le prolongement d\u2019une&hellip;\t\t\t<\/div>\n\t\t\t<\/div>\n\t<\/article >\n\t\t\t<\/div>\n\t\t\t<div class=\"column-2\">\n\t\t\t\t\t\t\t\t\t<div class=\"listing listing-thumbnail listing-tb-2 clearfix scolumns-2\">\n\t\t\t\t\t\t<article  class=\"post-11935 type-post format-standard has-post-thumbnail   listing-item listing-item-thumbnail listing-item-tb-2 main-term-10\">\n<div class=\"item-inner clearfix\">\n\t\t\t<div class=\"featured featured-type-featured-image\">\n\t\t\t<div class=\"term-badges floated\"><span class=\"term-badge term-10\"><a href=\"https:\/\/asdaamaghribia.ma\/fr\/category\/activites-royales\/\">Activit\u00e9s Royales<\/a><\/span><\/div>\t\t\t<a  title=\"SM le Roi pr\u00e9side la c\u00e9r\u00e9monie de pr\u00e9sentation et de lancement du projet de r\u00e9alisation \u00e0 Nouaceur d\u2019une usine de production des trains d\u2019atterrissage du groupe Safran\" data-src=\"https:\/\/asdaamaghribia.ma\/fr\/wp-content\/uploads\/2026\/02\/1254542312-210x136.jpeg\" data-bs-srcset=\"{&quot;baseurl&quot;:&quot;https:\\\/\\\/asdaamaghribia.ma\\\/fr\\\/wp-content\\\/uploads\\\/2026\\\/02\\\/&quot;,&quot;sizes&quot;:{&quot;86&quot;:&quot;1254542312-86x64.jpeg&quot;,&quot;210&quot;:&quot;1254542312-210x136.jpeg&quot;,&quot;279&quot;:&quot;1254542312-279x220.jpeg&quot;,&quot;357&quot;:&quot;1254542312-357x210.jpeg&quot;,&quot;508&quot;:&quot;1254542312.jpeg&quot;}}\"\t\t\t\t\tclass=\"img-holder\" href=\"https:\/\/asdaamaghribia.ma\/fr\/uncategorized\/11935\/\"><\/a>\n\t\t\t\t\t<\/div>\n\t<h2 class=\"title\">\t<a class=\"post-url\" href=\"https:\/\/asdaamaghribia.ma\/fr\/uncategorized\/11935\/\" title=\"SM le Roi pr\u00e9side la c\u00e9r\u00e9monie de pr\u00e9sentation et de lancement du projet de r\u00e9alisation \u00e0 Nouaceur d\u2019une usine de production des trains d\u2019atterrissage du groupe Safran\">\n\t\t\t<span class=\"post-title\">\n\t\t\t\tSM le Roi pr\u00e9side la c\u00e9r\u00e9monie de pr\u00e9sentation et de&hellip;\t\t\t<\/span>\n\t<\/a>\n\t<\/h2><\/div>\n<\/article >\n<article  class=\"post-11890 type-post format-standard has-post-thumbnail   listing-item listing-item-thumbnail listing-item-tb-2 main-term-17\">\n<div class=\"item-inner clearfix\">\n\t\t\t<div class=\"featured featured-type-featured-image\">\n\t\t\t<div class=\"term-badges floated\"><span class=\"term-badge term-17\"><a href=\"https:\/\/asdaamaghribia.ma\/fr\/category\/24-24\/\">24\/24<\/a><\/span><\/div>\t\t\t<a  title=\"Le Maroc et la CAN 2025 : un succ\u00e8s pour toute l\u2019Afrique\" data-src=\"https:\/\/asdaamaghribia.ma\/fr\/wp-content\/uploads\/2025\/12\/vis_1215202513180256-210x136.jpg\" data-bs-srcset=\"{&quot;baseurl&quot;:&quot;https:\\\/\\\/asdaamaghribia.ma\\\/fr\\\/wp-content\\\/uploads\\\/2025\\\/12\\\/&quot;,&quot;sizes&quot;:{&quot;86&quot;:&quot;vis_1215202513180256-86x64.jpg&quot;,&quot;210&quot;:&quot;vis_1215202513180256-210x136.jpg&quot;,&quot;279&quot;:&quot;vis_1215202513180256-279x220.jpg&quot;,&quot;357&quot;:&quot;vis_1215202513180256-357x210.jpg&quot;,&quot;750&quot;:&quot;vis_1215202513180256-750x430.jpg&quot;,&quot;826&quot;:&quot;vis_1215202513180256.jpg&quot;}}\"\t\t\t\t\tclass=\"img-holder\" href=\"https:\/\/asdaamaghribia.ma\/fr\/uncategorized\/11890\/\"><\/a>\n\t\t\t\t\t<\/div>\n\t<h2 class=\"title\">\t<a class=\"post-url\" href=\"https:\/\/asdaamaghribia.ma\/fr\/uncategorized\/11890\/\" title=\"Le Maroc et la CAN 2025 : un succ\u00e8s pour toute l\u2019Afrique\">\n\t\t\t<span class=\"post-title\">\n\t\t\t\tLe Maroc et la CAN 2025 : un succ\u00e8s pour toute l\u2019Afrique\t\t\t<\/span>\n\t<\/a>\n\t<\/h2><\/div>\n<\/article >\n<article  class=\"post-11851 type-post format-standard has-post-thumbnail   listing-item listing-item-thumbnail listing-item-tb-2 main-term-17\">\n<div class=\"item-inner clearfix\">\n\t\t\t<div class=\"featured featured-type-featured-image\">\n\t\t\t<div class=\"term-badges floated\"><span class=\"term-badge term-17\"><a href=\"https:\/\/asdaamaghribia.ma\/fr\/category\/24-24\/\">24\/24<\/a><\/span><\/div>\t\t\t<a  title=\"Le Maroc dans l\u2019\u00e8re du r\u00e9alisme souverain : lecture d\u2019un discours royal historique\" data-src=\"https:\/\/asdaamaghribia.ma\/fr\/wp-content\/uploads\/2025\/10\/roi-majeste-4-210x136.webp\" data-bs-srcset=\"{&quot;baseurl&quot;:&quot;https:\\\/\\\/asdaamaghribia.ma\\\/fr\\\/wp-content\\\/uploads\\\/2025\\\/10\\\/&quot;,&quot;sizes&quot;:{&quot;86&quot;:&quot;roi-majeste-4-86x64.webp&quot;,&quot;210&quot;:&quot;roi-majeste-4-210x136.webp&quot;,&quot;279&quot;:&quot;roi-majeste-4-279x220.webp&quot;,&quot;357&quot;:&quot;roi-majeste-4-357x210.webp&quot;,&quot;750&quot;:&quot;roi-majeste-4-750x430.webp&quot;,&quot;800&quot;:&quot;roi-majeste-4.webp&quot;}}\"\t\t\t\t\tclass=\"img-holder\" href=\"https:\/\/asdaamaghribia.ma\/fr\/politique\/11851\/\"><\/a>\n\t\t\t\t\t<\/div>\n\t<h2 class=\"title\">\t<a class=\"post-url\" href=\"https:\/\/asdaamaghribia.ma\/fr\/politique\/11851\/\" title=\"Le Maroc dans l\u2019\u00e8re du r\u00e9alisme souverain : lecture d\u2019un discours royal historique\">\n\t\t\t<span class=\"post-title\">\n\t\t\t\tLe Maroc dans l\u2019\u00e8re du r\u00e9alisme souverain : lecture d\u2019un&hellip;\t\t\t<\/span>\n\t<\/a>\n\t<\/h2><\/div>\n<\/article >\n<article  class=\"post-11835 type-post format-standard has-post-thumbnail   listing-item listing-item-thumbnail listing-item-tb-2 main-term-17\">\n<div class=\"item-inner clearfix\">\n\t\t\t<div class=\"featured featured-type-featured-image\">\n\t\t\t<div class=\"term-badges floated\"><span class=\"term-badge term-17\"><a href=\"https:\/\/asdaamaghribia.ma\/fr\/category\/24-24\/\">24\/24<\/a><\/span><\/div>\t\t\t<a  title=\"Sahara marocain : Le gouvernement britannique r\u00e9affirme son soutien au Plan d\u2019autonomie\" data-src=\"https:\/\/asdaamaghribia.ma\/fr\/wp-content\/uploads\/2025\/10\/images-2-210x136.jpg\" data-bs-srcset=\"{&quot;baseurl&quot;:&quot;https:\\\/\\\/asdaamaghribia.ma\\\/fr\\\/wp-content\\\/uploads\\\/2025\\\/10\\\/&quot;,&quot;sizes&quot;:{&quot;86&quot;:&quot;images-2-86x64.jpg&quot;,&quot;210&quot;:&quot;images-2-210x136.jpg&quot;,&quot;275&quot;:&quot;images-2.jpg&quot;}}\"\t\t\t\t\tclass=\"img-holder\" href=\"https:\/\/asdaamaghribia.ma\/fr\/politique\/11835\/\"><\/a>\n\t\t\t\t\t<\/div>\n\t<h2 class=\"title\">\t<a class=\"post-url\" href=\"https:\/\/asdaamaghribia.ma\/fr\/politique\/11835\/\" title=\"Sahara marocain : Le gouvernement britannique r\u00e9affirme son soutien au Plan d\u2019autonomie\">\n\t\t\t<span class=\"post-title\">\n\t\t\t\tSahara marocain : Le gouvernement britannique r\u00e9affirme son&hellip;\t\t\t<\/span>\n\t<\/a>\n\t<\/h2><\/div>\n<\/article >\n\t\t\t\t\t<\/div>\n\t\t\t\t\t\t\t\t<\/div>\n\t\t<\/div>\n\t<\/div>\n<\/div><div id=\"\" class=\"bscb-11344  vc_custom_1702158179953 have_bg bs-listing bs-listing-listing-mix-1-2 bs-listing-single-tab\">\t\t<h3 class=\"section-heading sh-t4 sh-s6 main-term-19\">\n\n\t\t\n\t\t\t\t\t\t\t<a href=\"https:\/\/asdaamaghribia.ma\/fr\/category\/m-a\/\" class=\"main-link\">\n\t\t\t\t\t\t\t<span class=\"h-text main-term-19\">\n\t\t\t\t\t\t\t\t<i class=\"bf-icon bf-custom-icon bf-custom-icon-url\"><img decoding=\"async\" src=\"http:\/\/asdaemaghribia.ma\/wp-content\/uploads\/2022\/10\/yy.jpg\"><\/i> Asdae internationales\t\t\t\t\t\t\t<\/span>\n\t\t\t\t<\/a>\n\t\t\t\n\t\t\n\t\t<\/h3>\n\t\t\t<div class=\"listing listing-mix-1-2 clearfix \">\n\t\t<div class=\"item-inner\">\n\t\t\t<div class=\"column-1\">\n\t\t\t\t\t<article class=\"post-12036 type-post format-standard has-post-thumbnail   listing-item listing-item-grid listing-item-grid-1 main-term-11\">\n\t<div class=\"item-inner\">\n\t\t\t\t\t<div class=\"featured clearfix\">\n\t\t\t\t<div class=\"term-badges floated\"><span class=\"term-badge term-11\"><a href=\"https:\/\/asdaamaghribia.ma\/fr\/category\/actualites\/\">Actualit\u00e9s<\/a><\/span><\/div>\t\t\t\t<a  title=\"Trois tentatives d\u2019assassinat : Trump face \u00e0 l\u2019ombre du chaos\" data-src=\"https:\/\/asdaamaghribia.ma\/fr\/wp-content\/uploads\/2026\/04\/10-1-357x210.webp\" data-bs-srcset=\"{&quot;baseurl&quot;:&quot;https:\\\/\\\/asdaamaghribia.ma\\\/fr\\\/wp-content\\\/uploads\\\/2026\\\/04\\\/&quot;,&quot;sizes&quot;:{&quot;210&quot;:&quot;10-1-210x136.webp&quot;,&quot;279&quot;:&quot;10-1-279x220.webp&quot;,&quot;357&quot;:&quot;10-1-357x210.webp&quot;,&quot;640&quot;:&quot;10-1.webp&quot;}}\"\t\t\t\t\t\tclass=\"img-holder\" href=\"https:\/\/asdaamaghribia.ma\/fr\/monde\/12036\/\"><\/a>\n\n\t\t\t\t\t\t\t<\/div>\n\t\t<h2 class=\"title\">\t\t<a href=\"https:\/\/asdaamaghribia.ma\/fr\/monde\/12036\/\" class=\"post-title post-url\">\n\t\t\tTrois tentatives d\u2019assassinat : Trump face \u00e0 l\u2019ombre du chaos\t\t<\/a>\n\t\t<\/h2>\t\t<div class=\"post-meta\">\n\n\t\t\t\t\t\t\t<a href=\"https:\/\/asdaamaghribia.ma\/fr\/author\/admin\/\"\n\t\t\t\t   title=\"Parcourir les articles Auteur\"\n\t\t\t\t   class=\"post-author-a\">\n\t\t\t\t\t<i class=\"post-author author\">\n\t\t\t\t\t\tadmin\t\t\t\t\t<\/i>\n\t\t\t\t<\/a>\n\t\t\t\t\t\t\t<span class=\"time\"><time class=\"post-published updated\"\n\t\t\t\t                         datetime=\"2026-04-26T18:25:27+00:00\">Avr 26, 2026<\/time><\/span>\n\t\t\t\t<a href=\"https:\/\/asdaamaghribia.ma\/fr\/monde\/12036\/#disqus_thread\" title=\"Laisser un commentaire sur: &quot;Trois tentatives d\u2019assassinat : Trump face \u00e0 l\u2019ombre du chaos&quot;\" class=\"comments\"><i class=\"fa fa-comments-o\"><\/i> <\/a>\t\t<\/div>\n\t\t\t\t\t<div class=\"post-summary\">\n\t\t\t\tWashington \u2013 De notre envoy\u00e9 sp\u00e9cial\r\nLa question qui circule aujourd\u2019hui dans les couloirs de la capitale&hellip;\t\t\t<\/div>\n\t\t\t<\/div>\n\t<\/article >\n\t\t\t<\/div>\n\t\t\t<div class=\"column-2\">\n\t\t\t\t\t\t\t\t\t<div class=\"listing listing-thumbnail listing-tb-2 clearfix scolumns-2\">\n\t\t\t\t\t\t<article  class=\"post-12030 type-post format-standard has-post-thumbnail   listing-item listing-item-thumbnail listing-item-tb-2 main-term-12\">\n<div class=\"item-inner clearfix\">\n\t\t\t<div class=\"featured featured-type-featured-image\">\n\t\t\t<div class=\"term-badges floated\"><span class=\"term-badge term-12\"><a href=\"https:\/\/asdaamaghribia.ma\/fr\/category\/la-une\/\">La Une<\/a><\/span><\/div>\t\t\t<a  title=\"Nuit de panique \u00e0 Washington : le paradoxe d\u2019un loup solitaire\" data-src=\"https:\/\/asdaamaghribia.ma\/fr\/wp-content\/uploads\/2026\/04\/collen-210x136.webp\" data-bs-srcset=\"{&quot;baseurl&quot;:&quot;https:\\\/\\\/asdaamaghribia.ma\\\/fr\\\/wp-content\\\/uploads\\\/2026\\\/04\\\/&quot;,&quot;sizes&quot;:{&quot;86&quot;:&quot;collen-86x64.webp&quot;,&quot;210&quot;:&quot;collen-210x136.webp&quot;,&quot;279&quot;:&quot;collen-279x220.webp&quot;,&quot;357&quot;:&quot;collen-357x210.webp&quot;,&quot;750&quot;:&quot;collen-750x430.webp&quot;,&quot;1200&quot;:&quot;collen.webp&quot;}}\"\t\t\t\t\tclass=\"img-holder\" href=\"https:\/\/asdaamaghribia.ma\/fr\/monde\/12030\/\"><\/a>\n\t\t\t\t\t<\/div>\n\t<h2 class=\"title\">\t<a class=\"post-url\" href=\"https:\/\/asdaamaghribia.ma\/fr\/monde\/12030\/\" title=\"Nuit de panique \u00e0 Washington : le paradoxe d\u2019un loup solitaire\">\n\t\t\t<span class=\"post-title\">\n\t\t\t\tNuit de panique \u00e0 Washington : le paradoxe d\u2019un loup&hellip;\t\t\t<\/span>\n\t<\/a>\n\t<\/h2><\/div>\n<\/article >\n<article  class=\"post-11956 type-post format-standard has-post-thumbnail   listing-item listing-item-thumbnail listing-item-tb-2 main-term-17\">\n<div class=\"item-inner clearfix\">\n\t\t\t<div class=\"featured featured-type-featured-image\">\n\t\t\t<div class=\"term-badges floated\"><span class=\"term-badge term-17\"><a href=\"https:\/\/asdaamaghribia.ma\/fr\/category\/24-24\/\">24\/24<\/a><\/span><\/div>\t\t\t<a  title=\"Les relations maroco-soudanaises.. un h\u00e9ritage historique et des perspectives \u00e9conomiques prometteuses\" data-src=\"https:\/\/asdaamaghribia.ma\/fr\/wp-content\/uploads\/2026\/02\/200-210x136.webp\" data-bs-srcset=\"{&quot;baseurl&quot;:&quot;https:\\\/\\\/asdaamaghribia.ma\\\/fr\\\/wp-content\\\/uploads\\\/2026\\\/02\\\/&quot;,&quot;sizes&quot;:{&quot;86&quot;:&quot;200-86x64.webp&quot;,&quot;210&quot;:&quot;200-210x136.webp&quot;,&quot;279&quot;:&quot;200-279x220.webp&quot;,&quot;357&quot;:&quot;200-357x210.webp&quot;,&quot;750&quot;:&quot;200-750x430.webp&quot;,&quot;780&quot;:&quot;200.webp&quot;}}\"\t\t\t\t\tclass=\"img-holder\" href=\"https:\/\/asdaamaghribia.ma\/fr\/actualites\/11956\/\"><\/a>\n\t\t\t\t\t<\/div>\n\t<h2 class=\"title\">\t<a class=\"post-url\" href=\"https:\/\/asdaamaghribia.ma\/fr\/actualites\/11956\/\" title=\"Les relations maroco-soudanaises.. un h\u00e9ritage historique et des perspectives \u00e9conomiques prometteuses\">\n\t\t\t<span class=\"post-title\">\n\t\t\t\tLes relations maroco-soudanaises.. un h\u00e9ritage historique et&hellip;\t\t\t<\/span>\n\t<\/a>\n\t<\/h2><\/div>\n<\/article >\n<article  class=\"post-11935 type-post format-standard has-post-thumbnail   listing-item listing-item-thumbnail listing-item-tb-2 main-term-10\">\n<div class=\"item-inner clearfix\">\n\t\t\t<div class=\"featured featured-type-featured-image\">\n\t\t\t<div class=\"term-badges floated\"><span class=\"term-badge term-10\"><a href=\"https:\/\/asdaamaghribia.ma\/fr\/category\/activites-royales\/\">Activit\u00e9s Royales<\/a><\/span><\/div>\t\t\t<a  title=\"SM le Roi pr\u00e9side la c\u00e9r\u00e9monie de pr\u00e9sentation et de lancement du projet de r\u00e9alisation \u00e0 Nouaceur d\u2019une usine de production des trains d\u2019atterrissage du groupe Safran\" data-src=\"https:\/\/asdaamaghribia.ma\/fr\/wp-content\/uploads\/2026\/02\/1254542312-210x136.jpeg\" data-bs-srcset=\"{&quot;baseurl&quot;:&quot;https:\\\/\\\/asdaamaghribia.ma\\\/fr\\\/wp-content\\\/uploads\\\/2026\\\/02\\\/&quot;,&quot;sizes&quot;:{&quot;86&quot;:&quot;1254542312-86x64.jpeg&quot;,&quot;210&quot;:&quot;1254542312-210x136.jpeg&quot;,&quot;279&quot;:&quot;1254542312-279x220.jpeg&quot;,&quot;357&quot;:&quot;1254542312-357x210.jpeg&quot;,&quot;508&quot;:&quot;1254542312.jpeg&quot;}}\"\t\t\t\t\tclass=\"img-holder\" href=\"https:\/\/asdaamaghribia.ma\/fr\/uncategorized\/11935\/\"><\/a>\n\t\t\t\t\t<\/div>\n\t<h2 class=\"title\">\t<a class=\"post-url\" href=\"https:\/\/asdaamaghribia.ma\/fr\/uncategorized\/11935\/\" title=\"SM le Roi pr\u00e9side la c\u00e9r\u00e9monie de pr\u00e9sentation et de lancement du projet de r\u00e9alisation \u00e0 Nouaceur d\u2019une usine de production des trains d\u2019atterrissage du groupe Safran\">\n\t\t\t<span class=\"post-title\">\n\t\t\t\tSM le Roi pr\u00e9side la c\u00e9r\u00e9monie de pr\u00e9sentation et de&hellip;\t\t\t<\/span>\n\t<\/a>\n\t<\/h2><\/div>\n<\/article >\n<article  class=\"post-11916 type-post format-standard has-post-thumbnail   listing-item listing-item-thumbnail listing-item-tb-2 main-term-17\">\n<div class=\"item-inner clearfix\">\n\t\t\t<div class=\"featured featured-type-featured-image\">\n\t\t\t<div class=\"term-badges floated\"><span class=\"term-badge term-17\"><a href=\"https:\/\/asdaamaghribia.ma\/fr\/category\/24-24\/\">24\/24<\/a><\/span><\/div>\t\t\t<a  title=\"\u0643\u0644 \u0645\u0646 \u064a\u062a\u0639\u0627\u0648\u0646 \u0645\u0639 \u0627\u0644\u0628\u0648\u0644\u064a\u0633\u0627\u0631\u064a\u0648 \u064a\u0644\u0642\u0649 \u062d\u062a\u0641\u0647 \u0633\u0631\u064a\u0639\u064b\u0627\u2026 \u0645\u0627\u062f\u0648\u0631\u0648 \u0646\u0645\u0648\u0630\u062c\u064b\u0627\" data-src=\"https:\/\/asdaamaghribia.ma\/fr\/wp-content\/uploads\/2026\/01\/500-210x136.jpg\" data-bs-srcset=\"{&quot;baseurl&quot;:&quot;https:\\\/\\\/asdaamaghribia.ma\\\/fr\\\/wp-content\\\/uploads\\\/2026\\\/01\\\/&quot;,&quot;sizes&quot;:{&quot;86&quot;:&quot;500-86x64.jpg&quot;,&quot;210&quot;:&quot;500-210x136.jpg&quot;,&quot;279&quot;:&quot;500-279x220.jpg&quot;,&quot;357&quot;:&quot;500-357x210.jpg&quot;,&quot;678&quot;:&quot;500.jpg&quot;}}\"\t\t\t\t\tclass=\"img-holder\" href=\"https:\/\/asdaamaghribia.ma\/fr\/monde\/11916\/\"><\/a>\n\t\t\t\t\t<\/div>\n\t<h2 class=\"title\">\t<a class=\"post-url\" href=\"https:\/\/asdaamaghribia.ma\/fr\/monde\/11916\/\" title=\"\u0643\u0644 \u0645\u0646 \u064a\u062a\u0639\u0627\u0648\u0646 \u0645\u0639 \u0627\u0644\u0628\u0648\u0644\u064a\u0633\u0627\u0631\u064a\u0648 \u064a\u0644\u0642\u0649 \u062d\u062a\u0641\u0647 \u0633\u0631\u064a\u0639\u064b\u0627\u2026 \u0645\u0627\u062f\u0648\u0631\u0648 \u0646\u0645\u0648\u0630\u062c\u064b\u0627\">\n\t\t\t<span class=\"post-title\">\n\t\t\t\t\u0643\u0644 \u0645\u0646 \u064a\u062a\u0639\u0627\u0648\u0646 \u0645\u0639 \u0627\u0644\u0628\u0648\u0644\u064a\u0633\u0627\u0631\u064a\u0648 \u064a\u0644\u0642\u0649 \u062d\u062a\u0641\u0647 \u0633\u0631\u064a\u0639\u064b\u0627\u2026 \u0645\u0627\u062f\u0648\u0631\u0648 \u0646\u0645\u0648\u0630\u062c\u064b\u0627\t\t\t<\/span>\n\t<\/a>\n\t<\/h2><\/div>\n<\/article >\n\t\t\t\t\t<\/div>\n\t\t\t\t\t\t\t\t<\/div>\n\t\t<\/div>\n\t<\/div>\n<\/div>[\/vc_column][\/vc_row][vc_row full_width=\u00a0\u00bbstretch_row\u00a0\u00bb css=\u00a0\u00bb.vc_custom_1593317284530{background-position: center !important;background-repeat: no-repeat !important;background-size: cover !important;}\u00a0\u00bb][vc_column width=\u00a0\u00bb1\/3&Prime; css=\u00a0\u00bb.vc_custom_1593317419153{margin-top: 25px !important;margin-bottom: 25px !important;background-color: #ffffff !important;}\u00a0\u00bb]<div id=\"\" class=\"vc_custom_1702158388889 bs-listing bs-listing-listing-mix-1-1 bs-listing-single-tab\">\t\t<h3 class=\"section-heading sh-t4 sh-s6 main-term-23\">\n\n\t\t\n\t\t\t\t\t\t\t<a href=\"https:\/\/asdaamaghribia.ma\/fr\/category\/grands-dossiers\/\" class=\"main-link\">\n\t\t\t\t\t\t\t<span class=\"h-text main-term-23\">\n\t\t\t\t\t\t\t\tGrands dossiers\t\t\t\t\t\t\t<\/span>\n\t\t\t\t<\/a>\n\t\t\t\n\t\t\n\t\t<\/h3>\n\t\t\t<div class=\"listing listing-mix-1-1  \">\n\t\t<div class=\"item-inner clearfix\">\n\t\t\t<div class=\"column-1\">\n\t\t\t\t\t<article class=\"post-12014 type-post format-standard has-post-thumbnail   listing-item listing-item-grid listing-item-grid-1 main-term-17\">\n\t<div class=\"item-inner\">\n\t\t\t\t\t<div class=\"featured clearfix\">\n\t\t\t\t<div class=\"term-badges floated\"><span class=\"term-badge term-17\"><a href=\"https:\/\/asdaamaghribia.ma\/fr\/category\/24-24\/\">24\/24<\/a><\/span><\/div>\t\t\t\t<a  title=\"La Tour Mohammed VI : \u00c9clat d\u2019ing\u00e9nierie et vision royale\u202f\" data-src=\"https:\/\/asdaamaghribia.ma\/fr\/wp-content\/uploads\/2026\/04\/images-1-194x210.jpeg\" data-bs-srcset=\"{&quot;baseurl&quot;:&quot;https:\\\/\\\/asdaamaghribia.ma\\\/fr\\\/wp-content\\\/uploads\\\/2026\\\/04\\\/&quot;,&quot;sizes&quot;:{&quot;194&quot;:&quot;images-1.jpeg&quot;}}\"\t\t\t\t\t\tclass=\"img-holder\" href=\"https:\/\/asdaamaghribia.ma\/fr\/a-vos-marques\/12014\/\"><\/a>\n\n\t\t\t\t\t\t\t<\/div>\n\t\t<h2 class=\"title\">\t\t<a href=\"https:\/\/asdaamaghribia.ma\/fr\/a-vos-marques\/12014\/\" class=\"post-title post-url\">\n\t\t\tLa Tour Mohammed VI : \u00c9clat d\u2019ing\u00e9nierie et vision royale\u202f\t\t<\/a>\n\t\t<\/h2>\t\t<div class=\"post-meta\">\n\n\t\t\t\t\t\t\t<a href=\"https:\/\/asdaamaghribia.ma\/fr\/author\/admin\/\"\n\t\t\t\t   title=\"Parcourir les articles Auteur\"\n\t\t\t\t   class=\"post-author-a\">\n\t\t\t\t\t<i class=\"post-author author\">\n\t\t\t\t\t\tadmin\t\t\t\t\t<\/i>\n\t\t\t\t<\/a>\n\t\t\t\t\t\t\t<span class=\"time\"><time class=\"post-published updated\"\n\t\t\t\t                         datetime=\"2026-04-24T17:57:52+00:00\">Avr 24, 2026<\/time><\/span>\n\t\t\t\t<a href=\"https:\/\/asdaamaghribia.ma\/fr\/a-vos-marques\/12014\/#disqus_thread\" title=\"Laisser un commentaire sur: &quot;La Tour Mohammed VI : \u00c9clat d\u2019ing\u00e9nierie et vision royale\u202f&quot;\" class=\"comments\"><i class=\"fa fa-comments-o\"><\/i> <\/a>\t\t<\/div>\n\t\t\t\t\t<div class=\"post-summary\">\n\t\t\t\t \r\nSur ordre de Sa Majest\u00e9 le Roi Mohammed VI, que Dieu L\u2019assiste, Son Altesse Royale le Prince H\u00e9ritier&hellip;\t\t\t<\/div>\n\t\t\t<\/div>\n\t<\/article >\n\t\t\t<\/div>\n\t\t\t<div class=\"column-2\">\n\t\t\t\t\t<div class=\"listing listing-thumbnail listing-tb-1 clearfix columns-1\">\n\t\t<article class=\"post-11950 type-post format-standard has-post-thumbnail   listing-item listing-item-thumbnail listing-item-tb-1 main-term-17\">\n\t<div class=\"item-inner clearfix\">\n\t\t\t\t\t<div class=\"featured featured-type-featured-image\">\n\t\t\t\t<a  title=\"Sahara marocain : la Quatri\u00e8me Commission face \u00e0 un tournant historique en juin 2026\" data-src=\"https:\/\/asdaamaghribia.ma\/fr\/wp-content\/uploads\/2026\/02\/ONU-86x64.jpg\" data-bs-srcset=\"{&quot;baseurl&quot;:&quot;https:\\\/\\\/asdaamaghribia.ma\\\/fr\\\/wp-content\\\/uploads\\\/2026\\\/02\\\/&quot;,&quot;sizes&quot;:{&quot;86&quot;:&quot;ONU-86x64.jpg&quot;,&quot;210&quot;:&quot;ONU-210x136.jpg&quot;,&quot;746&quot;:&quot;ONU.jpg&quot;}}\"\t\t\t\t\t\tclass=\"img-holder\" href=\"https:\/\/asdaamaghribia.ma\/fr\/politique\/11950\/\"><\/a>\n\t\t\t\t\t\t\t<\/div>\n\t\t<h2 class=\"title\">\t\t<a href=\"https:\/\/asdaamaghribia.ma\/fr\/politique\/11950\/\" class=\"post-url post-title\">\n\t\t\tSahara marocain : la Quatri\u00e8me Commission face \u00e0 un tournant&hellip;\t\t<\/a>\n\t\t<\/h2>\t\t<div class=\"post-meta\">\n\n\t\t\t\t\t\t\t<span class=\"time\"><time class=\"post-published updated\"\n\t\t\t\t                         datetime=\"2026-02-19T14:54:06+00:00\">F\u00e9v 19, 2026<\/time><\/span>\n\t\t\t\t\t\t<\/div>\n\t\t\t<\/div>\n\t<\/article >\n\t<article class=\"post-11873 type-post format-standard has-post-thumbnail   listing-item listing-item-thumbnail listing-item-tb-1 main-term-17\">\n\t<div class=\"item-inner clearfix\">\n\t\t\t\t\t<div class=\"featured featured-type-featured-image\">\n\t\t\t\t<a  title=\"Une Alliance Strat\u00e9gique pour une Diplomatie Parall\u00e8le : Maroc et Belgique unis \u00e0 la Maison des Jeunes Moulay Rachid\" data-src=\"https:\/\/asdaamaghribia.ma\/fr\/wp-content\/uploads\/2025\/12\/5-86x64.jpeg\" data-bs-srcset=\"{&quot;baseurl&quot;:&quot;https:\\\/\\\/asdaamaghribia.ma\\\/fr\\\/wp-content\\\/uploads\\\/2025\\\/12\\\/&quot;,&quot;sizes&quot;:{&quot;86&quot;:&quot;5-86x64.jpeg&quot;,&quot;210&quot;:&quot;5-210x136.jpeg&quot;,&quot;1600&quot;:&quot;5.jpeg&quot;}}\"\t\t\t\t\t\tclass=\"img-holder\" href=\"https:\/\/asdaamaghribia.ma\/fr\/actualites\/11873\/\"><\/a>\n\t\t\t\t\t\t\t<\/div>\n\t\t<h2 class=\"title\">\t\t<a href=\"https:\/\/asdaamaghribia.ma\/fr\/actualites\/11873\/\" class=\"post-url post-title\">\n\t\t\tUne Alliance Strat\u00e9gique pour une Diplomatie Parall\u00e8le :&hellip;\t\t<\/a>\n\t\t<\/h2>\t\t<div class=\"post-meta\">\n\n\t\t\t\t\t\t\t<span class=\"time\"><time class=\"post-published updated\"\n\t\t\t\t                         datetime=\"2025-12-26T11:25:13+00:00\">D\u00e9c 26, 2025<\/time><\/span>\n\t\t\t\t\t\t<\/div>\n\t\t\t<\/div>\n\t<\/article >\n\t<\/div>\n\t\t\t\t<\/div>\n\t\t<\/div>\n\t<\/div>\n<\/div>[\/vc_column][vc_column width=\u00a0\u00bb1\/3&Prime; css=\u00a0\u00bb.vc_custom_1593317643550{margin-top: 25px !important;margin-bottom: 25px !important;background-color: #ffffff !important;}\u00a0\u00bb]<div id=\"\" class=\"vc_custom_1702158352803 bs-listing bs-listing-listing-mix-1-1 bs-listing-single-tab\">\t\t<h3 class=\"section-heading sh-t4 sh-s6 main-term-22\">\n\n\t\t\n\t\t\t\t\t\t\t<a href=\"https:\/\/asdaamaghribia.ma\/fr\/category\/art\/\" class=\"main-link\">\n\t\t\t\t\t\t\t<span class=\"h-text main-term-22\">\n\t\t\t\t\t\t\t\tArtistique\t\t\t\t\t\t\t<\/span>\n\t\t\t\t<\/a>\n\t\t\t\n\t\t\n\t\t<\/h3>\n\t\t\t<div class=\"listing listing-mix-1-1  \">\n\t\t<div class=\"item-inner clearfix\">\n\t\t\t<div class=\"column-1\">\n\t\t\t\t\t<article class=\"post-11481 type-post format-standard has-post-thumbnail   listing-item listing-item-grid listing-item-grid-1 main-term-22\">\n\t<div class=\"item-inner\">\n\t\t\t\t\t<div class=\"featured clearfix\">\n\t\t\t\t<div class=\"term-badges floated\"><span class=\"term-badge term-22\"><a href=\"https:\/\/asdaamaghribia.ma\/fr\/category\/art\/\">Artistique<\/a><\/span><\/div>\t\t\t\t<a  title=\"Ouarzazate accueille le premier forum r\u00e9gional du tourisme et du cin\u00e9ma dans la r\u00e9gion Draa-Tafilalet\" data-src=\"https:\/\/asdaamaghribia.ma\/fr\/wp-content\/uploads\/2023\/12\/admin-ajax-284x210.jpeg\" data-bs-srcset=\"{&quot;baseurl&quot;:&quot;https:\\\/\\\/asdaamaghribia.ma\\\/fr\\\/wp-content\\\/uploads\\\/2023\\\/12\\\/&quot;,&quot;sizes&quot;:{&quot;210&quot;:&quot;admin-ajax-210x136.jpeg&quot;,&quot;279&quot;:&quot;admin-ajax-279x220.jpeg&quot;,&quot;284&quot;:&quot;admin-ajax.jpeg&quot;}}\"\t\t\t\t\t\tclass=\"img-holder\" href=\"https:\/\/asdaamaghribia.ma\/fr\/cultures\/11481\/\"><\/a>\n\n\t\t\t\t\t\t\t<\/div>\n\t\t<h2 class=\"title\">\t\t<a href=\"https:\/\/asdaamaghribia.ma\/fr\/cultures\/11481\/\" class=\"post-title post-url\">\n\t\t\tOuarzazate accueille le premier forum r\u00e9gional du tourisme et du cin\u00e9ma dans la&hellip;\t\t<\/a>\n\t\t<\/h2>\t\t<div class=\"post-meta\">\n\n\t\t\t\t\t\t\t<a href=\"https:\/\/asdaamaghribia.ma\/fr\/author\/admin\/\"\n\t\t\t\t   title=\"Parcourir les articles Auteur\"\n\t\t\t\t   class=\"post-author-a\">\n\t\t\t\t\t<i class=\"post-author author\">\n\t\t\t\t\t\tadmin\t\t\t\t\t<\/i>\n\t\t\t\t<\/a>\n\t\t\t\t\t\t\t<span class=\"time\"><time class=\"post-published updated\"\n\t\t\t\t                         datetime=\"2023-12-10T12:22:05+00:00\">D\u00e9c 10, 2023<\/time><\/span>\n\t\t\t\t<a href=\"https:\/\/asdaamaghribia.ma\/fr\/cultures\/11481\/#disqus_thread\" title=\"Laisser un commentaire sur: &quot;Ouarzazate accueille le premier forum r\u00e9gional du tourisme et du cin\u00e9ma dans la r\u00e9gion Draa-Tafilalet&quot;\" class=\"comments\"><i class=\"fa fa-comments-o\"><\/i> <\/a>\t\t<\/div>\n\t\t\t\t\t<div class=\"post-summary\">\n\t\t\t\tOuarzazate - La premi\u00e8re \u00e9dition du Forum r\u00e9gional sur le tourisme et le cin\u00e9ma de Dr\u00e2a-Tafilalet se tiendra le&hellip;\t\t\t<\/div>\n\t\t\t<\/div>\n\t<\/article >\n\t\t\t<\/div>\n\t\t\t<div class=\"column-2\">\n\t\t\t\t\t\t\t<\/div>\n\t\t<\/div>\n\t<\/div>\n<\/div>[\/vc_column][vc_column width=\u00a0\u00bb1\/3&Prime; css=\u00a0\u00bb.vc_custom_1593317650365{margin-top: 25px !important;margin-bottom: 25px !important;background-color: #ffffff !important;}\u00a0\u00bb]<div id=\"\" class=\" bs-listing bs-listing-listing-mix-1-1 bs-listing-single-tab\">\t\t<h3 class=\"section-heading sh-t4 sh-s6 main-term-21\">\n\n\t\t\n\t\t\t\t\t\t\t<a href=\"https:\/\/asdaamaghribia.ma\/fr\/category\/femme\/\" class=\"main-link\">\n\t\t\t\t\t\t\t<span class=\"h-text main-term-21\">\n\t\t\t\t\t\t\t\tAu feminin\t\t\t\t\t\t\t<\/span>\n\t\t\t\t<\/a>\n\t\t\t\n\t\t\n\t\t<\/h3>\n\t\t\t<div class=\"listing listing-mix-1-1  \">\n\t\t<div class=\"item-inner clearfix\">\n\t\t\t<div class=\"column-1\">\n\t\t\t\t\t<article class=\"post-11997 type-post format-standard has-post-thumbnail   listing-item listing-item-grid listing-item-grid-1 main-term-18\">\n\t<div class=\"item-inner\">\n\t\t\t\t\t<div class=\"featured clearfix\">\n\t\t\t\t<div class=\"term-badges floated\"><span class=\"term-badge term-18\"><a href=\"https:\/\/asdaamaghribia.ma\/fr\/category\/mre\/\">Marocains du monde<\/a><\/span><\/div>\t\t\t\t<a  title=\"Les Nouveaux Visages De La Diaspora Marocaine : Saad Amrani .. L\u2019Excellence de l&rsquo;Expertise au Sommet de la Police F\u00e9d\u00e9rale Belge\" data-src=\"https:\/\/asdaamaghribia.ma\/fr\/wp-content\/uploads\/2026\/03\/Saad_Amrani-350x210.webp\" data-bs-srcset=\"{&quot;baseurl&quot;:&quot;https:\\\/\\\/asdaamaghribia.ma\\\/fr\\\/wp-content\\\/uploads\\\/2026\\\/03\\\/&quot;,&quot;sizes&quot;:{&quot;210&quot;:&quot;Saad_Amrani-210x136.webp&quot;,&quot;279&quot;:&quot;Saad_Amrani-279x220.webp&quot;,&quot;350&quot;:&quot;Saad_Amrani.webp&quot;}}\"\t\t\t\t\t\tclass=\"img-holder\" href=\"https:\/\/asdaamaghribia.ma\/fr\/mre\/11997\/\"><\/a>\n\n\t\t\t\t\t\t\t<\/div>\n\t\t<h2 class=\"title\">\t\t<a href=\"https:\/\/asdaamaghribia.ma\/fr\/mre\/11997\/\" class=\"post-title post-url\">\n\t\t\tLes Nouveaux Visages De La Diaspora Marocaine : Saad Amrani .. L\u2019Excellence de&hellip;\t\t<\/a>\n\t\t<\/h2>\t\t<div class=\"post-meta\">\n\n\t\t\t\t\t\t\t<a href=\"https:\/\/asdaamaghribia.ma\/fr\/author\/admin\/\"\n\t\t\t\t   title=\"Parcourir les articles Auteur\"\n\t\t\t\t   class=\"post-author-a\">\n\t\t\t\t\t<i class=\"post-author author\">\n\t\t\t\t\t\tadmin\t\t\t\t\t<\/i>\n\t\t\t\t<\/a>\n\t\t\t\t\t\t\t<span class=\"time\"><time class=\"post-published updated\"\n\t\t\t\t                         datetime=\"2026-03-16T10:21:36+00:00\">Mar 16, 2026<\/time><\/span>\n\t\t\t\t<a href=\"https:\/\/asdaamaghribia.ma\/fr\/mre\/11997\/#disqus_thread\" title=\"Laisser un commentaire sur: &quot;Les Nouveaux Visages De La Diaspora Marocaine : Saad Amrani .. L\u2019Excellence de l&rsquo;Expertise au Sommet de la Police F\u00e9d\u00e9rale Belge&quot;\" class=\"comments\"><i class=\"fa fa-comments-o\"><\/i> <\/a>\t\t<\/div>\n\t\t\t\t\t<div class=\"post-summary\">\n\t\t\t\tL\u2019accession de Saad Amrani au poste de Commissaire G\u00e9n\u00e9ral de la Police F\u00e9d\u00e9rale belge marque un tournant&hellip;\t\t\t<\/div>\n\t\t\t<\/div>\n\t<\/article >\n\t\t\t<\/div>\n\t\t\t<div class=\"column-2\">\n\t\t\t\t\t<div class=\"listing listing-thumbnail listing-tb-1 clearfix columns-1\">\n\t\t<article class=\"post-11981 type-post format-standard has-post-thumbnail   listing-item listing-item-thumbnail listing-item-tb-1 main-term-18\">\n\t<div class=\"item-inner clearfix\">\n\t\t\t\t\t<div class=\"featured featured-type-featured-image\">\n\t\t\t\t<a  title=\"Les Nouveaux Visages De La Diaspora Marocaine : Le Parcours Exceptionnel De L\u2019expert International SEM Lahoucine Goghrod\" data-src=\"https:\/\/asdaamaghribia.ma\/fr\/wp-content\/uploads\/2026\/03\/88-86x64.jpeg\" data-bs-srcset=\"{&quot;baseurl&quot;:&quot;https:\\\/\\\/asdaamaghribia.ma\\\/fr\\\/wp-content\\\/uploads\\\/2026\\\/03\\\/&quot;,&quot;sizes&quot;:{&quot;86&quot;:&quot;88-86x64.jpeg&quot;,&quot;210&quot;:&quot;88-210x136.jpeg&quot;,&quot;1179&quot;:&quot;88.jpeg&quot;}}\"\t\t\t\t\t\tclass=\"img-holder\" href=\"https:\/\/asdaamaghribia.ma\/fr\/mre\/11981\/\"><\/a>\n\t\t\t\t\t\t\t<\/div>\n\t\t<h2 class=\"title\">\t\t<a href=\"https:\/\/asdaamaghribia.ma\/fr\/mre\/11981\/\" class=\"post-url post-title\">\n\t\t\tLes Nouveaux Visages De La Diaspora Marocaine : Le Parcours&hellip;\t\t<\/a>\n\t\t<\/h2>\t\t<div class=\"post-meta\">\n\n\t\t\t\t\t\t\t<span class=\"time\"><time class=\"post-published updated\"\n\t\t\t\t                         datetime=\"2026-03-14T13:50:26+00:00\">Mar 14, 2026<\/time><\/span>\n\t\t\t\t\t\t<\/div>\n\t\t\t<\/div>\n\t<\/article >\n\t<article class=\"post-11925 type-post format-standard has-post-thumbnail   listing-item listing-item-thumbnail listing-item-tb-1 main-term-17\">\n\t<div class=\"item-inner clearfix\">\n\t\t\t\t\t<div class=\"featured featured-type-featured-image\">\n\t\t\t\t<a  title=\"Mohamed Ghomari, un Marocain engag\u00e9 au service de la solidarit\u00e9 et de la diplomatie parall\u00e8le\" data-src=\"https:\/\/asdaamaghribia.ma\/fr\/wp-content\/uploads\/2026\/01\/ghomari-1-86x64.jpg\" data-bs-srcset=\"{&quot;baseurl&quot;:&quot;https:\\\/\\\/asdaamaghribia.ma\\\/fr\\\/wp-content\\\/uploads\\\/2026\\\/01\\\/&quot;,&quot;sizes&quot;:{&quot;86&quot;:&quot;ghomari-1-86x64.jpg&quot;,&quot;210&quot;:&quot;ghomari-1-210x136.jpg&quot;,&quot;665&quot;:&quot;ghomari-1.jpg&quot;}}\"\t\t\t\t\t\tclass=\"img-holder\" href=\"https:\/\/asdaamaghribia.ma\/fr\/uncategorized\/11925\/\"><\/a>\n\t\t\t\t\t\t\t<\/div>\n\t\t<h2 class=\"title\">\t\t<a href=\"https:\/\/asdaamaghribia.ma\/fr\/uncategorized\/11925\/\" class=\"post-url post-title\">\n\t\t\tMohamed Ghomari, un Marocain engag\u00e9 au service de la&hellip;\t\t<\/a>\n\t\t<\/h2>\t\t<div class=\"post-meta\">\n\n\t\t\t\t\t\t\t<span class=\"time\"><time class=\"post-published updated\"\n\t\t\t\t                         datetime=\"2026-01-26T21:42:08+00:00\">Jan 26, 2026<\/time><\/span>\n\t\t\t\t\t\t<\/div>\n\t\t\t<\/div>\n\t<\/article >\n\t<\/div>\n\t\t\t\t<\/div>\n\t\t<\/div>\n\t<\/div>\n<\/div>[\/vc_column][\/vc_row][vc_row][vc_column][\/vc_column][\/vc_row][vc_row][vc_column][\/vc_column][\/vc_row][vc_row][vc_column]<div id=\"\" class=\" bs-listing bs-listing-modern-grid-listing-3 bs-listing-single-tab pagination-animate\"><div class=\"bs-slider-items-container\" data-slider-animation-speed=\"750\" data-slider-autoplay=\"1\" data-slider-control-dots=\"off\" data-slider-control-next-prev=\"style-1\" data-autoplaySpeed=\"3000\">\t\t<div class=\"bs-pagination-wrapper main-term-none slider bs-slider-first-item bs-slider-item bs-items-3\">\n\t\t\t<div class=\"listing listing-modern-grid listing-modern-grid-3 clearfix  slider-overlay-simple-gr columns-3\">\n\t\t\t<article class=\"post-12045 type-post format-standard has-post-thumbnail  listing-item-1 listing-item listing-mg-item listing-mg-3-item main-term-14 bsw-250\">\n\t<div class=\"item-content\">\n\t\t<a  title=\"Le Sahara marocain, c\u0153ur battant du Royaume\" data-src=\"https:\/\/asdaamaghribia.ma\/fr\/wp-content\/uploads\/2026\/01\/\u0627\u0646\u0627.jpg\" data-bs-srcset=\"{&quot;baseurl&quot;:&quot;https:\\\/\\\/asdaamaghribia.ma\\\/fr\\\/wp-content\\\/uploads\\\/2026\\\/01\\\/&quot;,&quot;sizes&quot;:{&quot;210&quot;:&quot;\\u0627\\u0646\\u0627-210x136.jpg&quot;,&quot;258&quot;:&quot;\\u0627\\u0646\\u0627.jpg&quot;}}\"\t\t\t\tclass=\"img-cont\" href=\"https:\/\/asdaamaghribia.ma\/fr\/editorial\/12045\/\"><\/a>\n\t\t\t\t<div class=\"content-container\">\n\t\t\t<div class=\"term-badges floated\"><span class=\"term-badge term-14\"><a href=\"https:\/\/asdaamaghribia.ma\/fr\/category\/editorial\/\">Editorial<\/a><\/span><\/div><h2 class=\"title\">\t\t\t<a href=\"https:\/\/asdaamaghribia.ma\/fr\/editorial\/12045\/\" class=\"post-title post-url\">\n\t\t\t\tLe Sahara marocain, c\u0153ur battant du Royaume\t\t\t<\/a>\n\t\t\t<\/h2>\t\t<div class=\"post-meta\">\n\n\t\t\t\t\t\t\t<a href=\"https:\/\/asdaamaghribia.ma\/fr\/author\/admin\/\"\n\t\t\t\t   title=\"Parcourir les articles Auteur\"\n\t\t\t\t   class=\"post-author-a\">\n\t\t\t\t\t<i class=\"post-author author\">\n\t\t\t\t\t\tadmin\t\t\t\t\t<\/i>\n\t\t\t\t<\/a>\n\t\t\t\t\t\t\t<span class=\"time\"><time class=\"post-published updated\"\n\t\t\t\t                         datetime=\"2026-04-26T18:39:10+00:00\">Avr 26, 2026<\/time><\/span>\n\t\t\t\t<a href=\"https:\/\/asdaamaghribia.ma\/fr\/editorial\/12045\/#disqus_thread\" title=\"Laisser un commentaire sur: &quot;Le Sahara marocain, c\u0153ur battant du Royaume&quot;\" class=\"comments\"><i class=\"fa fa-comments-o\"><\/i> <\/a>\t\t<\/div>\n\t\t\t\t<\/div>\n\t<\/div>\n\t<\/article >\n\t<article class=\"post-12042 type-post format-standard has-post-thumbnail  listing-item-2 listing-item listing-mg-item listing-mg-3-item main-term-12 bsw-250\">\n\t<div class=\"item-content\">\n\t\t<a  title=\"Sahara marocain : La Suisse consid\u00e8re l\u2019initiative d\u2019autonomie sous souverainet\u00e9 marocaine comme base la plus s\u00e9rieuse\" data-src=\"https:\/\/asdaamaghribia.ma\/fr\/wp-content\/uploads\/2026\/04\/map.jpg\" data-bs-srcset=\"{&quot;baseurl&quot;:&quot;https:\\\/\\\/asdaamaghribia.ma\\\/fr\\\/wp-content\\\/uploads\\\/2026\\\/04\\\/&quot;,&quot;sizes&quot;:{&quot;210&quot;:&quot;map-210x136.jpg&quot;,&quot;279&quot;:&quot;map-279x220.jpg&quot;,&quot;357&quot;:&quot;map-357x210.jpg&quot;,&quot;450&quot;:&quot;map.jpg&quot;}}\"\t\t\t\tclass=\"img-cont\" href=\"https:\/\/asdaamaghribia.ma\/fr\/politique\/12042\/\"><\/a>\n\t\t\t\t<div class=\"content-container\">\n\t\t\t<div class=\"term-badges floated\"><span class=\"term-badge term-12\"><a href=\"https:\/\/asdaamaghribia.ma\/fr\/category\/la-une\/\">La Une<\/a><\/span><\/div><h2 class=\"title\">\t\t\t<a href=\"https:\/\/asdaamaghribia.ma\/fr\/politique\/12042\/\" class=\"post-title post-url\">\n\t\t\t\tSahara marocain : La Suisse consid\u00e8re l\u2019initiative&hellip;\t\t\t<\/a>\n\t\t\t<\/h2>\t\t<div class=\"post-meta\">\n\n\t\t\t\t\t\t\t<a href=\"https:\/\/asdaamaghribia.ma\/fr\/author\/admin\/\"\n\t\t\t\t   title=\"Parcourir les articles Auteur\"\n\t\t\t\t   class=\"post-author-a\">\n\t\t\t\t\t<i class=\"post-author author\">\n\t\t\t\t\t\tadmin\t\t\t\t\t<\/i>\n\t\t\t\t<\/a>\n\t\t\t\t\t\t\t<span class=\"time\"><time class=\"post-published updated\"\n\t\t\t\t                         datetime=\"2026-04-26T18:31:20+00:00\">Avr 26, 2026<\/time><\/span>\n\t\t\t\t<a href=\"https:\/\/asdaamaghribia.ma\/fr\/politique\/12042\/#disqus_thread\" title=\"Laisser un commentaire sur: &quot;Sahara marocain : La Suisse consid\u00e8re l\u2019initiative d\u2019autonomie sous souverainet\u00e9 marocaine comme base la plus s\u00e9rieuse&quot;\" class=\"comments\"><i class=\"fa fa-comments-o\"><\/i> <\/a>\t\t<\/div>\n\t\t\t\t<\/div>\n\t<\/div>\n\t<\/article >\n\t<article class=\"post-12039 type-post format-standard has-post-thumbnail  listing-item-3 listing-item listing-mg-item listing-mg-3-item main-term-11 bsw-250\">\n\t<div class=\"item-content\">\n\t\t<a  title=\"SIAM 2026 : l&rsquo;INRA met en avant les derni\u00e8res recherches en mati\u00e8re de gestion de la raret\u00e9 de l&rsquo;eau dans le secteur agricole\" data-src=\"https:\/\/asdaamaghribia.ma\/fr\/wp-content\/uploads\/2026\/04\/Nouveau-projet970.jpg\" data-bs-srcset=\"{&quot;baseurl&quot;:&quot;https:\\\/\\\/asdaamaghribia.ma\\\/fr\\\/wp-content\\\/uploads\\\/2026\\\/04\\\/&quot;,&quot;sizes&quot;:{&quot;210&quot;:&quot;Nouveau-projet970-210x136.jpg&quot;,&quot;279&quot;:&quot;Nouveau-projet970-279x220.jpg&quot;,&quot;357&quot;:&quot;Nouveau-projet970-357x210.jpg&quot;,&quot;450&quot;:&quot;Nouveau-projet970.jpg&quot;}}\"\t\t\t\tclass=\"img-cont\" href=\"https:\/\/asdaamaghribia.ma\/fr\/uncategorized\/12039\/\"><\/a>\n\t\t\t\t<div class=\"content-container\">\n\t\t\t<div class=\"term-badges floated\"><span class=\"term-badge term-11\"><a href=\"https:\/\/asdaamaghribia.ma\/fr\/category\/actualites\/\">Actualit\u00e9s<\/a><\/span><\/div><h2 class=\"title\">\t\t\t<a href=\"https:\/\/asdaamaghribia.ma\/fr\/uncategorized\/12039\/\" class=\"post-title post-url\">\n\t\t\t\tSIAM 2026 : l&rsquo;INRA met en avant les derni\u00e8res&hellip;\t\t\t<\/a>\n\t\t\t<\/h2>\t\t<div class=\"post-meta\">\n\n\t\t\t\t\t\t\t<a href=\"https:\/\/asdaamaghribia.ma\/fr\/author\/admin\/\"\n\t\t\t\t   title=\"Parcourir les articles Auteur\"\n\t\t\t\t   class=\"post-author-a\">\n\t\t\t\t\t<i class=\"post-author author\">\n\t\t\t\t\t\tadmin\t\t\t\t\t<\/i>\n\t\t\t\t<\/a>\n\t\t\t\t\t\t\t<span class=\"time\"><time class=\"post-published updated\"\n\t\t\t\t                         datetime=\"2026-04-26T18:28:23+00:00\">Avr 26, 2026<\/time><\/span>\n\t\t\t\t<a href=\"https:\/\/asdaamaghribia.ma\/fr\/uncategorized\/12039\/#disqus_thread\" title=\"Laisser un commentaire sur: &quot;SIAM 2026 : l&rsquo;INRA met en avant les derni\u00e8res recherches en mati\u00e8re de gestion de la raret\u00e9 de l&rsquo;eau dans le secteur agricole&quot;\" class=\"comments\"><i class=\"fa fa-comments-o\"><\/i> <\/a>\t\t<\/div>\n\t\t\t\t<\/div>\n\t<\/div>\n\t<\/article >\n\t<\/div>\n\n\t<\/div>\t\t<div class=\"bs-pagination-wrapper main-term-none slider  bs-slider-item bs-items-3\">\n\t\t\t<div class=\"listing listing-modern-grid listing-modern-grid-3 clearfix  slider-overlay-simple-gr columns-3\">\n\t\t\t<article class=\"post-12036 type-post format-standard has-post-thumbnail  listing-item-1 listing-item listing-mg-item listing-mg-3-item main-term-11 bsw-250\">\n\t<div class=\"item-content\">\n\t\t<a  title=\"Trois tentatives d\u2019assassinat : Trump face \u00e0 l\u2019ombre du chaos\" data-src=\"https:\/\/asdaamaghribia.ma\/fr\/wp-content\/uploads\/2026\/04\/10-1.webp\" data-bs-srcset=\"{&quot;baseurl&quot;:&quot;https:\\\/\\\/asdaamaghribia.ma\\\/fr\\\/wp-content\\\/uploads\\\/2026\\\/04\\\/&quot;,&quot;sizes&quot;:{&quot;210&quot;:&quot;10-1-210x136.webp&quot;,&quot;279&quot;:&quot;10-1-279x220.webp&quot;,&quot;357&quot;:&quot;10-1-357x210.webp&quot;,&quot;640&quot;:&quot;10-1.webp&quot;}}\"\t\t\t\tclass=\"img-cont\" href=\"https:\/\/asdaamaghribia.ma\/fr\/monde\/12036\/\"><\/a>\n\t\t\t\t<div class=\"content-container\">\n\t\t\t<div class=\"term-badges floated\"><span class=\"term-badge term-11\"><a href=\"https:\/\/asdaamaghribia.ma\/fr\/category\/actualites\/\">Actualit\u00e9s<\/a><\/span><\/div><h2 class=\"title\">\t\t\t<a href=\"https:\/\/asdaamaghribia.ma\/fr\/monde\/12036\/\" class=\"post-title post-url\">\n\t\t\t\tTrois tentatives d\u2019assassinat : Trump face \u00e0 l\u2019ombre du&hellip;\t\t\t<\/a>\n\t\t\t<\/h2>\t\t<div class=\"post-meta\">\n\n\t\t\t\t\t\t\t<a href=\"https:\/\/asdaamaghribia.ma\/fr\/author\/admin\/\"\n\t\t\t\t   title=\"Parcourir les articles Auteur\"\n\t\t\t\t   class=\"post-author-a\">\n\t\t\t\t\t<i class=\"post-author author\">\n\t\t\t\t\t\tadmin\t\t\t\t\t<\/i>\n\t\t\t\t<\/a>\n\t\t\t\t\t\t\t<span class=\"time\"><time class=\"post-published updated\"\n\t\t\t\t                         datetime=\"2026-04-26T18:25:27+00:00\">Avr 26, 2026<\/time><\/span>\n\t\t\t\t<a href=\"https:\/\/asdaamaghribia.ma\/fr\/monde\/12036\/#disqus_thread\" title=\"Laisser un commentaire sur: &quot;Trois tentatives d\u2019assassinat : Trump face \u00e0 l\u2019ombre du chaos&quot;\" class=\"comments\"><i class=\"fa fa-comments-o\"><\/i> <\/a>\t\t<\/div>\n\t\t\t\t<\/div>\n\t<\/div>\n\t<\/article >\n\t<article class=\"post-12030 type-post format-standard has-post-thumbnail  listing-item-2 listing-item listing-mg-item listing-mg-3-item main-term-12 bsw-250\">\n\t<div class=\"item-content\">\n\t\t<a  title=\"Nuit de panique \u00e0 Washington : le paradoxe d\u2019un loup solitaire\" data-src=\"https:\/\/asdaamaghribia.ma\/fr\/wp-content\/uploads\/2026\/04\/collen-750x430.webp\" data-bs-srcset=\"{&quot;baseurl&quot;:&quot;https:\\\/\\\/asdaamaghribia.ma\\\/fr\\\/wp-content\\\/uploads\\\/2026\\\/04\\\/&quot;,&quot;sizes&quot;:{&quot;210&quot;:&quot;collen-210x136.webp&quot;,&quot;279&quot;:&quot;collen-279x220.webp&quot;,&quot;357&quot;:&quot;collen-357x210.webp&quot;,&quot;750&quot;:&quot;collen-750x430.webp&quot;,&quot;1200&quot;:&quot;collen.webp&quot;}}\"\t\t\t\tclass=\"img-cont\" href=\"https:\/\/asdaamaghribia.ma\/fr\/monde\/12030\/\"><\/a>\n\t\t\t\t<div class=\"content-container\">\n\t\t\t<div class=\"term-badges floated\"><span class=\"term-badge term-12\"><a href=\"https:\/\/asdaamaghribia.ma\/fr\/category\/la-une\/\">La Une<\/a><\/span><\/div><h2 class=\"title\">\t\t\t<a href=\"https:\/\/asdaamaghribia.ma\/fr\/monde\/12030\/\" class=\"post-title post-url\">\n\t\t\t\tNuit de panique \u00e0 Washington : le paradoxe d\u2019un loup&hellip;\t\t\t<\/a>\n\t\t\t<\/h2>\t\t<div class=\"post-meta\">\n\n\t\t\t\t\t\t\t<a href=\"https:\/\/asdaamaghribia.ma\/fr\/author\/admin\/\"\n\t\t\t\t   title=\"Parcourir les articles Auteur\"\n\t\t\t\t   class=\"post-author-a\">\n\t\t\t\t\t<i class=\"post-author author\">\n\t\t\t\t\t\tadmin\t\t\t\t\t<\/i>\n\t\t\t\t<\/a>\n\t\t\t\t\t\t\t<span class=\"time\"><time class=\"post-published updated\"\n\t\t\t\t                         datetime=\"2026-04-26T18:12:30+00:00\">Avr 26, 2026<\/time><\/span>\n\t\t\t\t<a href=\"https:\/\/asdaamaghribia.ma\/fr\/monde\/12030\/#disqus_thread\" title=\"Laisser un commentaire sur: &quot;Nuit de panique \u00e0 Washington : le paradoxe d\u2019un loup solitaire&quot;\" class=\"comments\"><i class=\"fa fa-comments-o\"><\/i> <\/a>\t\t<\/div>\n\t\t\t\t<\/div>\n\t<\/div>\n\t<\/article >\n\t<article class=\"post-12027 type-post format-standard has-post-thumbnail  listing-item-3 listing-item listing-mg-item listing-mg-3-item main-term-17 bsw-250\">\n\t<div class=\"item-content\">\n\t\t<a  title=\"Rencontre de fid\u00e9lit\u00e9\u2026 Mustapha Belktibia et Hassan Alaoui Directeur de Maroc Diplomatique, une image qui incarne la m\u00e9moire du journalisme marocain\" data-src=\"https:\/\/asdaamaghribia.ma\/fr\/wp-content\/uploads\/2026\/04\/\u062d\u0633\u0646-\u0627\u0644\u0639\u0644\u0648\u064a-\u0648-\u0627\u0644\u0645\u0635\u0637\u0641\u0649-\u0628\u0644\u0642\u0637\u064a\u0628\u064a\u0629-750x430.jpeg\" data-bs-srcset=\"{&quot;baseurl&quot;:&quot;https:\\\/\\\/asdaamaghribia.ma\\\/fr\\\/wp-content\\\/uploads\\\/2026\\\/04\\\/&quot;,&quot;sizes&quot;:{&quot;210&quot;:&quot;\\u062d\\u0633\\u0646-\\u0627\\u0644\\u0639\\u0644\\u0648\\u064a-\\u0648-\\u0627\\u0644\\u0645\\u0635\\u0637\\u0641\\u0649-\\u0628\\u0644\\u0642\\u0637\\u064a\\u0628\\u064a\\u0629-210x136.jpeg&quot;,&quot;279&quot;:&quot;\\u062d\\u0633\\u0646-\\u0627\\u0644\\u0639\\u0644\\u0648\\u064a-\\u0648-\\u0627\\u0644\\u0645\\u0635\\u0637\\u0641\\u0649-\\u0628\\u0644\\u0642\\u0637\\u064a\\u0628\\u064a\\u0629-279x220.jpeg&quot;,&quot;357&quot;:&quot;\\u062d\\u0633\\u0646-\\u0627\\u0644\\u0639\\u0644\\u0648\\u064a-\\u0648-\\u0627\\u0644\\u0645\\u0635\\u0637\\u0641\\u0649-\\u0628\\u0644\\u0642\\u0637\\u064a\\u0628\\u064a\\u0629-357x210.jpeg&quot;,&quot;750&quot;:&quot;\\u062d\\u0633\\u0646-\\u0627\\u0644\\u0639\\u0644\\u0648\\u064a-\\u0648-\\u0627\\u0644\\u0645\\u0635\\u0637\\u0641\\u0649-\\u0628\\u0644\\u0642\\u0637\\u064a\\u0628\\u064a\\u0629-750x430.jpeg&quot;,&quot;960&quot;:&quot;\\u062d\\u0633\\u0646-\\u0627\\u0644\\u0639\\u0644\\u0648\\u064a-\\u0648-\\u0627\\u0644\\u0645\\u0635\\u0637\\u0641\\u0649-\\u0628\\u0644\\u0642\\u0637\\u064a\\u0628\\u064a\\u0629.jpeg&quot;}}\"\t\t\t\tclass=\"img-cont\" href=\"https:\/\/asdaamaghribia.ma\/fr\/actualites\/12027\/\"><\/a>\n\t\t\t\t<div class=\"content-container\">\n\t\t\t<div class=\"term-badges floated\"><span class=\"term-badge term-17\"><a href=\"https:\/\/asdaamaghribia.ma\/fr\/category\/24-24\/\">24\/24<\/a><\/span><\/div><h2 class=\"title\">\t\t\t<a href=\"https:\/\/asdaamaghribia.ma\/fr\/actualites\/12027\/\" class=\"post-title post-url\">\n\t\t\t\tRencontre de fid\u00e9lit\u00e9\u2026 Mustapha Belktibia et Hassan Alaoui&hellip;\t\t\t<\/a>\n\t\t\t<\/h2>\t\t<div class=\"post-meta\">\n\n\t\t\t\t\t\t\t<a href=\"https:\/\/asdaamaghribia.ma\/fr\/author\/admin\/\"\n\t\t\t\t   title=\"Parcourir les articles Auteur\"\n\t\t\t\t   class=\"post-author-a\">\n\t\t\t\t\t<i class=\"post-author author\">\n\t\t\t\t\t\tadmin\t\t\t\t\t<\/i>\n\t\t\t\t<\/a>\n\t\t\t\t\t\t\t<span class=\"time\"><time class=\"post-published updated\"\n\t\t\t\t                         datetime=\"2026-04-24T22:04:32+00:00\">Avr 24, 2026<\/time><\/span>\n\t\t\t\t<a href=\"https:\/\/asdaamaghribia.ma\/fr\/actualites\/12027\/#disqus_thread\" title=\"Laisser un commentaire sur: &quot;Rencontre de fid\u00e9lit\u00e9\u2026 Mustapha Belktibia et Hassan Alaoui Directeur de Maroc Diplomatique, une image qui incarne la m\u00e9moire du journalisme marocain&quot;\" class=\"comments\"><i class=\"fa fa-comments-o\"><\/i> <\/a>\t\t<\/div>\n\t\t\t\t<\/div>\n\t<\/div>\n\t<\/article >\n\t<\/div>\n\n\t<\/div>\t\t<div class=\"bs-pagination-wrapper main-term-none slider  bs-slider-item bs-items-3\">\n\t\t\t<div class=\"listing listing-modern-grid listing-modern-grid-3 clearfix  slider-overlay-simple-gr columns-3\">\n\t\t\t<article class=\"post-12021 type-post format-standard has-post-thumbnail  listing-item-1 listing-item listing-mg-item listing-mg-3-item main-term-11 bsw-250\">\n\t<div class=\"item-content\">\n\t\t<a  title=\"Un \u00e9crin de culture inaugur\u00e9 \u00e0 Rabat par Leurs Altesses Royales et Mme Brigitte Macron\u202f\" data-src=\"https:\/\/asdaamaghribia.ma\/fr\/wp-content\/uploads\/2026\/04\/result_2026-04-23-101258-1024x684.jpg-750x430.webp\" data-bs-srcset=\"{&quot;baseurl&quot;:&quot;https:\\\/\\\/asdaamaghribia.ma\\\/fr\\\/wp-content\\\/uploads\\\/2026\\\/04\\\/&quot;,&quot;sizes&quot;:{&quot;210&quot;:&quot;result_2026-04-23-101258-1024x684.jpg-210x136.webp&quot;,&quot;279&quot;:&quot;result_2026-04-23-101258-1024x684.jpg-279x220.webp&quot;,&quot;357&quot;:&quot;result_2026-04-23-101258-1024x684.jpg-357x210.webp&quot;,&quot;750&quot;:&quot;result_2026-04-23-101258-1024x684.jpg-750x430.webp&quot;,&quot;1024&quot;:&quot;result_2026-04-23-101258-1024x684.jpg.webp&quot;}}\"\t\t\t\tclass=\"img-cont\" href=\"https:\/\/asdaamaghribia.ma\/fr\/actualites\/12021\/\"><\/a>\n\t\t\t\t<div class=\"content-container\">\n\t\t\t<div class=\"term-badges floated\"><span class=\"term-badge term-11\"><a href=\"https:\/\/asdaamaghribia.ma\/fr\/category\/actualites\/\">Actualit\u00e9s<\/a><\/span><\/div><h2 class=\"title\">\t\t\t<a href=\"https:\/\/asdaamaghribia.ma\/fr\/actualites\/12021\/\" class=\"post-title post-url\">\n\t\t\t\tUn \u00e9crin de culture inaugur\u00e9 \u00e0 Rabat par Leurs Altesses&hellip;\t\t\t<\/a>\n\t\t\t<\/h2>\t\t<div class=\"post-meta\">\n\n\t\t\t\t\t\t\t<a href=\"https:\/\/asdaamaghribia.ma\/fr\/author\/admin\/\"\n\t\t\t\t   title=\"Parcourir les articles Auteur\"\n\t\t\t\t   class=\"post-author-a\">\n\t\t\t\t\t<i class=\"post-author author\">\n\t\t\t\t\t\tadmin\t\t\t\t\t<\/i>\n\t\t\t\t<\/a>\n\t\t\t\t\t\t\t<span class=\"time\"><time class=\"post-published updated\"\n\t\t\t\t                         datetime=\"2026-04-24T18:12:09+00:00\">Avr 24, 2026<\/time><\/span>\n\t\t\t\t<a href=\"https:\/\/asdaamaghribia.ma\/fr\/actualites\/12021\/#disqus_thread\" title=\"Laisser un commentaire sur: &quot;Un \u00e9crin de culture inaugur\u00e9 \u00e0 Rabat par Leurs Altesses Royales et Mme Brigitte Macron\u202f&quot;\" class=\"comments\"><i class=\"fa fa-comments-o\"><\/i> <\/a>\t\t<\/div>\n\t\t\t\t<\/div>\n\t<\/div>\n\t<\/article >\n\t<article class=\"post-12017 type-post format-standard has-post-thumbnail  listing-item-2 listing-item listing-mg-item listing-mg-3-item main-term-4 bsw-250\">\n\t<div class=\"item-content\">\n\t\t<a  title=\"SAR le Prince Moulay Rachid inaugure la 18\u1d49 \u00e9dition du SIAM \u00e0 Mekn\u00e8s\u202f\" data-src=\"https:\/\/asdaamaghribia.ma\/fr\/wp-content\/uploads\/2026\/04\/\u0645\u0639\u0631\u0636-\u0627\u0644\u0641\u0644\u0627\u062d\u0629-750x430.jpg\" data-bs-srcset=\"{&quot;baseurl&quot;:&quot;https:\\\/\\\/asdaamaghribia.ma\\\/fr\\\/wp-content\\\/uploads\\\/2026\\\/04\\\/&quot;,&quot;sizes&quot;:{&quot;210&quot;:&quot;\\u0645\\u0639\\u0631\\u0636-\\u0627\\u0644\\u0641\\u0644\\u0627\\u062d\\u0629-210x136.jpg&quot;,&quot;279&quot;:&quot;\\u0645\\u0639\\u0631\\u0636-\\u0627\\u0644\\u0641\\u0644\\u0627\\u062d\\u0629-279x220.jpg&quot;,&quot;357&quot;:&quot;\\u0645\\u0639\\u0631\\u0636-\\u0627\\u0644\\u0641\\u0644\\u0627\\u062d\\u0629-357x210.jpg&quot;,&quot;750&quot;:&quot;\\u0645\\u0639\\u0631\\u0636-\\u0627\\u0644\\u0641\\u0644\\u0627\\u062d\\u0629-750x430.jpg&quot;,&quot;956&quot;:&quot;\\u0645\\u0639\\u0631\\u0636-\\u0627\\u0644\\u0641\\u0644\\u0627\\u062d\\u0629.jpg&quot;}}\"\t\t\t\tclass=\"img-cont\" href=\"https:\/\/asdaamaghribia.ma\/fr\/economie\/12017\/\"><\/a>\n\t\t\t\t<div class=\"content-container\">\n\t\t\t<div class=\"term-badges floated\"><span class=\"term-badge term-4\"><a href=\"https:\/\/asdaamaghribia.ma\/fr\/category\/economie\/\">Economie<\/a><\/span><\/div><h2 class=\"title\">\t\t\t<a href=\"https:\/\/asdaamaghribia.ma\/fr\/economie\/12017\/\" class=\"post-title post-url\">\n\t\t\t\tSAR le Prince Moulay Rachid inaugure la 18\u1d49 \u00e9dition du SIAM&hellip;\t\t\t<\/a>\n\t\t\t<\/h2>\t\t<div class=\"post-meta\">\n\n\t\t\t\t\t\t\t<a href=\"https:\/\/asdaamaghribia.ma\/fr\/author\/admin\/\"\n\t\t\t\t   title=\"Parcourir les articles Auteur\"\n\t\t\t\t   class=\"post-author-a\">\n\t\t\t\t\t<i class=\"post-author author\">\n\t\t\t\t\t\tadmin\t\t\t\t\t<\/i>\n\t\t\t\t<\/a>\n\t\t\t\t\t\t\t<span class=\"time\"><time class=\"post-published updated\"\n\t\t\t\t                         datetime=\"2026-04-24T18:03:14+00:00\">Avr 24, 2026<\/time><\/span>\n\t\t\t\t<a href=\"https:\/\/asdaamaghribia.ma\/fr\/economie\/12017\/#disqus_thread\" title=\"Laisser un commentaire sur: &quot;SAR le Prince Moulay Rachid inaugure la 18\u1d49 \u00e9dition du SIAM \u00e0 Mekn\u00e8s\u202f&quot;\" class=\"comments\"><i class=\"fa fa-comments-o\"><\/i> <\/a>\t\t<\/div>\n\t\t\t\t<\/div>\n\t<\/div>\n\t<\/article >\n\t<article class=\"post-12014 type-post format-standard has-post-thumbnail  listing-item-3 listing-item listing-mg-item listing-mg-3-item main-term-17 bsw-250\">\n\t<div class=\"item-content\">\n\t\t<a  title=\"La Tour Mohammed VI : \u00c9clat d\u2019ing\u00e9nierie et vision royale\u202f\" data-src=\"https:\/\/asdaamaghribia.ma\/fr\/wp-content\/uploads\/2026\/04\/images-1.jpeg\" data-bs-srcset=\"{&quot;baseurl&quot;:&quot;https:\\\/\\\/asdaamaghribia.ma\\\/fr\\\/wp-content\\\/uploads\\\/2026\\\/04\\\/&quot;,&quot;sizes&quot;:{&quot;194&quot;:&quot;images-1.jpeg&quot;}}\"\t\t\t\tclass=\"img-cont\" href=\"https:\/\/asdaamaghribia.ma\/fr\/a-vos-marques\/12014\/\"><\/a>\n\t\t\t\t<div class=\"content-container\">\n\t\t\t<div class=\"term-badges floated\"><span class=\"term-badge term-17\"><a href=\"https:\/\/asdaamaghribia.ma\/fr\/category\/24-24\/\">24\/24<\/a><\/span><\/div><h2 class=\"title\">\t\t\t<a href=\"https:\/\/asdaamaghribia.ma\/fr\/a-vos-marques\/12014\/\" class=\"post-title post-url\">\n\t\t\t\tLa Tour Mohammed VI : \u00c9clat d\u2019ing\u00e9nierie et vision royale\u202f\t\t\t<\/a>\n\t\t\t<\/h2>\t\t<div class=\"post-meta\">\n\n\t\t\t\t\t\t\t<a href=\"https:\/\/asdaamaghribia.ma\/fr\/author\/admin\/\"\n\t\t\t\t   title=\"Parcourir les articles Auteur\"\n\t\t\t\t   class=\"post-author-a\">\n\t\t\t\t\t<i class=\"post-author author\">\n\t\t\t\t\t\tadmin\t\t\t\t\t<\/i>\n\t\t\t\t<\/a>\n\t\t\t\t\t\t\t<span class=\"time\"><time class=\"post-published updated\"\n\t\t\t\t                         datetime=\"2026-04-24T17:57:52+00:00\">Avr 24, 2026<\/time><\/span>\n\t\t\t\t<a href=\"https:\/\/asdaamaghribia.ma\/fr\/a-vos-marques\/12014\/#disqus_thread\" title=\"Laisser un commentaire sur: &quot;La Tour Mohammed VI : \u00c9clat d\u2019ing\u00e9nierie et vision royale\u202f&quot;\" class=\"comments\"><i class=\"fa fa-comments-o\"><\/i> <\/a>\t\t<\/div>\n\t\t\t\t<\/div>\n\t<\/div>\n\t<\/article >\n\t<\/div>\n\n\t<\/div><div class=\"bs-slider-controls main-term-none\"><div class=\"bs-control-nav  bs-control-nav-style-1\"><\/div><\/div><\/div><\/div>[\/vc_column][\/vc_row][vc_row][vc_column]<div class=\"tgrc tgrc-clearfix  tgrc-align-center tgrc-column-1 tgrc-float-center\"><div id=\"tgrc-11519-439462474\" class=\"tgrc-container tgrc-type-image \" itemscope=\"\" itemtype=\"https:\/\/schema.org\/WPAdBlock\" data-adid=\"11519\" data-type=\"image\"><a itemprop=\"url\" class=\"tgrc-link\" href=\"https:\/\/www.facebook.com\/share\/1BtXhou4sv\/\" target=\"_blank\" ><img decoding=\"async\" class=\"tgrc-image\" src=\"http:\/\/asdaamaghribia.ma\/fr\/wp-content\/uploads\/2026\/01\/ban6.jpg\" alt=\"Above Femme\" \/><\/a><\/div><\/div>[\/vc_column][\/vc_row]<\/p>\n","protected":false},"excerpt":{"rendered":"<p>Some people recalled the optimism about race relations when the monument was unveiled, but now, they said, the country seems stuck in a dark period of racial tensions and open hostility toward new immigrants.<\/p>\n","protected":false},"author":1,"featured_media":0,"parent":0,"menu_order":0,"comment_status":"closed","ping_status":"closed","template":"","meta":{"footnotes":""},"class_list":["post-4541","page","type-page","status-publish","hentry"],"_links":{"self":[{"href":"https:\/\/asdaamaghribia.ma\/fr\/wp-json\/wp\/v2\/pages\/4541","targetHints":{"allow":["GET"]}}],"collection":[{"href":"https:\/\/asdaamaghribia.ma\/fr\/wp-json\/wp\/v2\/pages"}],"about":[{"href":"https:\/\/asdaamaghribia.ma\/fr\/wp-json\/wp\/v2\/types\/page"}],"author":[{"embeddable":true,"href":"https:\/\/asdaamaghribia.ma\/fr\/wp-json\/wp\/v2\/users\/1"}],"replies":[{"embeddable":true,"href":"https:\/\/asdaamaghribia.ma\/fr\/wp-json\/wp\/v2\/comments?post=4541"}],"version-history":[{"count":46,"href":"https:\/\/asdaamaghribia.ma\/fr\/wp-json\/wp\/v2\/pages\/4541\/revisions"}],"predecessor-version":[{"id":11721,"href":"https:\/\/asdaamaghribia.ma\/fr\/wp-json\/wp\/v2\/pages\/4541\/revisions\/11721"}],"wp:attachment":[{"href":"https:\/\/asdaamaghribia.ma\/fr\/wp-json\/wp\/v2\/media?parent=4541"}],"curies":[{"name":"wp","href":"https:\/\/api.w.org\/{rel}","templated":true}]}}